{"id":282788,"date":"2022-10-28T16:54:11","date_gmt":"2022-10-28T15:54:11","guid":{"rendered":"https:\/\/www.procarton.com\/?page_id=282788"},"modified":"2025-04-24T12:56:59","modified_gmt":"2025-04-24T11:56:59","slug":"4evergreen","status":"publish","type":"page","link":"https:\/\/www.procarton.com\/it\/activities\/4evergreen\/","title":{"rendered":"4evergreen"},"content":{"rendered":"<div class=\"av-animated-generic top-to-bottom flex_column av_two_third  flex_column_div av-zero-column-padding avia-link-column av-column-link first  avia-builder-el-0  el_before_av_one_third  avia-builder-el-first\" style='border-radius:0px; ' data-link-column-url=\"https:\/\/4evergreenforum.eu\/\"  data-link-column-target=\"_blank\" ><a class=\"av-screen-reader-only\" href=\"https:\/\/4evergreenforum.eu\/\" target=\"_blank\" rel=\"noopener\">Segui un collegamento aggiunto manuale<\/a><\/p>\n<section class=\"av_textblock_section\"  itemscope=\"itemscope\" itemtype=\"https:\/\/schema.org\/CreativeWork\" >\n<div class='avia_textblock'   itemprop=\"text\" >\n<h4><strong>Come alleanza intersettoriale, 4evergreen favorisce le sinergie tra le aziende che promuovono gli imballaggi in fibra a basse emissioni di carbonio e circolari.  Riunendo l'intera catena del valore, 4evergreen consente la cooperazione con una visione globale del ciclo di vita degli imballaggi in fibra.<\/strong><\/h4>\n<\/div>\n<\/section>\n<div  style='height:50px' class='hr hr-invisible   avia-builder-el-2  el_after_av_textblock  el_before_av_textblock'><span class='hr-inner' ><span class='hr-inner-style'><\/span><\/span><\/div>\n<section class=\"av_textblock_section\"  itemscope=\"itemscope\" itemtype=\"https:\/\/schema.org\/CreativeWork\" >\n<div class='avia_textblock'   itemprop=\"text\" >\n<p>L'obiettivo dell'alleanza \u00e8 quello di portare il tasso di riciclo complessivo degli imballaggi in fibra a 90% entro il 2030. Per raggiungere questo obiettivo, 4evergreen ha identificato quattro obiettivi intermedi da raggiungere entro il 2025:<\/p>\n<ul>\n<li>L'industria riconosce il protocollo di valutazione della riciclabilit\u00e0 di 4evergreen e le sue linee guida sulla circolarit\u00e0 del design per gli imballaggi a base di fibre.<\/li>\n<li>Sono disponibili flussi di raccolta differenziata per tutti i tipi di imballaggi a base di fibre, compresi quelli utilizzati per il consumo domestico, fuori casa e on-the-go.<\/li>\n<li>Tutta la carta da riciclare (PfR) viene selezionata in base alle diverse categorie di carta e cartone specificate nella norma EN643.<\/li>\n<li>Tutti gli imballaggi a base di fibre raccolti, in particolare quelli provenienti dal consumo domestico, extradomestico e on-the-go, vengono riciclati.<\/li>\n<\/ul>\n<p>4evergreen \u00e8 guidata dalle intuizioni e dalle iniziative dei suoi <u><a href=\"https:\/\/4evergreenforum.eu\/members_categories\/member-list\/\">membri<\/a><\/u> attraverso quattro workstream tecnici (WS) che si concentrano su diversi aspetti dell'imballaggio in fibra, oltre a un workstream informativo e a un gruppo direttivo.<br \/>\n<strong><br \/>\nUlteriori informazioni sono disponibili sul sito\u00a0<\/strong><u><a href=\"https:\/\/4evergreenforum.eu\/\"><strong>Sito web 4evergreen<\/strong><\/a><\/u><strong><u>.<\/u><\/strong><\/p>\n<\/div>\n<\/section>\n<div  style='height:50px' class='hr hr-invisible   avia-builder-el-4  el_after_av_textblock  el_before_av_textblock'><span class='hr-inner' ><span class='hr-inner-style'><\/span><\/span><\/div>\n<section class=\"av_textblock_section\"  itemscope=\"itemscope\" itemtype=\"https:\/\/schema.org\/CreativeWork\" >\n<div class='avia_textblock'   itemprop=\"text\" >\n<h3><a href=\"https:\/\/4evergreenforum.eu\/members_categories\/member-list\/\" target=\"_blank\" rel=\"noopener\"><strong>4evergreen Elenco dei membri<\/strong><\/a><\/h3>\n<\/div>\n<\/section>\n<\/div>\n<div class=\"av-animated-generic top-to-bottom flex_column av_one_third  flex_column_div av-zero-column-padding   avia-builder-el-6  el_after_av_two_third  el_before_av_section  avia-builder-el-last\" style='border-radius:0px; '>\n<section class=\"av_textblock_section\"  itemscope=\"itemscope\" itemtype=\"https:\/\/schema.org\/CreativeWork\" >\n<div class='avia_textblock'   itemprop=\"text\" >\n<p style=\"text-align: center;\"><strong>Cliccare sull'immagine sottostante per accedere alla pagina 4evergreen (solo per i membri).<\/strong><\/p>\n<\/div>\n<\/section>\n<div  class='avia-image-container  av-styling-no-styling    avia-builder-el-8  el_after_av_textblock  avia-builder-el-last  avia-align-left'  itemprop=\"image\" itemscope=\"itemscope\" itemtype=\"https:\/\/schema.org\/ImageObject\"  >\n<div class='avia-image-container-inner'>\n<div class='avia-image-overlay-wrap'><a href=\"https:\/\/www.procarton.com\/members\/marketing-communications\/\" class='avia_image' target=\"_blank\" rel=\"noopener noreferrer\"><img decoding=\"async\" class='wp-image-265562 avia-img-lazy-loading-not-265562 avia_image' src=\"https:\/\/www.procarton.com\/wp-content\/uploads\/2021\/10\/Heidelberg-4evergreen-1.jpg\" alt='' title='Heidelberg-4evergreen-1'  itemprop=\"thumbnailUrl\"  \/><\/a><\/div>\n<\/div>\n<\/div>\n<\/div>\n<\/div>\n<\/div>\n<\/div>\n<p><!-- close content main div --><\/div>\n<\/div>\n<div id='av_section_1'  class='avia-section main_color avia-section-default avia-no-border-styling  avia-bg-style-scroll  avia-builder-el-9  el_after_av_one_third  el_before_av_hr   container_wrap fullsize' style=' '  >\n<div class='container' >\n<div class='template-page content  av-content-full alpha units'>\n<div class='post-entry post-entry-type-page post-entry-282788'>\n<div class='entry-content-wrapper clearfix'>\n<div  style='padding-bottom:10px; ' class='av-special-heading av-special-heading-h3    avia-builder-el-10  el_before_av_hr  avia-builder-el-first'>\n<h3 class='av-special-heading-tag'  itemprop=\"headline\"  >Pubblicazioni:<\/h3>\n<div class='special-heading-border'>\n<div class='special-heading-inner-border' ><\/div>\n<\/div>\n<\/div>\n<div  style='height:50px' class='hr hr-invisible   avia-builder-el-11  el_after_av_heading  el_before_av_hr'><span class='hr-inner' ><span class='hr-inner-style'><\/span><\/span><\/div>\n<div   class='hr hr-default   avia-builder-el-12  el_after_av_hr  el_before_av_one_half'><span class='hr-inner' ><span class='hr-inner-style'><\/span><\/span><\/div>\n<div class=\"av-animated-generic top-to-bottom flex_column av_one_half  flex_column_div av-zero-column-padding first  avia-builder-el-13  el_after_av_hr  el_before_av_one_half\" style='border-radius:0px; '>\n<section class=\"av_textblock_section\"  itemscope=\"itemscope\" itemtype=\"https:\/\/schema.org\/CreativeWork\" >\n<div class='avia_textblock'   itemprop=\"text\" >\n<h3>Protocollo di valutazione della riciclabilit\u00e0<\/h3>\n<h4><\/h4>\n<\/div>\n<\/section>\n<div  class='avia-image-container  av-styling-    avia-builder-el-15  el_after_av_textblock  el_before_av_textblock  avia-align-center'  itemprop=\"image\" itemscope=\"itemscope\" itemtype=\"https:\/\/schema.org\/ImageObject\"  >\n<div class='avia-image-container-inner'>\n<div class='avia-image-overlay-wrap'><img decoding=\"async\" width=\"216\" height=\"300\" class='wp-image-301809 avia-img-lazy-loading-not-301809 avia_image' src=\"https:\/\/www.procarton.com\/wp-content\/uploads\/2025\/04\/Screenshot-2025-01-27-162539-216x300.jpg\" alt='' title='Screenshot-2025-01-27-162539'  itemprop=\"thumbnailUrl\" srcset=\"https:\/\/www.procarton.com\/wp-content\/uploads\/2025\/04\/Screenshot-2025-01-27-162539-216x300.jpg 216w, https:\/\/www.procarton.com\/wp-content\/uploads\/2025\/04\/Screenshot-2025-01-27-162539-9x12.jpg 9w, https:\/\/www.procarton.com\/wp-content\/uploads\/2025\/04\/Screenshot-2025-01-27-162539-507x705.jpg 507w, https:\/\/www.procarton.com\/wp-content\/uploads\/2025\/04\/Screenshot-2025-01-27-162539.jpg 570w\" sizes=\"(max-width: 216px) 100vw, 216px\" \/><\/div>\n<\/div>\n<\/div>\n<section class=\"av_textblock_section\"  itemscope=\"itemscope\" itemtype=\"https:\/\/schema.org\/CreativeWork\" >\n<div class='avia_textblock'   itemprop=\"text\" >\n<p>Il Protocollo di valutazione della riciclabilit\u00e0 \u00e8 uno strumento armonizzato per valutare l'efficienza con cui i materiali di imballaggio a base di fibre possono essere riciclati in materie prime utilizzabili, tenendo conto delle diverse tecnologie di riciclaggio in uso nell'UE. L'obiettivo \u00e8 quello di essere accettato e utilizzato dalla catena del valore degli imballaggi a base di fibre come il\u00a0<strong>strumento di valutazione della riciclabilit\u00e0 in Europa<\/strong>.<\/p>\n<\/div>\n<\/section>\n<div  class='avia-button-wrap avia-button-center  avia-builder-el-17  el_after_av_textblock  avia-builder-el-last' ><a href='https:\/\/4evergreenforum.eu\/about\/industry-tools-and-guidelines\/' class='avia-button  avia-color-theme-color   avia-icon_select-no avia-size-small avia-position-center' target=\"_blank\" rel=\"noopener noreferrer\"><span class='avia_iconbox_title' >Vista sul sito<\/span><\/a><\/div>\n<\/div>\n<div class=\"av-animated-generic top-to-bottom flex_column av_one_half  flex_column_div av-zero-column-padding   avia-builder-el-18  el_after_av_one_half  el_before_av_hr\" style='border-radius:0px; '>\n<section class=\"av_textblock_section\"  itemscope=\"itemscope\" itemtype=\"https:\/\/schema.org\/CreativeWork\" >\n<div class='avia_textblock'   itemprop=\"text\" >\n<h3>Riciclabilit\u00e0: Verso il 2030 e oltre<\/h3>\n<h4><\/h4>\n<\/div>\n<\/section>\n<div  class='avia-image-container  av-styling-    avia-builder-el-20  el_after_av_textblock  el_before_av_textblock  avia-align-center'  itemprop=\"image\" itemscope=\"itemscope\" itemtype=\"https:\/\/schema.org\/ImageObject\"  >\n<div class='avia-image-container-inner'>\n<div class='avia-image-overlay-wrap'><img decoding=\"async\" width=\"300\" height=\"224\" class='wp-image-284239 avia-img-lazy-loading-not-284239 avia_image' src=\"https:\/\/www.procarton.com\/wp-content\/uploads\/2022\/11\/4evergreen-recyclability-infographic-300x224.png\" alt='' title='Infografica sulla riciclabilit\u00e0 4evergreen'  itemprop=\"thumbnailUrl\" srcset=\"https:\/\/www.procarton.com\/wp-content\/uploads\/2022\/11\/4evergreen-recyclability-infographic-300x224.png 300w, https:\/\/www.procarton.com\/wp-content\/uploads\/2022\/11\/4evergreen-recyclability-infographic-768x574.png 768w, https:\/\/www.procarton.com\/wp-content\/uploads\/2022\/11\/4evergreen-recyclability-infographic-16x12.png 16w, https:\/\/www.procarton.com\/wp-content\/uploads\/2022\/11\/4evergreen-recyclability-infographic-705x527.png 705w, https:\/\/www.procarton.com\/wp-content\/uploads\/2022\/11\/4evergreen-recyclability-infographic.png 921w\" sizes=\"(max-width: 300px) 100vw, 300px\" \/><\/div>\n<\/div>\n<\/div>\n<section class=\"av_textblock_section\"  itemscope=\"itemscope\" itemtype=\"https:\/\/schema.org\/CreativeWork\" >\n<div class='avia_textblock'   itemprop=\"text\" >\n<p>Il materiale in fibra ha uno dei pi\u00f9 alti tassi di riciclaggio in Europa. In effetti, in tutto il continente esiste un'intera rete di stabilimenti attrezzati per riciclare gli imballaggi in fibra!<\/p>\n<p>Noi di 4evergreen siamo determinati a perfezionare la riciclabilit\u00e0 delle soluzioni di imballaggio a base di fibre entro il 2030. Per raggiungere questo obiettivo, la nostra alleanza sta creando una serie di strumenti, tra cui la versione beta del Protocollo di valutazione della riciclabilit\u00e0, recentemente rilasciata.<\/p>\n<p>Gli imballaggi a base di fibre composite vengono gi\u00e0 riciclati con successo in tutta l'UE. Tuttavia, il protocollo 4evergreen aiuter\u00e0 in modo decisivo l'industria a valutare se uno specifico tipo di imballaggio a base di fibre \u00e8 compatibile con i mulini standard o necessita di un processo migliorato.  Scopri <a href=\"https:\/\/4evergreenforum.eu\/wp-content\/uploads\/WS1-Mills-network-in-Europe.pdf\" target=\"_blank\" rel=\"noopener\">l'infografica<\/a> per saperne di pi\u00f9<\/p>\n<\/div>\n<\/section>\n<div  class='avia-button-wrap avia-button-center  avia-builder-el-22  el_after_av_textblock  avia-builder-el-last' ><a href='https:\/\/4evergreenforum.eu\/wp-content\/uploads\/WS1-Mills-network-in-Europe.pdf' class='avia-button  avia-color-theme-color   avia-icon_select-no avia-size-small avia-position-center' target=\"_blank\" rel=\"noopener noreferrer\"><span class='avia_iconbox_title' >Scaricare<\/span><\/a><\/div>\n<\/div>\n<div   class='hr hr-default   avia-builder-el-23  el_after_av_one_half  el_before_av_one_half'><span class='hr-inner' ><span class='hr-inner-style'><\/span><\/span><\/div>\n<div class=\"av-animated-generic top-to-bottom flex_column av_one_half  flex_column_div av-zero-column-padding first  avia-builder-el-24  el_after_av_hr  el_before_av_one_half\" style='border-radius:0px; '>\n<section class=\"av_textblock_section\"  itemscope=\"itemscope\" itemtype=\"https:\/\/schema.org\/CreativeWork\" >\n<div class='avia_textblock'   itemprop=\"text\" >\n<h3>Guida al miglioramento della raccolta e della cernita degli imballaggi in fibra da riciclare (2024)<\/h3>\n<h4><\/h4>\n<\/div>\n<\/section>\n<div  class='avia-image-container  av-styling-    avia-builder-el-26  el_after_av_textblock  el_before_av_textblock  avia-align-center'  itemprop=\"image\" itemscope=\"itemscope\" itemtype=\"https:\/\/schema.org\/ImageObject\"  >\n<div class='avia-image-container-inner'>\n<div class='avia-image-overlay-wrap'><img decoding=\"async\" width=\"211\" height=\"300\" class='wp-image-301808 avia-img-lazy-loading-not-301808 avia_image' src=\"https:\/\/www.procarton.com\/wp-content\/uploads\/2025\/04\/Screenshot-2024-11-14-094440-211x300.jpg\" alt='' title='Screenshot-2024-11-14-094440'  itemprop=\"thumbnailUrl\" srcset=\"https:\/\/www.procarton.com\/wp-content\/uploads\/2025\/04\/Screenshot-2024-11-14-094440-211x300.jpg 211w, https:\/\/www.procarton.com\/wp-content\/uploads\/2025\/04\/Screenshot-2024-11-14-094440-8x12.jpg 8w, https:\/\/www.procarton.com\/wp-content\/uploads\/2025\/04\/Screenshot-2024-11-14-094440-495x705.jpg 495w, https:\/\/www.procarton.com\/wp-content\/uploads\/2025\/04\/Screenshot-2024-11-14-094440.jpg 577w\" sizes=\"(max-width: 211px) 100vw, 211px\" \/><\/div>\n<\/div>\n<\/div>\n<section class=\"av_textblock_section\"  itemscope=\"itemscope\" itemtype=\"https:\/\/schema.org\/CreativeWork\" >\n<div class='avia_textblock'   itemprop=\"text\" >\n<p>Rilasciato per la prima volta nel 2022, il\u00a0<a href=\"https:\/\/4evergreenforum.eu\/wp-content\/uploads\/4evergreen-WS-3-2024.pdf\">guida attuale (ottobre 2024)<\/a>\u00a0\u00e8 stato sottoposto a una consultazione esterna per incorporare le ultime scoperte del settore e rafforzare le raccomandazioni per pratiche efficaci di raccolta e smistamento in tutta Europa.<\/p>\n<p>La Guida si concentra sulla raccolta domestica e raccomanda la raccolta e la selezione in due flussi coesistenti per carta e cartone (PB) e imballaggi leggeri (LWP).<\/p>\n<p>Pertanto, consente ai consumatori di riciclare in modo efficace utilizzando due flussi separati:<\/p>\n<p>-Il \"bidone blu\" per la carta, il cartone e gli imballaggi a base di fibre per le cartiere standard e di deinchiostrazione.<\/p>\n<p>-Il \"bidone giallo\" per tipi di imballaggi specifici, come i cartoni per bevande usati e gli imballaggi compositi a base di fibre, che richiedono cartiere specializzate.<\/p>\n<\/div>\n<\/section>\n<div  class='avia-button-wrap avia-button-center  avia-builder-el-28  el_after_av_textblock  avia-builder-el-last' ><a href='https:\/\/4evergreenforum.eu\/wp-content\/uploads\/4evergreen-WS-3-2024.pdf' class='avia-button  avia-color-theme-color   avia-icon_select-no avia-size-small avia-position-center' target=\"_blank\" rel=\"noopener noreferrer\"><span class='avia_iconbox_title' >Scaricare<\/span><\/a><\/div>\n<\/div>\n<div class=\"av-animated-generic top-to-bottom flex_column av_one_half  flex_column_div av-zero-column-padding   avia-builder-el-29  el_after_av_one_half  avia-builder-el-last\" style='border-radius:0px; '>\n<section class=\"av_textblock_section\"  itemscope=\"itemscope\" itemtype=\"https:\/\/schema.org\/CreativeWork\" >\n<div class='avia_textblock'   itemprop=\"text\" >\n<h3>Linea guida sulla circolarit\u00e0 della progettazione (2024)<\/h3>\n<h4><\/h4>\n<\/div>\n<\/section>\n<div  class='avia-image-container  av-styling-    avia-builder-el-31  el_after_av_textblock  el_before_av_textblock  avia-align-center'  itemprop=\"image\" itemscope=\"itemscope\" itemtype=\"https:\/\/schema.org\/ImageObject\"  >\n<div class='avia-image-container-inner'>\n<div class='avia-image-overlay-wrap'><img decoding=\"async\" width=\"212\" height=\"300\" class='wp-image-301807 avia-img-lazy-loading-not-301807 avia_image' src=\"https:\/\/www.procarton.com\/wp-content\/uploads\/2025\/04\/Screenshot-2024-10-21-095304-212x300.jpg\" alt='' title='Screenshot-2024-10-21-095304'  itemprop=\"thumbnailUrl\" srcset=\"https:\/\/www.procarton.com\/wp-content\/uploads\/2025\/04\/Screenshot-2024-10-21-095304-212x300.jpg 212w, https:\/\/www.procarton.com\/wp-content\/uploads\/2025\/04\/Screenshot-2024-10-21-095304-8x12.jpg 8w, https:\/\/www.procarton.com\/wp-content\/uploads\/2025\/04\/Screenshot-2024-10-21-095304-497x705.jpg 497w, https:\/\/www.procarton.com\/wp-content\/uploads\/2025\/04\/Screenshot-2024-10-21-095304.jpg 616w\" sizes=\"(max-width: 212px) 100vw, 212px\" \/><\/div>\n<\/div>\n<\/div>\n<section class=\"av_textblock_section\"  itemscope=\"itemscope\" itemtype=\"https:\/\/schema.org\/CreativeWork\" >\n<div class='avia_textblock'   itemprop=\"text\" >\n<p>La linea guida Circularity by Design fornisce raccomandazioni per la progettazione di imballaggi a base di fibre ed \u00e8 consigliata a tutti i progettisti di imballaggi lungo l'intera catena del valore, dai produttori ai rivenditori. Si rivolge a tutti i tipi di imballaggi a base di fibre, ma pone particolare enfasi sugli imballaggi per uso domestico e per i consumatori on-the-go.<\/p>\n<p>Il documento include anche un albero decisionale per aiutare i progettisti a determinare il processo di riciclaggio pi\u00f9 adatto per i loro imballaggi. Inoltre, sottolinea l'importanza dei diversi processi di riciclaggio per le varie soluzioni di imballaggio a base di fibre per garantire un recupero ottimale dei materiali.<\/p>\n<p>Il\u00a0<a href=\"https:\/\/4evergreenforum.eu\/wp-content\/uploads\/4evergreen-Circularity-by-Design3.pdf\">attuale linea guida Circularity by Design (ottobre 2024)<\/a>\u00a0fornisce raccomandazioni per la progettazione di prodotti di imballaggio a base di fibre suscettibili di essere riciclati in\u00a0<strong>mulini standard<\/strong>\u00a0(Parte I), e per i cartoni per bevande usati (UBC) e altri imballaggi complessi di composizione simile che richiedono il riciclo in\u00a0<strong>mulini specializzati<\/strong>\u00a0(Parte III). L'ultimo aggiornamento include raccomandazioni sull'idoneit\u00e0 dei materiali di imballaggio nel flotation-deinking e su ulteriori processi di riciclaggio specializzati.<\/p>\n<p>La linea guida comprende un albero decisionale che indica agli utenti il tipo di impianto di riciclaggio in cui l'imballaggio valutato dovrebbe essere riciclato.<\/p>\n<\/div>\n<\/section>\n<div  class='avia-button-wrap avia-button-center  avia-builder-el-33  el_after_av_textblock  avia-builder-el-last' ><a href='https:\/\/4evergreenforum.eu\/wp-content\/uploads\/4evergreen-Circularity-by-Design3.pdf' class='avia-button  avia-color-theme-color   avia-icon_select-no avia-size-small avia-position-center' target=\"_blank\" rel=\"noopener noreferrer\"><span class='avia_iconbox_title' >Scaricare<\/span><\/a><\/div>\n<\/div>\n<\/div>\n<\/div>\n<\/div>\n<p><!-- close content main div --><\/div>\n<\/div>\n<div id='after_section_1'  class='main_color av_default_container_wrap container_wrap fullsize' style=' '  >\n<div class='container' >\n<div class='template-page content  av-content-full alpha units'>\n<div class='post-entry post-entry-type-page post-entry-282788'>\n<div class='entry-content-wrapper clearfix'>\n<div   class='hr hr-default   avia-builder-el-34  el_after_av_section  avia-builder-el-no-sibling'><span class='hr-inner' ><span class='hr-inner-style'><\/span><\/span><\/div>","protected":false},"excerpt":{"rendered":"","protected":false},"author":1286,"featured_media":282977,"parent":155,"menu_order":4,"comment_status":"closed","ping_status":"closed","template":"","meta":{"inline_featured_image":false,"footnotes":""},"class_list":["post-282788","page","type-page","status-publish","has-post-thumbnail","hentry"],"yoast_head":"<!-- This site is optimized with the Yoast SEO plugin v27.5 - https:\/\/yoast.com\/product\/yoast-seo-wordpress\/ -->\n<title>4evergreen - Pro Carton<\/title>\n<meta name=\"robots\" content=\"index, follow, max-snippet:-1, max-image-preview:large, max-video-preview:-1\" \/>\n<link rel=\"canonical\" href=\"https:\/\/www.procarton.com\/it\/activities\/4evergreen\/\" \/>\n<meta property=\"og:locale\" content=\"it_IT\" \/>\n<meta property=\"og:type\" content=\"article\" \/>\n<meta property=\"og:title\" content=\"4evergreen - Pro Carton\" \/>\n<meta property=\"og:url\" content=\"https:\/\/www.procarton.com\/it\/activities\/4evergreen\/\" \/>\n<meta property=\"og:site_name\" content=\"Pro Carton\" \/>\n<meta property=\"article:publisher\" content=\"https:\/\/www.facebook.com\/procartondesignaward\/\" \/>\n<meta property=\"article:modified_time\" content=\"2025-04-24T11:56:59+00:00\" \/>\n<meta property=\"og:image\" content=\"https:\/\/www.procarton.com\/wp-content\/uploads\/2022\/11\/4evergreen-header.png\" \/>\n\t<meta property=\"og:image:width\" content=\"1284\" \/>\n\t<meta property=\"og:image:height\" content=\"588\" \/>\n\t<meta property=\"og:image:type\" content=\"image\/png\" \/>\n<meta name=\"twitter:card\" content=\"summary_large_image\" \/>\n<meta name=\"twitter:site\" content=\"@pro_carton\" \/>\n<meta name=\"twitter:label1\" content=\"Tempo di lettura stimato\" \/>\n\t<meta name=\"twitter:data1\" content=\"7 minuti\" \/>\n<script type=\"application\/ld+json\" class=\"yoast-schema-graph\">{\"@context\":\"https:\\\/\\\/schema.org\",\"@graph\":[{\"@type\":\"WebPage\",\"@id\":\"https:\\\/\\\/www.procarton.com\\\/activities\\\/4evergreen\\\/\",\"url\":\"https:\\\/\\\/www.procarton.com\\\/activities\\\/4evergreen\\\/\",\"name\":\"4evergreen - Pro Carton\",\"isPartOf\":{\"@id\":\"https:\\\/\\\/www.procarton.com\\\/es\\\/#website\"},\"primaryImageOfPage\":{\"@id\":\"https:\\\/\\\/www.procarton.com\\\/activities\\\/4evergreen\\\/#primaryimage\"},\"image\":{\"@id\":\"https:\\\/\\\/www.procarton.com\\\/activities\\\/4evergreen\\\/#primaryimage\"},\"thumbnailUrl\":\"https:\\\/\\\/www.procarton.com\\\/wp-content\\\/uploads\\\/2022\\\/11\\\/4evergreen-header.png\",\"datePublished\":\"2022-10-28T15:54:11+00:00\",\"dateModified\":\"2025-04-24T11:56:59+00:00\",\"breadcrumb\":{\"@id\":\"https:\\\/\\\/www.procarton.com\\\/activities\\\/4evergreen\\\/#breadcrumb\"},\"inLanguage\":\"it-IT\",\"potentialAction\":[{\"@type\":\"ReadAction\",\"target\":[\"https:\\\/\\\/www.procarton.com\\\/activities\\\/4evergreen\\\/\"]}]},{\"@type\":\"ImageObject\",\"inLanguage\":\"it-IT\",\"@id\":\"https:\\\/\\\/www.procarton.com\\\/activities\\\/4evergreen\\\/#primaryimage\",\"url\":\"https:\\\/\\\/www.procarton.com\\\/wp-content\\\/uploads\\\/2022\\\/11\\\/4evergreen-header.png\",\"contentUrl\":\"https:\\\/\\\/www.procarton.com\\\/wp-content\\\/uploads\\\/2022\\\/11\\\/4evergreen-header.png\",\"width\":1284,\"height\":588},{\"@type\":\"BreadcrumbList\",\"@id\":\"https:\\\/\\\/www.procarton.com\\\/activities\\\/4evergreen\\\/#breadcrumb\",\"itemListElement\":[{\"@type\":\"ListItem\",\"position\":1,\"name\":\"Home\",\"item\":\"https:\\\/\\\/www.procarton.com\\\/\"},{\"@type\":\"ListItem\",\"position\":2,\"name\":\"Activities\",\"item\":\"https:\\\/\\\/www.procarton.com\\\/activities\\\/\"},{\"@type\":\"ListItem\",\"position\":3,\"name\":\"4evergreen\"}]},{\"@type\":\"WebSite\",\"@id\":\"https:\\\/\\\/www.procarton.com\\\/es\\\/#website\",\"url\":\"https:\\\/\\\/www.procarton.com\\\/es\\\/\",\"name\":\"Pro Carton\",\"description\":\"\",\"publisher\":{\"@id\":\"https:\\\/\\\/www.procarton.com\\\/es\\\/#organization\"},\"potentialAction\":[{\"@type\":\"SearchAction\",\"target\":{\"@type\":\"EntryPoint\",\"urlTemplate\":\"https:\\\/\\\/www.procarton.com\\\/es\\\/?s={search_term_string}\"},\"query-input\":{\"@type\":\"PropertyValueSpecification\",\"valueRequired\":true,\"valueName\":\"search_term_string\"}}],\"inLanguage\":\"it-IT\"},{\"@type\":\"Organization\",\"@id\":\"https:\\\/\\\/www.procarton.com\\\/es\\\/#organization\",\"name\":\"ProCarton\",\"url\":\"https:\\\/\\\/www.procarton.com\\\/es\\\/\",\"logo\":{\"@type\":\"ImageObject\",\"inLanguage\":\"it-IT\",\"@id\":\"https:\\\/\\\/www.procarton.com\\\/es\\\/#\\\/schema\\\/logo\\\/image\\\/\",\"url\":\"https:\\\/\\\/www.procarton.com\\\/wp-content\\\/uploads\\\/2022\\\/06\\\/logo-mit-slogan.jpg\",\"contentUrl\":\"https:\\\/\\\/www.procarton.com\\\/wp-content\\\/uploads\\\/2022\\\/06\\\/logo-mit-slogan.jpg\",\"width\":422,\"height\":519,\"caption\":\"ProCarton\"},\"image\":{\"@id\":\"https:\\\/\\\/www.procarton.com\\\/es\\\/#\\\/schema\\\/logo\\\/image\\\/\"},\"sameAs\":[\"https:\\\/\\\/www.facebook.com\\\/procartondesignaward\\\/\",\"https:\\\/\\\/x.com\\\/pro_carton\"]}]}<\/script>\n<!-- \/ Yoast SEO plugin. -->","yoast_head_json":{"title":"4evergreen - Cartone Pro","robots":{"index":"index","follow":"follow","max-snippet":"max-snippet:-1","max-image-preview":"max-image-preview:large","max-video-preview":"max-video-preview:-1"},"canonical":"https:\/\/www.procarton.com\/it\/activities\/4evergreen\/","og_locale":"it_IT","og_type":"article","og_title":"4evergreen - Pro Carton","og_url":"https:\/\/www.procarton.com\/it\/activities\/4evergreen\/","og_site_name":"Pro Carton","article_publisher":"https:\/\/www.facebook.com\/procartondesignaward\/","article_modified_time":"2025-04-24T11:56:59+00:00","og_image":[{"width":1284,"height":588,"url":"https:\/\/www.procarton.com\/wp-content\/uploads\/2022\/11\/4evergreen-header.png","type":"image\/png"}],"twitter_card":"summary_large_image","twitter_site":"@pro_carton","twitter_misc":{"Tempo di lettura stimato":"7 minuti"},"schema":{"@context":"https:\/\/schema.org","@graph":[{"@type":"WebPage","@id":"https:\/\/www.procarton.com\/activities\/4evergreen\/","url":"https:\/\/www.procarton.com\/activities\/4evergreen\/","name":"4evergreen - Cartone Pro","isPartOf":{"@id":"https:\/\/www.procarton.com\/es\/#website"},"primaryImageOfPage":{"@id":"https:\/\/www.procarton.com\/activities\/4evergreen\/#primaryimage"},"image":{"@id":"https:\/\/www.procarton.com\/activities\/4evergreen\/#primaryimage"},"thumbnailUrl":"https:\/\/www.procarton.com\/wp-content\/uploads\/2022\/11\/4evergreen-header.png","datePublished":"2022-10-28T15:54:11+00:00","dateModified":"2025-04-24T11:56:59+00:00","breadcrumb":{"@id":"https:\/\/www.procarton.com\/activities\/4evergreen\/#breadcrumb"},"inLanguage":"it-IT","potentialAction":[{"@type":"ReadAction","target":["https:\/\/www.procarton.com\/activities\/4evergreen\/"]}]},{"@type":"ImageObject","inLanguage":"it-IT","@id":"https:\/\/www.procarton.com\/activities\/4evergreen\/#primaryimage","url":"https:\/\/www.procarton.com\/wp-content\/uploads\/2022\/11\/4evergreen-header.png","contentUrl":"https:\/\/www.procarton.com\/wp-content\/uploads\/2022\/11\/4evergreen-header.png","width":1284,"height":588},{"@type":"BreadcrumbList","@id":"https:\/\/www.procarton.com\/activities\/4evergreen\/#breadcrumb","itemListElement":[{"@type":"ListItem","position":1,"name":"Home","item":"https:\/\/www.procarton.com\/"},{"@type":"ListItem","position":2,"name":"Activities","item":"https:\/\/www.procarton.com\/activities\/"},{"@type":"ListItem","position":3,"name":"4evergreen"}]},{"@type":"WebSite","@id":"https:\/\/www.procarton.com\/es\/#website","url":"https:\/\/www.procarton.com\/es\/","name":"Pro Carton","description":"","publisher":{"@id":"https:\/\/www.procarton.com\/es\/#organization"},"potentialAction":[{"@type":"SearchAction","target":{"@type":"EntryPoint","urlTemplate":"https:\/\/www.procarton.com\/es\/?s={search_term_string}"},"query-input":{"@type":"PropertyValueSpecification","valueRequired":true,"valueName":"search_term_string"}}],"inLanguage":"it-IT"},{"@type":"Organization","@id":"https:\/\/www.procarton.com\/es\/#organization","name":"ProCarton","url":"https:\/\/www.procarton.com\/es\/","logo":{"@type":"ImageObject","inLanguage":"it-IT","@id":"https:\/\/www.procarton.com\/es\/#\/schema\/logo\/image\/","url":"https:\/\/www.procarton.com\/wp-content\/uploads\/2022\/06\/logo-mit-slogan.jpg","contentUrl":"https:\/\/www.procarton.com\/wp-content\/uploads\/2022\/06\/logo-mit-slogan.jpg","width":422,"height":519,"caption":"ProCarton"},"image":{"@id":"https:\/\/www.procarton.com\/es\/#\/schema\/logo\/image\/"},"sameAs":["https:\/\/www.facebook.com\/procartondesignaward\/","https:\/\/x.com\/pro_carton"]}]}},"_links":{"self":[{"href":"https:\/\/www.procarton.com\/it\/wp-json\/wp\/v2\/pages\/282788","targetHints":{"allow":["GET"]}}],"collection":[{"href":"https:\/\/www.procarton.com\/it\/wp-json\/wp\/v2\/pages"}],"about":[{"href":"https:\/\/www.procarton.com\/it\/wp-json\/wp\/v2\/types\/page"}],"author":[{"embeddable":true,"href":"https:\/\/www.procarton.com\/it\/wp-json\/wp\/v2\/users\/1286"}],"replies":[{"embeddable":true,"href":"https:\/\/www.procarton.com\/it\/wp-json\/wp\/v2\/comments?post=282788"}],"version-history":[{"count":50,"href":"https:\/\/www.procarton.com\/it\/wp-json\/wp\/v2\/pages\/282788\/revisions"}],"predecessor-version":[{"id":301811,"href":"https:\/\/www.procarton.com\/it\/wp-json\/wp\/v2\/pages\/282788\/revisions\/301811"}],"up":[{"embeddable":true,"href":"https:\/\/www.procarton.com\/it\/wp-json\/wp\/v2\/pages\/155"}],"wp:featuredmedia":[{"embeddable":true,"href":"https:\/\/www.procarton.com\/it\/wp-json\/wp\/v2\/media\/282977"}],"wp:attachment":[{"href":"https:\/\/www.procarton.com\/it\/wp-json\/wp\/v2\/media?parent=282788"}],"curies":[{"name":"wp","href":"https:\/\/api.w.org\/{rel}","templated":true}]}}