{"id":315,"date":"2021-08-04T16:08:30","date_gmt":"2021-08-04T15:08:30","guid":{"rendered":"https:\/\/www.procarton.com\/?page_id=315"},"modified":"2023-03-06T12:02:28","modified_gmt":"2023-03-06T12:02:28","slug":"resource-efficiency","status":"publish","type":"page","link":"https:\/\/www.procarton.com\/fr\/why-cartons\/resource-efficiency\/","title":{"rendered":"Efficacit\u00e9 des ressources"},"content":{"rendered":"<div id='home-news'  class='avia-section main_color avia-section-default avia-no-border-styling  avia-bg-style-scroll  avia-builder-el-0  el_before_av_section  avia-builder-el-first  why-cartons-sub  container_wrap fullsize' style=' margin-top:0px; margin-bottom:0px; '  >\n<div class='container' ><main  role=\"main\" itemprop=\"mainContentOfPage\"  class='template-page content  av-content-full alpha units'><\/p>\n<div class='post-entry post-entry-type-page post-entry-315'>\n<div class='entry-content-wrapper clearfix'>\n<div class=\"av-animated-generic top-to-bottom flex_column av_one_full  flex_column_div av-zero-column-padding first  avia-builder-el-1  avia-builder-el-no-sibling\" style='border-radius:0px; '>\n<section class=\"av_textblock_section\"  itemscope=\"itemscope\" itemtype=\"https:\/\/schema.org\/CreativeWork\" >\n<div class='avia_textblock'   itemprop=\"text\" >\n<h2><strong>L'emballage pr\u00e9serve nos ressources<\/strong><\/h2>\n<p>L'emballage pr\u00e9serve nos ressources en prot\u00e9geant efficacement les marchandises tout en conservant plus de ressources qu'il n'en utilise.  Les facteurs importants de la pr\u00e9servation de nos ressources sont les suivants :<\/p>\n<ul>\n<li>Le choix du mat\u00e9riel d'emballage<\/li>\n<li>Innovations en mati\u00e8re d'emballage pour int\u00e9grer et am\u00e9liorer ses caract\u00e9ristiques durables<\/li>\n<li>R\u00e9utilisation et recyclage des emballages<\/li>\n<li>\u00c9nergie<span data-sheets-value=\"{\" data-sheets-userformat=\"{\">\u00a0efficacit\u00e9 du processus de fabrication<\/span><\/li>\n<\/ul>\n<p><span data-sheets-value=\"{\" data-sheets-userformat=\"{\">La possibilit\u00e9 de r\u00e9cup\u00e9rer et de recycler les emballages usag\u00e9s \u00e0 la fin de leur cycle de vie permet \u00e9galement d'\u00e9conomiser les ressources.  Les derni\u00e8res \u00e9tudes prouvent qu'une fibre de carton peut \u00eatre recycl\u00e9e plus de 25 fois.<\/span><\/p>\n<\/div>\n<\/section>\n<div   class=\"togglecontainer   toggle_close_all  avia-builder-el-3  el_after_av_textblock  avia-builder-el-last\" >\n<section class=\"av_toggle_section\"  itemscope=\"itemscope\" itemtype=\"https:\/\/schema.org\/CreativeWork\"  >\n<div role=\"tablist\" class=\"single_toggle\" data-tags=\"{Tout} \"  >\n<p data-fake-id=\"#toggle-id-1\" class=\"toggler activeTitle\"  itemprop=\"headline\"    role=\"tab\" tabindex=\"0\" aria-controls=\"toggle-id-1\">Utilisation des mati\u00e8res premi\u00e8res<span class=\"toggle_icon\" >        <span class=\"vert_icon\"><\/span><span class=\"hor_icon\"><\/span><\/span><\/p>\n<div id=\"toggle-id-1\" class=\"toggle_wrap active_tc\"  style='display:block;' >\n<div class=\"toggle_content invers-color\"  itemprop=\"text\"   >\n<p>L'utilisation des mati\u00e8res premi\u00e8res en tant que cat\u00e9gorie de ressources couvre les mati\u00e8res vivantes (biotiques) et non vivantes (abiotiques).  Dans le contexte des ressources utilis\u00e9es pour fabriquer des emballages en carton, la mati\u00e8re biotique couvre les fibres de bois provenant de la for\u00eat, utilis\u00e9es comme mati\u00e8re premi\u00e8re pour le carton. <a href=\"https:\/\/www.procarton.com\/why-cartons\/sustainable-forest-management\/\" target=\"_blank\" rel=\"noopener\">Une ressource renouvelable<\/a>.  Les mati\u00e8res abiotiques comprennent l'\u00e9nergie fossile utilis\u00e9e pour br\u00fbler le charbon et le gaz, ainsi que les min\u00e9raux utilis\u00e9s pour la production de carton et de cartonnage.  Ces ressources ne sont pas renouvelables et l'industrie s'est engag\u00e9e \u00e0 trouver des moyens de r\u00e9duire l'utilisation de ces ressources et\/ou de les remplacer par des alternatives renouvelables ou respectueuses de l'environnement.<\/p>\n<p>Les principes d'\u00e9co-conception appliqu\u00e9s \u00e0 la fabrication d'un produit doivent conduire \u00e0 une utilisation efficace des ressources.\u00a0\u00a0 <span data-sheets-value=\"{\" data-sheets-userformat=\"{\">Pour un carton, la \"fin de vie\" n'existe pas.  Les cartons sont une ressource pr\u00e9cieuse en tant que mati\u00e8re premi\u00e8re pour de nouveaux emballages.  Le recyclage est le meilleur moyen de soutenir le mod\u00e8le d'\u00e9conomie circulaire. Le compostage vient en deuxi\u00e8me position, l'incin\u00e9ration \u00e9tant l'option la moins souhaitable pour l'utilisation des d\u00e9chets post-consommation.  Nous voulons que toutes les mati\u00e8res fibreuses retournent dans le processus de fabrication - chaque carton compte !<\/span><\/p>\n<\/p><\/div>\n<\/p><\/div>\n<\/p><\/div>\n<\/section>\n<section class=\"av_toggle_section\"  itemscope=\"itemscope\" itemtype=\"https:\/\/schema.org\/CreativeWork\"  >\n<div role=\"tablist\" class=\"single_toggle\" data-tags=\"{Tout} \"  >\n<p data-fake-id=\"#toggle-id-2\" class=\"toggler\"  itemprop=\"headline\"    role=\"tab\" tabindex=\"0\" aria-controls=\"toggle-id-2\">Eco-conception et recyclabilit\u00e9 des cartonnages<span class=\"toggle_icon\" >        <span class=\"vert_icon\"><\/span><span class=\"hor_icon\"><\/span><\/span><\/p>\n<div id=\"toggle-id-2\" class=\"toggle_wrap\"   >\n<div class=\"toggle_content invers-color\"  itemprop=\"text\"   >\n<p>L'\u00e9co-conception est un aspect important de l'efficacit\u00e9 des ressources, qui influence la pr\u00e9vention des d\u00e9chets et l'am\u00e9lioration de la recyclabilit\u00e9.<\/p>\n<p>La gestion des d\u00e9chets est un \u00e9l\u00e9ment cl\u00e9 de l'efficacit\u00e9 des ressources et la pr\u00e9vention des d\u00e9chets occupe une place de choix.  La r\u00e9duction de la quantit\u00e9 de d\u00e9chets g\u00e9n\u00e9r\u00e9s par le processus de production d'emballages en carton est depuis de nombreuses ann\u00e9es au centre des pr\u00e9occupations de l'industrie, qui reconna\u00eet depuis longtemps les avantages \u00e9conomiques et environnementaux de la r\u00e9duction des d\u00e9chets.<\/p>\n<p>Les avantages environnementaux de la r\u00e9cup\u00e9ration du papier pour l'utiliser comme mati\u00e8re premi\u00e8re secondaire sont bien appr\u00e9ci\u00e9s et les fabricants de carton s'efforcent d'optimiser son utilisation et de r\u00e9duire ainsi les d\u00e9chets.  L'am\u00e9lioration de l'efficacit\u00e9 de la pr\u00e9paration des stocks gr\u00e2ce \u00e0 des investissements dans des technologies modernes a permis d'augmenter la r\u00e9cup\u00e9ration des fibres r\u00e9cup\u00e9r\u00e9es, de plusieurs milliers de tonnes par an, et de r\u00e9duire les rejets du processus de production.<\/p>\n<p>Depuis de nombreuses ann\u00e9es, les fabricants de carton s'efforcent d'all\u00e9ger leurs produits.\u00a0 <span data-sheets-value=\"{\" data-sheets-userformat=\"{\">Par exemple, un emballage carton pour produits alimentaires surgel\u00e9s est 20% plus l\u00e9ger aujourd'hui qu'il ne l'\u00e9tait dans les ann\u00e9es 1970. (Source : INCPEN)<\/span><\/p>\n<p>Les fabricants de carcartonnages tons s'efforcent \u00e9galement de r\u00e9duire la quantit\u00e9 de mat\u00e9riaux utilis\u00e9s et des \u00e9conomies substantielles ont \u00e9t\u00e9 r\u00e9alis\u00e9es gr\u00e2ce \u00e0 des solutions de conception intelligentes.  Par exemple, la r\u00e9duction des rabats sur les cartonnages de biscuits.<\/p>\n<p>La bonne recyclabilit\u00e9 des cartons usag\u00e9s d\u00e9pend \u00e9galement d'une bonne \u00e9co-conception.  Les phases de planification et de conception des solutions carton contribuent de mani\u00e8re significative \u00e0 la pr\u00e9vention des d\u00e9chets.<\/p>\n<p>Le choix \u00e9clair\u00e9 des mat\u00e9riaux auxiliaires tels que les encres et les rev\u00eatements est \u00e9galement essentiel \u00e0 une bonne conception \u00e9cologique.\u00a0\u00a0 <span data-sheets-value=\"{\" data-sheets-userformat=\"{\">Les encres pour feuilles int\u00e8grent jusqu'\u00e0 100% d'huiles v\u00e9g\u00e9tales renouvelables et apportent des am\u00e9liorations significatives, notamment la r\u00e9duction des \u00e9missions de COV (compos\u00e9s organiques volatils).  Les transformateurs r\u00e9alisent d'importantes \u00e9conomies en mati\u00e8re de consommation d'\u00e9nergie gr\u00e2ce \u00e0 un r\u00e9glage rapide pendant le processus d'impression ou \u00e0 une r\u00e9duction des d\u00e9chets de papier gr\u00e2ce \u00e0 un d\u00e9marrage rapide en production.<\/span><\/p>\n<\/p><\/div>\n<\/p><\/div>\n<\/p><\/div>\n<\/section>\n<section class=\"av_toggle_section\"  itemscope=\"itemscope\" itemtype=\"https:\/\/schema.org\/CreativeWork\"  >\n<div role=\"tablist\" class=\"single_toggle\" data-tags=\"{Tout} \"  >\n<p data-fake-id=\"#toggle-id-3\" class=\"toggler\"  itemprop=\"headline\"    role=\"tab\" tabindex=\"0\" aria-controls=\"toggle-id-3\">Consommation d'\u00e9nergie<span class=\"toggle_icon\" >        <span class=\"vert_icon\"><\/span><span class=\"hor_icon\"><\/span><\/span><\/p>\n<div id=\"toggle-id-3\" class=\"toggle_wrap\"   >\n<div class=\"toggle_content invers-color\"  itemprop=\"text\"   >\n<p>L'industrie europ\u00e9enne de la p\u00e2te, du papier et du carton est un leader en mati\u00e8re d'utilisation durable de l'\u00e9nergie.  La majorit\u00e9 de l'\u00e9nergie primaire utilis\u00e9e dans l'industrie est bas\u00e9e sur la biomasse, les sous-produits du bois fournissant une \u00e9nergie renouvelable sous forme d'\u00e9lectricit\u00e9 et de vapeur pour le processus de fabrication.<\/p>\n<p>L'industrie est le plus grand producteur et consommateur d'\u00e9nergie \u00e0 base de biomasse, ce qui permet d'\u00e9viter l'utilisation de sources d'\u00e9nergie non renouvelables telles que le p\u00e9trole, le charbon ou le gaz d'origine fossile.  Cela signifie \u00e9galement que l'industrie est plus \u00e9conome en carbone.<\/p>\n<p>Plus de 90% des usines europ\u00e9ennes de carton ont install\u00e9 des centrales de production combin\u00e9e de chaleur et d'\u00e9lectricit\u00e9 (PCCE), principalement bas\u00e9es sur la biomasse et le gaz naturel.  L'\u00e9nergie et la chaleur produites sont toutes deux utilis\u00e9es par les cartonneries.  Leur consommation d'\u00e9nergie a diminu\u00e9 de 10,5% entre 2010 - 2018.<\/p>\n<\/p><\/div>\n<\/p><\/div>\n<\/p><\/div>\n<\/section>\n<section class=\"av_toggle_section\"  itemscope=\"itemscope\" itemtype=\"https:\/\/schema.org\/CreativeWork\"  >\n<div role=\"tablist\" class=\"single_toggle\" data-tags=\"{Tout} \"  >\n<p data-fake-id=\"#toggle-id-4\" class=\"toggler\"  itemprop=\"headline\"    role=\"tab\" tabindex=\"0\" aria-controls=\"toggle-id-4\">Qu'est-ce que l'\u00e9nergie de la biomasse ?<span class=\"toggle_icon\" >        <span class=\"vert_icon\"><\/span><span class=\"hor_icon\"><\/span><\/span><\/p>\n<div id=\"toggle-id-4\" class=\"toggle_wrap\"   >\n<div class=\"toggle_content invers-color\"  itemprop=\"text\"   >\n<p>La biomasse est une mati\u00e8re biologique provenant d'organismes vivants r\u00e9cents et constitue une ressource renouvelable.  L'\u00e9nergie de la biomasse est g\u00e9n\u00e9r\u00e9e par la transformation de la mati\u00e8re biologique, g\u00e9n\u00e9ralement de la mati\u00e8re v\u00e9g\u00e9tale.  Dans l'industrie du carton, la mise en p\u00e2te chimique des fibres de bois donne lieu \u00e0 un sous-produit qui est utilis\u00e9 comme source d'\u00e9nergie pour le processus de mise en p\u00e2te.  Dans les usines de carton int\u00e9gr\u00e9es, o\u00f9 la p\u00e2te et le carton sont fabriqu\u00e9s sur le m\u00eame site, les sous-produits du bois fournissent de l'\u00e9nergie sous forme d'\u00e9lectricit\u00e9 et de vapeur pour le processus de fabrication.  Cette source d'\u00e9nergie est donc renouvelable et durable.<\/p>\n<p>Les cartonneries contribuent fortement \u00e0 l'am\u00e9lioration de l'\u00e9nergie issue de la biomasse.  Des investissements sont r\u00e9alis\u00e9s dans les cartonneries afin d'\u00e9liminer compl\u00e8tement les \u00e9missions de carbone fossile en rempla\u00e7ant les combustibles fossiles, comme le gaz naturel, par des biocarburants.  Toute la production sera alors aliment\u00e9e par des biocarburants et les cartonneries seront autosuffisantes en \u00e9lectricit\u00e9 et en \u00e9nergie thermique sous forme de vapeur.<\/p>\n<\/p><\/div>\n<\/p><\/div>\n<\/p><\/div>\n<\/section>\n<section class=\"av_toggle_section\"  itemscope=\"itemscope\" itemtype=\"https:\/\/schema.org\/CreativeWork\"  >\n<div role=\"tablist\" class=\"single_toggle\" data-tags=\"{Tout} \"  >\n<p data-fake-id=\"#toggle-id-5\" class=\"toggler\"  itemprop=\"headline\"    role=\"tab\" tabindex=\"0\" aria-controls=\"toggle-id-5\">Utilisation de l'eau dans la production de carton<span class=\"toggle_icon\" >        <span class=\"vert_icon\"><\/span><span class=\"hor_icon\"><\/span><\/span><\/p>\n<div id=\"toggle-id-5\" class=\"toggle_wrap\"   >\n<div class=\"toggle_content invers-color\"  itemprop=\"text\"   >\n<p>L'eau est un \u00e9l\u00e9ment essentiel pour la production de papier et de carton.  L'eau agit comme un lien entre les fibres et, dans le processus de production, elle est n\u00e9cessaire pour le transport, le nettoyage, comme solvant, pour transporter l'\u00e9nergie sous forme de vapeur et aussi pour refroidir les unit\u00e9s de traitement.  L'eau est utilis\u00e9e :<\/p>\n<ul>\n<li>pour traiter les produits chimiques - les cartonneries utilisent l'eau pour pr\u00e9parer et diluer les produits chimiques.<\/li>\n<li>comme moyen de refroidissement - utilis\u00e9 dans diverses parties du processus de production<\/li>\n<li>comme moyen de transport - les fibres sont transport\u00e9es dans l'eau tout au long du processus de production.  Lorsque la p\u00e2te atteint la machine \u00e0 carton, elle est 99% de l'eau et la plupart de cette eau est ensuite r\u00e9utilis\u00e9e.<\/li>\n<li>pour produire de la vapeur - la vapeur est utilis\u00e9e pour chauffer les \u00e9quipements de traitement, y compris les cylindres de s\u00e9chage de la machine \u00e0 carton<\/li>\n<\/ul>\n<p>L'eau est g\u00e9n\u00e9ralement pr\u00e9lev\u00e9e par une usine de carton dans une source de surface proche, comme un lac ou une rivi\u00e8re.  95% de l'eau utilis\u00e9e dans l'industrie europ\u00e9enne est nettoy\u00e9e et r\u00e9utilis\u00e9e sur place.  Toutes les eaux us\u00e9es sont purifi\u00e9es sur place, conform\u00e9ment aux r\u00e9glementations et aux normes europ\u00e9ennes, avant d'\u00eatre rejet\u00e9es dans l'environnement.  Plus de 90% de l'eau utilis\u00e9e dans le processus de production est nettoy\u00e9e et renvoy\u00e9e dans l'environnement.\u00a0 <span data-sheets-value=\"{\" data-sheets-userformat=\"{\">Les usines de papier et de carton s'efforcent de r\u00e9duire encore la consommation d'eau.  L'eau utilis\u00e9e dans le processus de production est nettoy\u00e9e et r\u00e9utilis\u00e9e plusieurs fois.  Tous les processus de production minimisent l'utilisation d'eau douce.  Au cours des deux derni\u00e8res d\u00e9cennies, le r\u00e9sultat a \u00e9t\u00e9 le suivant <span id=\"su_tooltip_69f32c20a5292_button\" class=\"su-tooltip-button su-tooltip-button-outline-yes\" aria-describedby=\"su_tooltip_69f32c20a5292\" data-settings='{\"position\":\"top\",\"behavior\":\"hover\",\"hideDelay\":0}' tabindex=\"0\">r\u00e9duire le pr\u00e9l\u00e8vement d'eau douce de 20% en volume total<\/span><span style=\"display:none;z-index:100\" id=\"su_tooltip_69f32c20a5292\" class=\"su-tooltip\" role=\"tooltip\"><span class=\"su-tooltip-inner su-tooltip-shadow-no\" style=\"z-index:100;background:#222222;color:#FFFFFF;font-size:16px;border-radius:5px;text-align:left;max-width:500px;line-height:1.25\"><span class=\"su-tooltip-title\"><\/span><span class=\"su-tooltip-content su-u-trim\">Source : C\u00e9pi<\/span><\/span><span id=\"su_tooltip_69f32c20a5292_arrow\" class=\"su-tooltip-arrow\" style=\"z-index:100;background:#222222\" data-popper-arrow><\/span><\/span>L'Union europ\u00e9enne contribue de mani\u00e8re significative \u00e0 la protection de notre environnement.<\/span><\/p>\n<\/p><\/div>\n<\/p><\/div>\n<\/p><\/div>\n<\/section>\n<section class=\"av_toggle_section\"  itemscope=\"itemscope\" itemtype=\"https:\/\/schema.org\/CreativeWork\"  >\n<div role=\"tablist\" class=\"single_toggle\" data-tags=\"{Tout} \"  >\n<p data-fake-id=\"#toggle-id-6\" class=\"toggler\"  itemprop=\"headline\"    role=\"tab\" tabindex=\"0\" aria-controls=\"toggle-id-6\">Traitement de l'eau<span class=\"toggle_icon\" >        <span class=\"vert_icon\"><\/span><span class=\"hor_icon\"><\/span><\/span><\/p>\n<div id=\"toggle-id-6\" class=\"toggle_wrap\"   >\n<div class=\"toggle_content invers-color\"  itemprop=\"text\"   >\n<p>Les m\u00e9thodes de traitement des eaux avant leur \u00e9vacuation de l'usine de carton varient d'un site \u00e0 l'autre en fonction des conditions locales et sont r\u00e9glement\u00e9es par des permis environnementaux.<\/p>\n<ul>\n<li><strong>Traitement m\u00e9canique :<\/strong> <span data-sheets-value=\"{\" data-sheets-userformat=\"{\">L'eau rejet\u00e9e est canalis\u00e9e dans des zones contr\u00f4l\u00e9es o\u00f9 les particules de fibres tombent au fond et sont compl\u00e8tement \u00e9limin\u00e9es avant que l'eau propre ne soit rejet\u00e9e dans l'environnement.<\/span><\/li>\n<li><strong>Traitement biologique :<\/strong> <span data-sheets-value=\"{\" data-sheets-userformat=\"{\">Les substances organiques qui se trouvent dans l'eau rejet\u00e9e sont d\u00e9compos\u00e9es \u00e0 l'aide de micro-organismes, comme dans le processus naturel. Seule de l'eau propre quitte l'usine.<\/span><\/li>\n<li><strong>Traitement chimique :<\/strong> <span data-sheets-value=\"{\" data-sheets-userformat=\"{\">L'eau des effluents est trait\u00e9e avec des produits chimiques qui font pr\u00e9cipiter les contaminants, apr\u00e8s quoi ils sont enti\u00e8rement \u00e9limin\u00e9s m\u00e9caniquement. L'eau fait l'objet de contr\u00f4les r\u00e9guliers en laboratoire avant d'\u00eatre rejet\u00e9e dans l'environnement.<\/span><\/li>\n<\/ul><\/div>\n<\/p><\/div>\n<\/p><\/div>\n<\/section>\n<section class=\"av_toggle_section\"  itemscope=\"itemscope\" itemtype=\"https:\/\/schema.org\/CreativeWork\"  >\n<div role=\"tablist\" class=\"single_toggle\" data-tags=\"{Tout} \"  >\n<p data-fake-id=\"#toggle-id-7\" class=\"toggler\"  itemprop=\"headline\"    role=\"tab\" tabindex=\"0\" aria-controls=\"toggle-id-7\">Empreinte de l'eau<span class=\"toggle_icon\" >        <span class=\"vert_icon\"><\/span><span class=\"hor_icon\"><\/span><\/span><\/p>\n<div id=\"toggle-id-7\" class=\"toggle_wrap\"   >\n<div class=\"toggle_content invers-color\"  itemprop=\"text\"   >\n<p>L'id\u00e9e de fournir une empreinte de l'utilisation de l'eau devient de plus en plus importante et, tout comme le carbone, l'eau est une ressource dont l'industrie du papier et du carton doit tenir compte.  Minimiser la consommation d'eau douce et r\u00e9utiliser l'eau dans les processus de production est une priorit\u00e9 pour l'industrie.  L'\u00e9valuation de la consommation d'eau est encore plus difficile que la mesure de l'empreinte carbone.  Pour s'y pr\u00e9parer, la Conf\u00e9d\u00e9ration des industries papeti\u00e8res (C\u00e9pi) est membre du Water Footprint Network et d'autres associations connexes qui cherchent \u00e0 contribuer \u00e0 l'\u00e9laboration d'une m\u00e9thodologie et \u00e0 partager l'exp\u00e9rience acquise dans le cadre de la certification des for\u00eats.<\/p>\n<p>En 2008, la CEPI a \u00e9labor\u00e9 de nouvelles d\u00e9finitions de l'utilisation de l'eau avec une perspective locale et a cr\u00e9\u00e9 un profil de l'eau utilis\u00e9e pour la fabrication de produits de p\u00e2te et de papier dans ses pays membres.  En 2019, la CEPI a mis \u00e0 jour ce profil et a constat\u00e9 que les entreprises membres ont pr\u00e9lev\u00e9 environ 3345 millions M3 par rapport \u00e0 3710 millions M3 en 2012 et 4 000 millions M3 en 2008 et que 93% de l'eau utilis\u00e9e ont \u00e9t\u00e9 restitu\u00e9es \u00e0 l'environnement en bonne qualit\u00e9.<\/p>\n<\/p><\/div>\n<\/p><\/div>\n<\/p><\/div>\n<\/section>\n<\/div>\n<\/div>\n<\/div>\n<\/div>\n<p><\/main><!-- close content main element --><\/div>\n<\/div>\n<div id='and-more'  class='avia-section main_color avia-section-default avia-no-border-styling  avia-bg-style-scroll  avia-builder-el-4  el_after_av_section  avia-builder-el-last   container_wrap fullsize' style='background-color: #ffffff;  '  >\n<div class='container' >\n<div class='template-page content  av-content-full alpha units'>\n<div class='post-entry post-entry-type-page post-entry-315'>\n<div class='entry-content-wrapper clearfix'>\n<div class=\"av-animated-generic top-to-bottom flex_column av_one_full  flex_column_div av-zero-column-padding first  avia-builder-el-5  el_before_av_one_fifth  avia-builder-el-first\" style='border-radius:0px; '>\n<section class=\"av_textblock_section\"  itemscope=\"itemscope\" itemtype=\"https:\/\/schema.org\/CreativeWork\" >\n<div class='avia_textblock'   itemprop=\"text\" >\n<h3>Cycle de vie du carton ...<\/h3>\n<\/div>\n<\/section>\n<\/div>\n<div class=\"av-animated-generic top-to-bottom flex_column av_one_fifth  flex_column_div av-zero-column-padding avia-link-column av-column-link first  avia-builder-el-7  el_after_av_one_full  el_before_av_one_fifth  and-more column-top-margin\" style='border-radius:0px; ' data-link-column-url=\"https:\/\/www.procarton.com\/fr\/why-cartons\/sustainable-forest-management\/\" ><a class=\"av-screen-reader-only\" href=\"https:\/\/www.procarton.com\/fr\/why-cartons\/sustainable-forest-management\/\" >Lier vers : Gestion durable des for\u00eats<\/a><\/p>\n<div  class='avia-image-container  av-styling-    avia-builder-el-8  el_before_av_textblock  avia-builder-el-first  avia-align-center'  itemprop=\"image\" itemscope=\"itemscope\" itemtype=\"https:\/\/schema.org\/ImageObject\"  >\n<div class='avia-image-container-inner'>\n<div class='avia-image-overlay-wrap'><img decoding=\"async\" width=\"495\" height=\"400\" class='wp-image-263899 avia-img-lazy-loading-not-263899 avia_image' src=\"https:\/\/www.procarton.com\/wp-content\/uploads\/2021\/10\/Tree-Seedling-for-Sustainable-Forest-Managemen-t-Page-495x400.jpg\" alt='' title='Semis d&#039;arbres pour la gestion durable des for\u00eats Page'  itemprop=\"thumbnailUrl\"  \/><\/div>\n<\/div>\n<\/div>\n<section class=\"av_textblock_section\"  itemscope=\"itemscope\" itemtype=\"https:\/\/schema.org\/CreativeWork\" >\n<div class='avia_textblock'   itemprop=\"text\" >\n<h4>Gestion durable des for\u00eats<\/h4>\n<\/div>\n<\/section>\n<\/div>\n<div class=\"av-animated-generic top-to-bottom flex_column av_one_fifth  flex_column_div av-zero-column-padding avia-link-column av-column-link   avia-builder-el-10  el_after_av_one_fifth  el_before_av_one_fifth  and-more column-top-margin\" style='border-radius:0px; ' data-link-column-url=\"https:\/\/www.procarton.com\/fr\/why-cartons\/cartonboard-production\/\" ><a class=\"av-screen-reader-only\" href=\"https:\/\/www.procarton.com\/fr\/why-cartons\/cartonboard-production\/\" >Lier vers : Production de carton<\/a><\/p>\n<div  class='avia-image-container  av-styling-    avia-builder-el-11  el_before_av_textblock  avia-builder-el-first  avia-align-center'  itemprop=\"image\" itemscope=\"itemscope\" itemtype=\"https:\/\/schema.org\/ImageObject\"  >\n<div class='avia-image-container-inner'>\n<div class='avia-image-overlay-wrap'><img decoding=\"async\" width=\"495\" height=\"400\" class='wp-image-275084 avia-img-lazy-loading-not-275084 avia_image' src=\"https:\/\/www.procarton.com\/wp-content\/uploads\/2022\/03\/RDM-Group_Barcelona-Mill_Internal-View_1-495x400.jpg\" alt='Moulin de Barcelone du groupe RDM Vue interne' title='Moulin de Barcelone du groupe RDM Vue interne'  itemprop=\"thumbnailUrl\" srcset=\"https:\/\/www.procarton.com\/wp-content\/uploads\/2022\/03\/RDM-Group_Barcelona-Mill_Internal-View_1-495x400.jpg 495w, https:\/\/www.procarton.com\/wp-content\/uploads\/2022\/03\/RDM-Group_Barcelona-Mill_Internal-View_1-845x684.jpg 845w\" sizes=\"(max-width: 495px) 100vw, 495px\" \/><\/div>\n<\/div>\n<\/div>\n<section class=\"av_textblock_section\"  itemscope=\"itemscope\" itemtype=\"https:\/\/schema.org\/CreativeWork\" >\n<div class='avia_textblock'   itemprop=\"text\" >\n<h4>Production de carton<\/h4>\n<\/div>\n<\/section>\n<\/div>\n<div class=\"av-animated-generic top-to-bottom flex_column av_one_fifth  flex_column_div av-zero-column-padding avia-link-column av-column-link   avia-builder-el-13  el_after_av_one_fifth  el_before_av_one_fifth  and-more column-top-margin\" style='border-radius:0px; ' data-link-column-url=\"https:\/\/www.procarton.com\/fr\/why-cartons\/carton-production\/\" ><a class=\"av-screen-reader-only\" href=\"https:\/\/www.procarton.com\/fr\/why-cartons\/carton-production\/\" >Lier vers : Production de cartons<\/a><\/p>\n<div  class='avia-image-container  av-styling-    avia-builder-el-14  el_before_av_textblock  avia-builder-el-first  avia-align-center'  itemprop=\"image\" itemscope=\"itemscope\" itemtype=\"https:\/\/schema.org\/ImageObject\"  >\n<div class='avia-image-container-inner'>\n<div class='avia-image-overlay-wrap'><img decoding=\"async\" width=\"495\" height=\"400\" class='wp-image-282191 avia-img-lazy-loading-not-282191 avia_image' src=\"https:\/\/www.procarton.com\/wp-content\/uploads\/2022\/10\/Hands-Off-Wine-Carton-Production-Button-Icon-Image-ECEA-2022-495x400.jpg\" alt='' title='Bouton d&#039;ic\u00f4ne de la production de cartons de vin - Hands Off ECEA 2022'  itemprop=\"thumbnailUrl\" srcset=\"https:\/\/www.procarton.com\/wp-content\/uploads\/2022\/10\/Hands-Off-Wine-Carton-Production-Button-Icon-Image-ECEA-2022-495x400.jpg 495w, https:\/\/www.procarton.com\/wp-content\/uploads\/2022\/10\/Hands-Off-Wine-Carton-Production-Button-Icon-Image-ECEA-2022-845x684.jpg 845w\" sizes=\"(max-width: 495px) 100vw, 495px\" \/><\/div>\n<\/div>\n<\/div>\n<section class=\"av_textblock_section\"  itemscope=\"itemscope\" itemtype=\"https:\/\/schema.org\/CreativeWork\" >\n<div class='avia_textblock'   itemprop=\"text\" >\n<h4>Production de cartonnages<\/h4>\n<\/div>\n<\/section>\n<\/div>\n<div class=\"av-animated-generic top-to-bottom flex_column av_one_fifth  flex_column_div av-zero-column-padding avia-link-column av-column-link   avia-builder-el-16  el_after_av_one_fifth  el_before_av_one_fifth  and-more column-top-margin\" style='border-radius:0px; ' data-link-column-url=\"https:\/\/www.procarton.com\/fr\/why-cartons\/brand-owners\/\" ><a class=\"av-screen-reader-only\" href=\"https:\/\/www.procarton.com\/fr\/why-cartons\/brand-owners\/\" >Lier vers : Propri\u00e9taires de marque<\/a><\/p>\n<div  class='avia-image-container  av-styling-    avia-builder-el-17  el_before_av_textblock  avia-builder-el-first  avia-align-center'  itemprop=\"image\" itemscope=\"itemscope\" itemtype=\"https:\/\/schema.org\/ImageObject\"  >\n<div class='avia-image-container-inner'>\n<div class='avia-image-overlay-wrap'><img decoding=\"async\" width=\"495\" height=\"400\" class='wp-image-282218 avia-img-lazy-loading-not-282218 avia_image' src=\"https:\/\/www.procarton.com\/wp-content\/uploads\/2022\/10\/Brand-Owners-Page-Featured-Image-MacDonalds-Salad-ECEA-2022-495x400.png\" alt='' title='Page des propri\u00e9taires de la marque Image en vedette Salade MacDonalds ECEA 2022'  itemprop=\"thumbnailUrl\" srcset=\"https:\/\/www.procarton.com\/wp-content\/uploads\/2022\/10\/Brand-Owners-Page-Featured-Image-MacDonalds-Salad-ECEA-2022-495x400.png 495w, https:\/\/www.procarton.com\/wp-content\/uploads\/2022\/10\/Brand-Owners-Page-Featured-Image-MacDonalds-Salad-ECEA-2022-14x12.png 14w\" sizes=\"(max-width: 495px) 100vw, 495px\" \/><\/div>\n<\/div>\n<\/div>\n<section class=\"av_textblock_section\"  itemscope=\"itemscope\" itemtype=\"https:\/\/schema.org\/CreativeWork\" >\n<div class='avia_textblock'   itemprop=\"text\" >\n<h4>Propri\u00e9taires de la marque<\/h4>\n<\/div>\n<\/section>\n<\/div>\n<div class=\"av-animated-generic top-to-bottom flex_column av_one_fifth  flex_column_div av-zero-column-padding avia-link-column av-column-link   avia-builder-el-19  el_after_av_one_fifth  el_before_av_one_fifth  and-more column-top-margin\" style='border-radius:0px; ' data-link-column-url=\"https:\/\/www.procarton.com\/fr\/why-cartons\/retailers\/\" ><a class=\"av-screen-reader-only\" href=\"https:\/\/www.procarton.com\/fr\/why-cartons\/retailers\/\" >Lier vers : D\u00e9taillants<\/a><\/p>\n<div  class='avia-image-container  av-styling-    avia-builder-el-20  el_before_av_textblock  avia-builder-el-first  avia-align-center'  itemprop=\"image\" itemscope=\"itemscope\" itemtype=\"https:\/\/schema.org\/ImageObject\"  >\n<div class='avia-image-container-inner'>\n<div class='avia-image-overlay-wrap'><img decoding=\"async\" width=\"495\" height=\"400\" class='wp-image-269863 avia-img-lazy-loading-not-269863 avia_image' src=\"https:\/\/www.procarton.com\/wp-content\/uploads\/2021\/11\/Retail-Shelves-stacked-with-cartons-495x400.jpg\" alt='' title='Klia2,,Malaisie,-,24,Oct,2019 :,Diff\u00e9rentes,marques,de,proximit\u00e9'  itemprop=\"thumbnailUrl\" srcset=\"https:\/\/www.procarton.com\/wp-content\/uploads\/2021\/11\/Retail-Shelves-stacked-with-cartons-495x400.jpg 495w, https:\/\/www.procarton.com\/wp-content\/uploads\/2021\/11\/Retail-Shelves-stacked-with-cartons-845x684.jpg 845w\" sizes=\"(max-width: 495px) 100vw, 495px\" \/><\/div>\n<\/div>\n<\/div>\n<section class=\"av_textblock_section\"  itemscope=\"itemscope\" itemtype=\"https:\/\/schema.org\/CreativeWork\" >\n<div class='avia_textblock'   itemprop=\"text\" >\n<h4>D\u00e9taillants<\/h4>\n<\/div>\n<\/section>\n<\/div>\n<div class=\"av-animated-generic top-to-bottom flex_column av_one_fifth  flex_column_div av-zero-column-padding avia-link-column av-column-link first  avia-builder-el-22  el_after_av_one_fifth  el_before_av_one_fifth  and-more column-top-margin\" style='border-radius:0px; ' data-link-column-url=\"https:\/\/www.procarton.com\/fr\/why-cartons\/consumers\/\" ><a class=\"av-screen-reader-only\" href=\"https:\/\/www.procarton.com\/fr\/why-cartons\/consumers\/\" >Lier vers : Consommateurs<\/a><\/p>\n<div  class='avia-image-container  av-styling-    avia-builder-el-23  el_before_av_textblock  avia-builder-el-first  avia-align-center'  itemprop=\"image\" itemscope=\"itemscope\" itemtype=\"https:\/\/schema.org\/ImageObject\"  >\n<div class='avia-image-container-inner'>\n<div class='avia-image-overlay-wrap'><img decoding=\"async\" width=\"495\" height=\"400\" class='wp-image-264804 avia-img-lazy-loading-not-264804 avia_image' src=\"https:\/\/www.procarton.com\/wp-content\/uploads\/2021\/10\/Consumer-Trust-page-Shopper-looking-at-carton-495x400.jpg\" alt='' title='Page de confiance du consommateur Acheteur regardant le carton'  itemprop=\"thumbnailUrl\" srcset=\"https:\/\/www.procarton.com\/wp-content\/uploads\/2021\/10\/Consumer-Trust-page-Shopper-looking-at-carton-495x400.jpg 495w, https:\/\/www.procarton.com\/wp-content\/uploads\/2021\/10\/Consumer-Trust-page-Shopper-looking-at-carton-845x684.jpg 845w\" sizes=\"(max-width: 495px) 100vw, 495px\" \/><\/div>\n<\/div>\n<\/div>\n<section class=\"av_textblock_section\"  itemscope=\"itemscope\" itemtype=\"https:\/\/schema.org\/CreativeWork\" >\n<div class='avia_textblock'   itemprop=\"text\" >\n<h4>Consommateurs<\/h4>\n<\/div>\n<\/section>\n<\/div>\n<div class=\"av-animated-generic top-to-bottom flex_column av_one_fifth  flex_column_div av-zero-column-padding avia-link-column av-column-link   avia-builder-el-25  el_after_av_one_fifth  el_before_av_one_fifth  and-more column-top-margin\" style='border-radius:0px; ' data-link-column-url=\"https:\/\/www.procarton.com\/fr\/why-cartons\/collection-recycling\/\" ><a class=\"av-screen-reader-only\" href=\"https:\/\/www.procarton.com\/fr\/why-cartons\/collection-recycling\/\" >Lier vers : Collecte et recyclage<\/a><\/p>\n<div  class='avia-image-container  av-styling-    avia-builder-el-26  el_before_av_textblock  avia-builder-el-first  avia-align-center'  itemprop=\"image\" itemscope=\"itemscope\" itemtype=\"https:\/\/schema.org\/ImageObject\"  >\n<div class='avia-image-container-inner'>\n<div class='avia-image-overlay-wrap'><img decoding=\"async\" width=\"495\" height=\"400\" class='wp-image-282421 avia-img-lazy-loading-not-282421 avia_image' src=\"https:\/\/www.procarton.com\/wp-content\/uploads\/2022\/10\/RDM-Group_Villa-Santa-Lucia-Mill-Italy_External-View_2-495x400.jpg\" alt='Image reproduite avec l&#039;aimable autorisation du RDM Group Villa Santa Lucia Mill (Italie)' title='Image reproduite avec l&#039;aimable autorisation du RDM Group Villa Santa Lucia Mill (Italie)'  itemprop=\"thumbnailUrl\" srcset=\"https:\/\/www.procarton.com\/wp-content\/uploads\/2022\/10\/RDM-Group_Villa-Santa-Lucia-Mill-Italy_External-View_2-495x400.jpg 495w, https:\/\/www.procarton.com\/wp-content\/uploads\/2022\/10\/RDM-Group_Villa-Santa-Lucia-Mill-Italy_External-View_2-845x684.jpg 845w\" sizes=\"(max-width: 495px) 100vw, 495px\" \/><\/div>\n<\/div>\n<\/div>\n<section class=\"av_textblock_section\"  itemscope=\"itemscope\" itemtype=\"https:\/\/schema.org\/CreativeWork\" >\n<div class='avia_textblock'   itemprop=\"text\" >\n<h4>Collecte et recyclage<\/h4>\n<\/div>\n<\/section>\n<\/div>\n<div class=\"av-animated-generic top-to-bottom flex_column av_one_fifth  flex_column_div av-zero-column-padding avia-link-column av-column-link   avia-builder-el-28  el_after_av_one_fifth  el_before_av_one_fifth  and-more column-top-margin\" style='border-radius:0px; ' data-link-column-url=\"https:\/\/www.procarton.com\/fr\/why-cartons\/innovation\/\" ><a class=\"av-screen-reader-only\" href=\"https:\/\/www.procarton.com\/fr\/why-cartons\/innovation\/\" >Lier vers : Innovation<\/a><\/p>\n<div  class='avia-image-container  av-styling-    avia-builder-el-29  el_before_av_textblock  avia-builder-el-first  avia-align-center'  itemprop=\"image\" itemscope=\"itemscope\" itemtype=\"https:\/\/schema.org\/ImageObject\"  >\n<div class='avia-image-container-inner'>\n<div class='avia-image-overlay-wrap'><img decoding=\"async\" width=\"495\" height=\"400\" class='wp-image-282017 avia-img-lazy-loading-not-282017 avia_image' src=\"https:\/\/www.procarton.com\/wp-content\/uploads\/2022\/10\/Sanpellegrino\u00ae-Aranciata-Rossa-by-Nestle-Innovation-Award-Winner-2022-495x400.png\" alt='' title='Gagnant de l&#039;innovation ECEA Award 2022 - Sanpellegrino\u00ae Aranciata Rossa par Nestl\u00e9'  itemprop=\"thumbnailUrl\" srcset=\"https:\/\/www.procarton.com\/wp-content\/uploads\/2022\/10\/Sanpellegrino\u00ae-Aranciata-Rossa-by-Nestle-Innovation-Award-Winner-2022-495x400.png 495w, https:\/\/www.procarton.com\/wp-content\/uploads\/2022\/10\/Sanpellegrino\u00ae-Aranciata-Rossa-by-Nestle-Innovation-Award-Winner-2022-845x684.png 845w\" sizes=\"(max-width: 495px) 100vw, 495px\" \/><\/div>\n<\/div>\n<\/div>\n<section class=\"av_textblock_section\"  itemscope=\"itemscope\" itemtype=\"https:\/\/schema.org\/CreativeWork\" >\n<div class='avia_textblock'   itemprop=\"text\" >\n<h4>Innovation<\/h4>\n<\/div>\n<\/section>\n<\/div>\n<div class=\"av-animated-generic top-to-bottom flex_column av_one_fifth  flex_column_div av-zero-column-padding avia-link-column av-column-link   avia-builder-el-31  el_after_av_one_fifth  el_before_av_one_fifth  and-more column-top-margin\" style='border-radius:0px; ' data-link-column-url=\"https:\/\/www.procarton.com\/fr\/why-cartons\/myths-facts\/\" ><a class=\"av-screen-reader-only\" href=\"https:\/\/www.procarton.com\/fr\/why-cartons\/myths-facts\/\" >Lier vers : Mythes et faits<\/a><\/p>\n<div  class='avia-image-container  av-styling-    avia-builder-el-32  el_before_av_textblock  avia-builder-el-first  avia-align-center'  itemprop=\"image\" itemscope=\"itemscope\" itemtype=\"https:\/\/schema.org\/ImageObject\"  >\n<div class='avia-image-container-inner'>\n<div class='avia-image-overlay-wrap'><img decoding=\"async\" width=\"495\" height=\"400\" class='wp-image-267726 avia-img-lazy-loading-not-267726 avia_image' src=\"https:\/\/www.procarton.com\/wp-content\/uploads\/2019\/08\/Two-Sides-2018-Myths-Facts-495x400.png\" alt='' title='Mythes et r\u00e9alit\u00e9s de Two Sides 2018'  itemprop=\"thumbnailUrl\"  \/><\/div>\n<\/div>\n<\/div>\n<section class=\"av_textblock_section\"  itemscope=\"itemscope\" itemtype=\"https:\/\/schema.org\/CreativeWork\" >\n<div class='avia_textblock'   itemprop=\"text\" >\n<h4>Mythes et faits<\/h4>\n<\/div>\n<\/section>\n<\/div>\n<div class=\"av-animated-generic top-to-bottom flex_column av_one_fifth  flex_column_div av-zero-column-padding avia-link-column av-column-link   avia-builder-el-34  el_after_av_one_fifth  avia-builder-el-last  and-more column-top-margin\" style='border-radius:0px; ' data-link-column-url=\"https:\/\/www.procarton.com\/fr\/why-cartons\/carbon-footprint\/\" ><a class=\"av-screen-reader-only\" href=\"https:\/\/www.procarton.com\/fr\/why-cartons\/carbon-footprint\/\" >Lier vers : Empreinte carbone<\/a><\/p>\n<div  class='avia-image-container  av-styling-    avia-builder-el-35  el_before_av_textblock  avia-builder-el-first  avia-align-center'  itemprop=\"image\" itemscope=\"itemscope\" itemtype=\"https:\/\/schema.org\/ImageObject\"  >\n<div class='avia-image-container-inner'>\n<div class='avia-image-overlay-wrap'><img decoding=\"async\" width=\"489\" height=\"400\" class='wp-image-285369 avia-img-lazy-loading-not-285369 avia_image' src=\"https:\/\/www.procarton.com\/wp-content\/uploads\/2023\/03\/Carbon-Footprint-2023-489x400.png\" alt='' title='Empreinte carbone 2023'  itemprop=\"thumbnailUrl\"  \/><\/div>\n<\/div>\n<\/div>\n<section class=\"av_textblock_section\"  itemscope=\"itemscope\" itemtype=\"https:\/\/schema.org\/CreativeWork\" >\n<div class='avia_textblock'   itemprop=\"text\" >\n<h4>Empreinte carbone<\/h4>\n<\/div>\n<\/section>\n<\/div>","protected":false},"excerpt":{"rendered":"","protected":false},"author":1,"featured_media":282451,"parent":149,"menu_order":7,"comment_status":"closed","ping_status":"closed","template":"","meta":{"inline_featured_image":false,"footnotes":""},"class_list":["post-315","page","type-page","status-publish","has-post-thumbnail","hentry"],"yoast_head":"<!-- This site is optimized with the Yoast SEO plugin v27.5 - https:\/\/yoast.com\/product\/yoast-seo-wordpress\/ -->\n<title>Resource Efficiency - Pro Carton<\/title>\n<meta name=\"robots\" content=\"index, follow, max-snippet:-1, max-image-preview:large, max-video-preview:-1\" \/>\n<link rel=\"canonical\" href=\"https:\/\/www.procarton.com\/fr\/why-cartons\/resource-efficiency\/\" \/>\n<meta property=\"og:locale\" content=\"fr_FR\" \/>\n<meta property=\"og:type\" content=\"article\" \/>\n<meta property=\"og:title\" content=\"Resource Efficiency - Pro Carton\" \/>\n<meta property=\"og:url\" content=\"https:\/\/www.procarton.com\/fr\/why-cartons\/resource-efficiency\/\" \/>\n<meta property=\"og:site_name\" content=\"Pro Carton\" \/>\n<meta property=\"article:publisher\" content=\"https:\/\/www.facebook.com\/procartondesignaward\/\" \/>\n<meta property=\"article:modified_time\" content=\"2023-03-06T12:02:28+00:00\" \/>\n<meta property=\"og:image\" content=\"https:\/\/www.procarton.com\/wp-content\/uploads\/2022\/10\/Water-Footprint-Resources-6.png\" \/>\n\t<meta property=\"og:image:width\" content=\"1583\" \/>\n\t<meta property=\"og:image:height\" content=\"888\" \/>\n\t<meta property=\"og:image:type\" content=\"image\/png\" \/>\n<meta name=\"twitter:card\" content=\"summary_large_image\" \/>\n<meta name=\"twitter:site\" content=\"@pro_carton\" \/>\n<meta name=\"twitter:label1\" content=\"Dur\u00e9e de lecture estim\u00e9e\" \/>\n\t<meta name=\"twitter:data1\" content=\"24 minutes\" \/>\n<script type=\"application\/ld+json\" class=\"yoast-schema-graph\">{\"@context\":\"https:\\\/\\\/schema.org\",\"@graph\":[{\"@type\":\"WebPage\",\"@id\":\"https:\\\/\\\/www.procarton.com\\\/why-cartons\\\/resource-efficiency\\\/\",\"url\":\"https:\\\/\\\/www.procarton.com\\\/why-cartons\\\/resource-efficiency\\\/\",\"name\":\"Resource Efficiency - Pro Carton\",\"isPartOf\":{\"@id\":\"https:\\\/\\\/www.procarton.com\\\/es\\\/#website\"},\"primaryImageOfPage\":{\"@id\":\"https:\\\/\\\/www.procarton.com\\\/why-cartons\\\/resource-efficiency\\\/#primaryimage\"},\"image\":{\"@id\":\"https:\\\/\\\/www.procarton.com\\\/why-cartons\\\/resource-efficiency\\\/#primaryimage\"},\"thumbnailUrl\":\"https:\\\/\\\/www.procarton.com\\\/wp-content\\\/uploads\\\/2022\\\/10\\\/Water-Footprint-Resources-6.png\",\"datePublished\":\"2021-08-04T15:08:30+00:00\",\"dateModified\":\"2023-03-06T12:02:28+00:00\",\"breadcrumb\":{\"@id\":\"https:\\\/\\\/www.procarton.com\\\/why-cartons\\\/resource-efficiency\\\/#breadcrumb\"},\"inLanguage\":\"fr-FR\",\"potentialAction\":[{\"@type\":\"ReadAction\",\"target\":[\"https:\\\/\\\/www.procarton.com\\\/why-cartons\\\/resource-efficiency\\\/\"]}]},{\"@type\":\"ImageObject\",\"inLanguage\":\"fr-FR\",\"@id\":\"https:\\\/\\\/www.procarton.com\\\/why-cartons\\\/resource-efficiency\\\/#primaryimage\",\"url\":\"https:\\\/\\\/www.procarton.com\\\/wp-content\\\/uploads\\\/2022\\\/10\\\/Water-Footprint-Resources-6.png\",\"contentUrl\":\"https:\\\/\\\/www.procarton.com\\\/wp-content\\\/uploads\\\/2022\\\/10\\\/Water-Footprint-Resources-6.png\",\"width\":1583,\"height\":888},{\"@type\":\"BreadcrumbList\",\"@id\":\"https:\\\/\\\/www.procarton.com\\\/why-cartons\\\/resource-efficiency\\\/#breadcrumb\",\"itemListElement\":[{\"@type\":\"ListItem\",\"position\":1,\"name\":\"Home\",\"item\":\"https:\\\/\\\/www.procarton.com\\\/\"},{\"@type\":\"ListItem\",\"position\":2,\"name\":\"Why Cartons?\",\"item\":\"https:\\\/\\\/www.procarton.com\\\/why-cartons\\\/\"},{\"@type\":\"ListItem\",\"position\":3,\"name\":\"Resource Efficiency\"}]},{\"@type\":\"WebSite\",\"@id\":\"https:\\\/\\\/www.procarton.com\\\/es\\\/#website\",\"url\":\"https:\\\/\\\/www.procarton.com\\\/es\\\/\",\"name\":\"Pro Carton\",\"description\":\"\",\"publisher\":{\"@id\":\"https:\\\/\\\/www.procarton.com\\\/es\\\/#organization\"},\"potentialAction\":[{\"@type\":\"SearchAction\",\"target\":{\"@type\":\"EntryPoint\",\"urlTemplate\":\"https:\\\/\\\/www.procarton.com\\\/es\\\/?s={search_term_string}\"},\"query-input\":{\"@type\":\"PropertyValueSpecification\",\"valueRequired\":true,\"valueName\":\"search_term_string\"}}],\"inLanguage\":\"fr-FR\"},{\"@type\":\"Organization\",\"@id\":\"https:\\\/\\\/www.procarton.com\\\/es\\\/#organization\",\"name\":\"ProCarton\",\"url\":\"https:\\\/\\\/www.procarton.com\\\/es\\\/\",\"logo\":{\"@type\":\"ImageObject\",\"inLanguage\":\"fr-FR\",\"@id\":\"https:\\\/\\\/www.procarton.com\\\/es\\\/#\\\/schema\\\/logo\\\/image\\\/\",\"url\":\"https:\\\/\\\/www.procarton.com\\\/wp-content\\\/uploads\\\/2022\\\/06\\\/logo-mit-slogan.jpg\",\"contentUrl\":\"https:\\\/\\\/www.procarton.com\\\/wp-content\\\/uploads\\\/2022\\\/06\\\/logo-mit-slogan.jpg\",\"width\":422,\"height\":519,\"caption\":\"ProCarton\"},\"image\":{\"@id\":\"https:\\\/\\\/www.procarton.com\\\/es\\\/#\\\/schema\\\/logo\\\/image\\\/\"},\"sameAs\":[\"https:\\\/\\\/www.facebook.com\\\/procartondesignaward\\\/\",\"https:\\\/\\\/x.com\\\/pro_carton\"]}]}<\/script>\n<!-- \/ Yoast SEO plugin. -->","yoast_head_json":{"title":"Efficacit\u00e9 des ressources - Pro Carton","robots":{"index":"index","follow":"follow","max-snippet":"max-snippet:-1","max-image-preview":"max-image-preview:large","max-video-preview":"max-video-preview:-1"},"canonical":"https:\/\/www.procarton.com\/fr\/why-cartons\/resource-efficiency\/","og_locale":"fr_FR","og_type":"article","og_title":"Resource Efficiency - Pro Carton","og_url":"https:\/\/www.procarton.com\/fr\/why-cartons\/resource-efficiency\/","og_site_name":"Pro Carton","article_publisher":"https:\/\/www.facebook.com\/procartondesignaward\/","article_modified_time":"2023-03-06T12:02:28+00:00","og_image":[{"width":1583,"height":888,"url":"https:\/\/www.procarton.com\/wp-content\/uploads\/2022\/10\/Water-Footprint-Resources-6.png","type":"image\/png"}],"twitter_card":"summary_large_image","twitter_site":"@pro_carton","twitter_misc":{"Dur\u00e9e de lecture estim\u00e9e":"24 minutes"},"schema":{"@context":"https:\/\/schema.org","@graph":[{"@type":"WebPage","@id":"https:\/\/www.procarton.com\/why-cartons\/resource-efficiency\/","url":"https:\/\/www.procarton.com\/why-cartons\/resource-efficiency\/","name":"Efficacit\u00e9 des ressources - Pro Carton","isPartOf":{"@id":"https:\/\/www.procarton.com\/es\/#website"},"primaryImageOfPage":{"@id":"https:\/\/www.procarton.com\/why-cartons\/resource-efficiency\/#primaryimage"},"image":{"@id":"https:\/\/www.procarton.com\/why-cartons\/resource-efficiency\/#primaryimage"},"thumbnailUrl":"https:\/\/www.procarton.com\/wp-content\/uploads\/2022\/10\/Water-Footprint-Resources-6.png","datePublished":"2021-08-04T15:08:30+00:00","dateModified":"2023-03-06T12:02:28+00:00","breadcrumb":{"@id":"https:\/\/www.procarton.com\/why-cartons\/resource-efficiency\/#breadcrumb"},"inLanguage":"fr-FR","potentialAction":[{"@type":"ReadAction","target":["https:\/\/www.procarton.com\/why-cartons\/resource-efficiency\/"]}]},{"@type":"ImageObject","inLanguage":"fr-FR","@id":"https:\/\/www.procarton.com\/why-cartons\/resource-efficiency\/#primaryimage","url":"https:\/\/www.procarton.com\/wp-content\/uploads\/2022\/10\/Water-Footprint-Resources-6.png","contentUrl":"https:\/\/www.procarton.com\/wp-content\/uploads\/2022\/10\/Water-Footprint-Resources-6.png","width":1583,"height":888},{"@type":"BreadcrumbList","@id":"https:\/\/www.procarton.com\/why-cartons\/resource-efficiency\/#breadcrumb","itemListElement":[{"@type":"ListItem","position":1,"name":"Home","item":"https:\/\/www.procarton.com\/"},{"@type":"ListItem","position":2,"name":"Why Cartons?","item":"https:\/\/www.procarton.com\/why-cartons\/"},{"@type":"ListItem","position":3,"name":"Resource Efficiency"}]},{"@type":"WebSite","@id":"https:\/\/www.procarton.com\/es\/#website","url":"https:\/\/www.procarton.com\/es\/","name":"Pro Carton","description":"","publisher":{"@id":"https:\/\/www.procarton.com\/es\/#organization"},"potentialAction":[{"@type":"SearchAction","target":{"@type":"EntryPoint","urlTemplate":"https:\/\/www.procarton.com\/es\/?s={search_term_string}"},"query-input":{"@type":"PropertyValueSpecification","valueRequired":true,"valueName":"search_term_string"}}],"inLanguage":"fr-FR"},{"@type":"Organization","@id":"https:\/\/www.procarton.com\/es\/#organization","name":"ProCarton","url":"https:\/\/www.procarton.com\/es\/","logo":{"@type":"ImageObject","inLanguage":"fr-FR","@id":"https:\/\/www.procarton.com\/es\/#\/schema\/logo\/image\/","url":"https:\/\/www.procarton.com\/wp-content\/uploads\/2022\/06\/logo-mit-slogan.jpg","contentUrl":"https:\/\/www.procarton.com\/wp-content\/uploads\/2022\/06\/logo-mit-slogan.jpg","width":422,"height":519,"caption":"ProCarton"},"image":{"@id":"https:\/\/www.procarton.com\/es\/#\/schema\/logo\/image\/"},"sameAs":["https:\/\/www.facebook.com\/procartondesignaward\/","https:\/\/x.com\/pro_carton"]}]}},"_links":{"self":[{"href":"https:\/\/www.procarton.com\/fr\/wp-json\/wp\/v2\/pages\/315","targetHints":{"allow":["GET"]}}],"collection":[{"href":"https:\/\/www.procarton.com\/fr\/wp-json\/wp\/v2\/pages"}],"about":[{"href":"https:\/\/www.procarton.com\/fr\/wp-json\/wp\/v2\/types\/page"}],"author":[{"embeddable":true,"href":"https:\/\/www.procarton.com\/fr\/wp-json\/wp\/v2\/users\/1"}],"replies":[{"embeddable":true,"href":"https:\/\/www.procarton.com\/fr\/wp-json\/wp\/v2\/comments?post=315"}],"version-history":[{"count":101,"href":"https:\/\/www.procarton.com\/fr\/wp-json\/wp\/v2\/pages\/315\/revisions"}],"predecessor-version":[{"id":285383,"href":"https:\/\/www.procarton.com\/fr\/wp-json\/wp\/v2\/pages\/315\/revisions\/285383"}],"up":[{"embeddable":true,"href":"https:\/\/www.procarton.com\/fr\/wp-json\/wp\/v2\/pages\/149"}],"wp:featuredmedia":[{"embeddable":true,"href":"https:\/\/www.procarton.com\/fr\/wp-json\/wp\/v2\/media\/282451"}],"wp:attachment":[{"href":"https:\/\/www.procarton.com\/fr\/wp-json\/wp\/v2\/media?parent=315"}],"curies":[{"name":"wp","href":"https:\/\/api.w.org\/{rel}","templated":true}]}}