{"id":258276,"date":"2021-03-12T10:33:59","date_gmt":"2021-03-12T10:33:59","guid":{"rendered":"https:\/\/www.procarton.com\/awards\/european-carton-excellence-award\/2014\/"},"modified":"2022-03-31T22:52:54","modified_gmt":"2022-03-31T21:52:54","slug":"2014-2","status":"publish","type":"page","link":"https:\/\/www.procarton.com\/fr\/awards\/european-carton-excellence-award\/2014-2\/","title":{"rendered":"2014"},"content":{"rendered":"<div class=\"av-animated-generic top-to-bottom flex_column av_two_third  flex_column_div av-zero-column-padding first  avia-builder-el-0  el_before_av_one_third  avia-builder-el-first\" style='border-radius:0px; '><section class=\"av_textblock_section\"  itemscope=\"itemscope\" itemtype=\"https:\/\/schema.org\/CreativeWork\" ><div class='avia_textblock'   itemprop=\"text\" ><p>Les prix annuels Pro Carton ECMA Awards, qui r\u00e9compensent les meilleurs emballages en carton sur les march\u00e9s, sont d\u00e9cern\u00e9s depuis dix-huit ans maintenant et comptent parmi les prix les plus convoit\u00e9s de leur cat\u00e9gorie.<\/p>\n<p>Les concepts prim\u00e9s ont fourni \u00e0 de nombreuses personnes un tremplin pour d'autres id\u00e9es, d'autant plus que les solutions d'emballage durables deviennent de plus en plus importantes et sont tr\u00e8s demand\u00e9es par les consommateurs.<\/p>\n<p>Le Award est ouvert \u00e0 tous les partenaires de la cha\u00eene d'approvisionnement :<\/p>\n<ul class=\"wp-block-list\">\n<li>Producteurs de carton<\/li>\n<li>Convertisseurs<\/li>\n<li>Designers<\/li>\n<li>Propri\u00e9taires de la marque<\/li>\n<li>Vente au d\u00e9tail<\/li>\n<\/ul>\n<p>Cat\u00e9gories<\/p>\n<ul class=\"wp-block-list\">\n<li>Boissons<\/li>\n<li>Confiserie<\/li>\n<li>Beaut\u00e9 et cosm\u00e9tiques<\/li>\n<li>Alimentation<\/li>\n<li>Non alimentaire<\/li>\n<li>Produits pharmaceutiques<\/li>\n<li>Pr\u00eat \u00e0 \u00eatre mis en rayon et pr\u00e9sent\u00e9<\/li>\n<li>March\u00e9s de volume<\/li>\n<\/ul>\n<p>Sp\u00e9cial Awards<\/p>\n<ul class=\"wp-block-list\">\n<li>Carton of the Year<\/li>\n<li>Le plus innovant<\/li>\n<li>Sustainability Award<\/li>\n<\/ul>\n<p>Pour plus d'informations, veuillez contacter\u00a0<a href=\"mailto:info@procarton.com\">info@procarton.com<\/a><\/p>\n<\/div><\/section><\/div><div class=\"av-animated-generic top-to-bottom flex_column av_one_third  flex_column_div av-zero-column-padding   avia-builder-el-2  el_after_av_two_third  avia-builder-el-last\" style='border-radius:0px; '><p><div  class='avia-image-container  av-styling-no-styling    avia-builder-el-3  el_before_av_button  avia-builder-el-first  avia-align-center'  itemprop=\"image\" itemscope=\"itemscope\" itemtype=\"https:\/\/schema.org\/ImageObject\"  ><div class='avia-image-container-inner'><div class='avia-image-overlay-wrap'><img decoding=\"async\" width=\"212\" height=\"300\" class='wp-image-258547 avia-img-lazy-loading-not-258547 avia_image' src=\"https:\/\/www.procarton.com\/wp-content\/uploads\/2021\/03\/award_brochure_2014_cover_e-212x300.jpeg\" alt='' title='award_brochure_2014_cover_e'  itemprop=\"thumbnailUrl\" srcset=\"https:\/\/www.procarton.com\/wp-content\/uploads\/2021\/03\/award_brochure_2014_cover_e-212x300.jpeg 212w, https:\/\/www.procarton.com\/wp-content\/uploads\/2021\/03\/award_brochure_2014_cover_e-8x12.jpeg 8w, https:\/\/www.procarton.com\/wp-content\/uploads\/2021\/03\/award_brochure_2014_cover_e-499x705.jpeg 499w, https:\/\/www.procarton.com\/wp-content\/uploads\/2021\/03\/award_brochure_2014_cover_e.jpeg 596w\" sizes=\"(max-width: 212px) 100vw, 212px\" \/><\/div><\/div><\/div><br \/>\n<div  class='avia-button-wrap avia-button-center  avia-builder-el-4  el_after_av_image  avia-builder-el-last' ><a href='https:\/\/www.procarton.com\/fr\/publication\/pro-carton-ecma-award-2014\/'  class='avia-button av-icon-on-hover avia-color-theme-color   avia-icon_select-yes-left-icon avia-size-small avia-position-center'   ><span class='avia_button_icon avia_button_icon_left' aria-hidden='true' data-av_icon='\ue800' data-av_iconfont='entypo-fontello'><\/span><span class='avia_iconbox_title' >T\u00e9l\u00e9charger la brochure sur les prix<\/span><\/a><\/div><\/p><\/div>","protected":false},"excerpt":{"rendered":"","protected":false},"author":1,"featured_media":258544,"parent":243707,"menu_order":13,"comment_status":"closed","ping_status":"closed","template":"templates\/award_details_page.php","meta":{"inline_featured_image":false,"footnotes":""},"class_list":["post-258276","page","type-page","status-publish","has-post-thumbnail","hentry"],"yoast_head":"<!-- This site is optimized with the Yoast SEO plugin v27.4 - https:\/\/yoast.com\/product\/yoast-seo-wordpress\/ -->\n<title>2014 - Pro Carton<\/title>\n<meta name=\"robots\" content=\"index, follow, max-snippet:-1, max-image-preview:large, max-video-preview:-1\" \/>\n<link rel=\"canonical\" href=\"https:\/\/www.procarton.com\/fr\/awards\/european-carton-excellence-award\/2014-2\/\" \/>\n<meta property=\"og:locale\" content=\"fr_FR\" \/>\n<meta property=\"og:type\" content=\"article\" \/>\n<meta property=\"og:title\" content=\"2014 - Pro Carton\" \/>\n<meta property=\"og:url\" content=\"https:\/\/www.procarton.com\/fr\/awards\/european-carton-excellence-award\/2014-2\/\" \/>\n<meta property=\"og:site_name\" content=\"Pro Carton\" \/>\n<meta property=\"article:publisher\" content=\"https:\/\/www.facebook.com\/procartondesignaward\/\" \/>\n<meta property=\"article:modified_time\" content=\"2022-03-31T21:52:54+00:00\" \/>\n<meta property=\"og:image\" content=\"https:\/\/www.procarton.com\/wp-content\/uploads\/2021\/03\/2014.jpeg\" \/>\n\t<meta property=\"og:image:width\" content=\"940\" \/>\n\t<meta property=\"og:image:height\" content=\"352\" \/>\n\t<meta property=\"og:image:type\" content=\"image\/jpeg\" \/>\n<meta name=\"twitter:card\" content=\"summary_large_image\" \/>\n<meta name=\"twitter:site\" content=\"@pro_carton\" \/>\n<meta name=\"twitter:label1\" content=\"Dur\u00e9e de lecture estim\u00e9e\" \/>\n\t<meta name=\"twitter:data1\" content=\"1 minute\" \/>\n<script type=\"application\/ld+json\" class=\"yoast-schema-graph\">{\"@context\":\"https:\\\/\\\/schema.org\",\"@graph\":[{\"@type\":\"WebPage\",\"@id\":\"https:\\\/\\\/www.procarton.com\\\/es\\\/awards\\\/european-carton-excellence-award\\\/2014-2\\\/\",\"url\":\"https:\\\/\\\/www.procarton.com\\\/es\\\/awards\\\/european-carton-excellence-award\\\/2014-2\\\/\",\"name\":\"2014 - Pro Carton\",\"isPartOf\":{\"@id\":\"https:\\\/\\\/www.procarton.com\\\/es\\\/#website\"},\"primaryImageOfPage\":{\"@id\":\"https:\\\/\\\/www.procarton.com\\\/es\\\/awards\\\/european-carton-excellence-award\\\/2014-2\\\/#primaryimage\"},\"image\":{\"@id\":\"https:\\\/\\\/www.procarton.com\\\/es\\\/awards\\\/european-carton-excellence-award\\\/2014-2\\\/#primaryimage\"},\"thumbnailUrl\":\"https:\\\/\\\/www.procarton.com\\\/wp-content\\\/uploads\\\/2021\\\/03\\\/2014.jpeg\",\"datePublished\":\"2021-03-12T10:33:59+00:00\",\"dateModified\":\"2022-03-31T21:52:54+00:00\",\"breadcrumb\":{\"@id\":\"https:\\\/\\\/www.procarton.com\\\/es\\\/awards\\\/european-carton-excellence-award\\\/2014-2\\\/#breadcrumb\"},\"inLanguage\":\"fr-FR\",\"potentialAction\":[{\"@type\":\"ReadAction\",\"target\":[\"https:\\\/\\\/www.procarton.com\\\/es\\\/awards\\\/european-carton-excellence-award\\\/2014-2\\\/\"]}]},{\"@type\":\"ImageObject\",\"inLanguage\":\"fr-FR\",\"@id\":\"https:\\\/\\\/www.procarton.com\\\/es\\\/awards\\\/european-carton-excellence-award\\\/2014-2\\\/#primaryimage\",\"url\":\"https:\\\/\\\/www.procarton.com\\\/wp-content\\\/uploads\\\/2021\\\/03\\\/2014.jpeg\",\"contentUrl\":\"https:\\\/\\\/www.procarton.com\\\/wp-content\\\/uploads\\\/2021\\\/03\\\/2014.jpeg\",\"width\":940,\"height\":352},{\"@type\":\"BreadcrumbList\",\"@id\":\"https:\\\/\\\/www.procarton.com\\\/es\\\/awards\\\/european-carton-excellence-award\\\/2014-2\\\/#breadcrumb\",\"itemListElement\":[{\"@type\":\"ListItem\",\"position\":1,\"name\":\"Home\",\"item\":\"https:\\\/\\\/www.procarton.com\\\/\"},{\"@type\":\"ListItem\",\"position\":2,\"name\":\"Awards\",\"item\":\"https:\\\/\\\/www.procarton.com\\\/awards\\\/\"},{\"@type\":\"ListItem\",\"position\":3,\"name\":\"European Carton Excellence Award\",\"item\":\"https:\\\/\\\/www.procarton.com\\\/awards\\\/european-carton-excellence-award\\\/\"},{\"@type\":\"ListItem\",\"position\":4,\"name\":\"2014\"}]},{\"@type\":\"WebSite\",\"@id\":\"https:\\\/\\\/www.procarton.com\\\/es\\\/#website\",\"url\":\"https:\\\/\\\/www.procarton.com\\\/es\\\/\",\"name\":\"Pro Carton\",\"description\":\"\",\"publisher\":{\"@id\":\"https:\\\/\\\/www.procarton.com\\\/es\\\/#organization\"},\"potentialAction\":[{\"@type\":\"SearchAction\",\"target\":{\"@type\":\"EntryPoint\",\"urlTemplate\":\"https:\\\/\\\/www.procarton.com\\\/es\\\/?s={search_term_string}\"},\"query-input\":{\"@type\":\"PropertyValueSpecification\",\"valueRequired\":true,\"valueName\":\"search_term_string\"}}],\"inLanguage\":\"fr-FR\"},{\"@type\":\"Organization\",\"@id\":\"https:\\\/\\\/www.procarton.com\\\/es\\\/#organization\",\"name\":\"ProCarton\",\"url\":\"https:\\\/\\\/www.procarton.com\\\/es\\\/\",\"logo\":{\"@type\":\"ImageObject\",\"inLanguage\":\"fr-FR\",\"@id\":\"https:\\\/\\\/www.procarton.com\\\/es\\\/#\\\/schema\\\/logo\\\/image\\\/\",\"url\":\"https:\\\/\\\/www.procarton.com\\\/wp-content\\\/uploads\\\/2022\\\/06\\\/logo-mit-slogan.jpg\",\"contentUrl\":\"https:\\\/\\\/www.procarton.com\\\/wp-content\\\/uploads\\\/2022\\\/06\\\/logo-mit-slogan.jpg\",\"width\":422,\"height\":519,\"caption\":\"ProCarton\"},\"image\":{\"@id\":\"https:\\\/\\\/www.procarton.com\\\/es\\\/#\\\/schema\\\/logo\\\/image\\\/\"},\"sameAs\":[\"https:\\\/\\\/www.facebook.com\\\/procartondesignaward\\\/\",\"https:\\\/\\\/x.com\\\/pro_carton\"]}]}<\/script>\n<!-- \/ Yoast SEO plugin. -->","yoast_head_json":{"title":"2014 - Carton Pro","robots":{"index":"index","follow":"follow","max-snippet":"max-snippet:-1","max-image-preview":"max-image-preview:large","max-video-preview":"max-video-preview:-1"},"canonical":"https:\/\/www.procarton.com\/fr\/awards\/european-carton-excellence-award\/2014-2\/","og_locale":"fr_FR","og_type":"article","og_title":"2014 - Pro Carton","og_url":"https:\/\/www.procarton.com\/fr\/awards\/european-carton-excellence-award\/2014-2\/","og_site_name":"Pro Carton","article_publisher":"https:\/\/www.facebook.com\/procartondesignaward\/","article_modified_time":"2022-03-31T21:52:54+00:00","og_image":[{"width":940,"height":352,"url":"https:\/\/www.procarton.com\/wp-content\/uploads\/2021\/03\/2014.jpeg","type":"image\/jpeg"}],"twitter_card":"summary_large_image","twitter_site":"@pro_carton","twitter_misc":{"Dur\u00e9e de lecture estim\u00e9e":"1 minute"},"schema":{"@context":"https:\/\/schema.org","@graph":[{"@type":"WebPage","@id":"https:\/\/www.procarton.com\/es\/awards\/european-carton-excellence-award\/2014-2\/","url":"https:\/\/www.procarton.com\/es\/awards\/european-carton-excellence-award\/2014-2\/","name":"2014 - Carton Pro","isPartOf":{"@id":"https:\/\/www.procarton.com\/es\/#website"},"primaryImageOfPage":{"@id":"https:\/\/www.procarton.com\/es\/awards\/european-carton-excellence-award\/2014-2\/#primaryimage"},"image":{"@id":"https:\/\/www.procarton.com\/es\/awards\/european-carton-excellence-award\/2014-2\/#primaryimage"},"thumbnailUrl":"https:\/\/www.procarton.com\/wp-content\/uploads\/2021\/03\/2014.jpeg","datePublished":"2021-03-12T10:33:59+00:00","dateModified":"2022-03-31T21:52:54+00:00","breadcrumb":{"@id":"https:\/\/www.procarton.com\/es\/awards\/european-carton-excellence-award\/2014-2\/#breadcrumb"},"inLanguage":"fr-FR","potentialAction":[{"@type":"ReadAction","target":["https:\/\/www.procarton.com\/es\/awards\/european-carton-excellence-award\/2014-2\/"]}]},{"@type":"ImageObject","inLanguage":"fr-FR","@id":"https:\/\/www.procarton.com\/es\/awards\/european-carton-excellence-award\/2014-2\/#primaryimage","url":"https:\/\/www.procarton.com\/wp-content\/uploads\/2021\/03\/2014.jpeg","contentUrl":"https:\/\/www.procarton.com\/wp-content\/uploads\/2021\/03\/2014.jpeg","width":940,"height":352},{"@type":"BreadcrumbList","@id":"https:\/\/www.procarton.com\/es\/awards\/european-carton-excellence-award\/2014-2\/#breadcrumb","itemListElement":[{"@type":"ListItem","position":1,"name":"Home","item":"https:\/\/www.procarton.com\/"},{"@type":"ListItem","position":2,"name":"Awards","item":"https:\/\/www.procarton.com\/awards\/"},{"@type":"ListItem","position":3,"name":"European Carton Excellence Award","item":"https:\/\/www.procarton.com\/awards\/european-carton-excellence-award\/"},{"@type":"ListItem","position":4,"name":"2014"}]},{"@type":"WebSite","@id":"https:\/\/www.procarton.com\/es\/#website","url":"https:\/\/www.procarton.com\/es\/","name":"Pro Carton","description":"","publisher":{"@id":"https:\/\/www.procarton.com\/es\/#organization"},"potentialAction":[{"@type":"SearchAction","target":{"@type":"EntryPoint","urlTemplate":"https:\/\/www.procarton.com\/es\/?s={search_term_string}"},"query-input":{"@type":"PropertyValueSpecification","valueRequired":true,"valueName":"search_term_string"}}],"inLanguage":"fr-FR"},{"@type":"Organization","@id":"https:\/\/www.procarton.com\/es\/#organization","name":"ProCarton","url":"https:\/\/www.procarton.com\/es\/","logo":{"@type":"ImageObject","inLanguage":"fr-FR","@id":"https:\/\/www.procarton.com\/es\/#\/schema\/logo\/image\/","url":"https:\/\/www.procarton.com\/wp-content\/uploads\/2022\/06\/logo-mit-slogan.jpg","contentUrl":"https:\/\/www.procarton.com\/wp-content\/uploads\/2022\/06\/logo-mit-slogan.jpg","width":422,"height":519,"caption":"ProCarton"},"image":{"@id":"https:\/\/www.procarton.com\/es\/#\/schema\/logo\/image\/"},"sameAs":["https:\/\/www.facebook.com\/procartondesignaward\/","https:\/\/x.com\/pro_carton"]}]}},"_links":{"self":[{"href":"https:\/\/www.procarton.com\/fr\/wp-json\/wp\/v2\/pages\/258276","targetHints":{"allow":["GET"]}}],"collection":[{"href":"https:\/\/www.procarton.com\/fr\/wp-json\/wp\/v2\/pages"}],"about":[{"href":"https:\/\/www.procarton.com\/fr\/wp-json\/wp\/v2\/types\/page"}],"author":[{"embeddable":true,"href":"https:\/\/www.procarton.com\/fr\/wp-json\/wp\/v2\/users\/1"}],"replies":[{"embeddable":true,"href":"https:\/\/www.procarton.com\/fr\/wp-json\/wp\/v2\/comments?post=258276"}],"version-history":[{"count":5,"href":"https:\/\/www.procarton.com\/fr\/wp-json\/wp\/v2\/pages\/258276\/revisions"}],"predecessor-version":[{"id":276484,"href":"https:\/\/www.procarton.com\/fr\/wp-json\/wp\/v2\/pages\/258276\/revisions\/276484"}],"up":[{"embeddable":true,"href":"https:\/\/www.procarton.com\/fr\/wp-json\/wp\/v2\/pages\/243707"}],"wp:featuredmedia":[{"embeddable":true,"href":"https:\/\/www.procarton.com\/fr\/wp-json\/wp\/v2\/media\/258544"}],"wp:attachment":[{"href":"https:\/\/www.procarton.com\/fr\/wp-json\/wp\/v2\/media?parent=258276"}],"curies":[{"name":"wp","href":"https:\/\/api.w.org\/{rel}","templated":true}]}}