{"id":38,"date":"2021-07-27T16:27:12","date_gmt":"2021-07-27T15:27:12","guid":{"rendered":"https:\/\/www.procarton.com\/?page_id=38"},"modified":"2026-03-11T16:40:51","modified_gmt":"2026-03-11T16:40:51","slug":"home","status":"publish","type":"page","link":"https:\/\/www.procarton.com\/de\/","title":{"rendered":"Startseite"},"content":{"rendered":"<div id='av_section_1'  class='avia-section main_color avia-section-no-padding avia-no-border-styling  avia-bg-style-scroll  avia-builder-el-0  el_before_av_section  avia-builder-el-first  about-container  container_wrap fullsize' style=' '  >\n<div class='container' ><main  role=\"main\" itemprop=\"mainContentOfPage\"  class='template-page content  av-content-full alpha units'><\/p>\n<div class='post-entry post-entry-type-page post-entry-38'>\n<div class='entry-content-wrapper clearfix'>\n<div class=\"av-animated-generic top-to-bottom flex_column av_one_half  av-animated-generic top-to-bottom  flex_column_div av-zero-column-padding first  avia-builder-el-1  el_before_av_one_half  avia-builder-el-first\" style='border-radius:0px; '>\n<section class=\"av_textblock_section\"  itemscope=\"itemscope\" itemtype=\"https:\/\/schema.org\/CreativeWork\" >\n<div class='avia_textblock'   itemprop=\"text\" >\n<h1>Europ\u00e4ischer Verband der Karton- und Faltschachtelhersteller<\/h1>\n<p>Pro Carton wirbt bei Markeninhabern, Einzelh\u00e4ndlern, Designern, Medien und politischen Entscheidungstr\u00e4gern in der EU f\u00fcr die Funktionen und Vorteile von Karton und Pappe als erneuerbares, recycelbares und wettbewerbsf\u00e4higes Verpackungsmaterial.  Die nat\u00fcrliche und bevorzugte Wahl f\u00fcr verantwortungsbewusste Nutzer.<\/p>\n<p><a href=\"https:\/\/www.procarton.com\/about\/\">Mehr erfahren<\/a><\/p>\n<\/div>\n<\/section>\n<\/div>\n<div class=\"av-animated-generic top-to-bottom flex_column av_one_half  av-animated-generic top-to-bottom  flex_column_div av-zero-column-padding   avia-builder-el-3  el_after_av_one_half  avia-builder-el-last\" style='border-radius:0px; '>\n<section class=\"av_textblock_section\"  itemscope=\"itemscope\" itemtype=\"https:\/\/schema.org\/CreativeWork\" >\n<div class='avia_textblock'   itemprop=\"text\" >\n<h1>Die Antwort der Natur<\/h1>\n<p>Die Sch\u00f6nheit des Kartons liegt nicht allein in der \u00c4sthetik. Die tiefere Sch\u00f6nheit liegt darin, dass er wirklich nachhaltig ist. Erneuerbar, recycelbar und biologisch abbaubar.<\/p>\n<p><a href=\"\/why-cartons\/\">Mehr erfahren<\/a><\/p>\n<\/div>\n<\/section>\n<\/div>\n<\/div>\n<\/div>\n<p><\/main><!-- close content main element --><\/div>\n<\/div>\n<div id='home-news'  class='avia-section main_color avia-section-default avia-no-border-styling  avia-bg-style-scroll  avia-builder-el-5  el_after_av_section  el_before_av_section  swirl dark news-section  container_wrap fullsize' style='background-color: #228766;  margin-top:0px; margin-bottom:0px; '  >\n<div class='container' >\n<div class='template-page content  av-content-full alpha units'>\n<div class='post-entry post-entry-type-page post-entry-38'>\n<div class='entry-content-wrapper clearfix'>\n<div class=\"av-animated-generic top-to-bottom flex_column av_one_full  av-animated-generic top-to-bottom  flex_column_div av-zero-column-padding first  avia-builder-el-6  el_before_av_one_full  avia-builder-el-first\" style='border-radius:0px; '>\n<section class=\"av_textblock_section\"  itemscope=\"itemscope\" itemtype=\"https:\/\/schema.org\/CreativeWork\" >\n<div class='avia_textblock'   itemprop=\"text\" >\n<h2><a href=\"https:\/\/www.procarton.com\/news\/\">News<\/a><\/h2>\n<\/div>\n<\/section>\n<div  class='av-alb-blogposts template-blog  av-blog-meta-author-disabled av-blog-meta-comments-disabled av-blog-meta-category-disabled av-blog-meta-date-disabled av-blog-meta-html-info-disabled av-blog-meta-tag-disabled'  itemscope=\"itemscope\" itemtype=\"https:\/\/schema.org\/Blog\" >\n<article class='av-animated-generic top-to-bottom post-entry post-entry-type-standard post-entry-308309 post-loop-1 post-parity-odd single-big with-slider post-308309 post type-post status-publish format-standard has-post-thumbnail hentry category-sustainability'  itemscope=\"itemscope\" itemtype=\"https:\/\/schema.org\/BlogPosting\" >\n<div class=\"big-preview single-big\"  itemprop=\"image\" itemscope=\"itemscope\" itemtype=\"https:\/\/schema.org\/ImageObject\" ><a href=\"https:\/\/www.procarton.com\/de\/happy-global-recycling-day-2026\/\"  title=\"Global Reycling Day 2026\" ><img loading=\"lazy\" decoding=\"async\" width=\"1080\" height=\"1080\" src=\"https:\/\/www.procarton.com\/wp-content\/uploads\/2026\/03\/Global-Reycling-Day-2026.png\" class=\"wp-image-308310 avia-img-lazy-loading-308310 attachment-no scaling size-no scaling wp-post-image\" alt=\"\" srcset=\"https:\/\/www.procarton.com\/wp-content\/uploads\/2026\/03\/Global-Reycling-Day-2026.png 1080w, https:\/\/www.procarton.com\/wp-content\/uploads\/2026\/03\/Global-Reycling-Day-2026-300x300.png 300w, https:\/\/www.procarton.com\/wp-content\/uploads\/2026\/03\/Global-Reycling-Day-2026-1030x1030.png 1030w, https:\/\/www.procarton.com\/wp-content\/uploads\/2026\/03\/Global-Reycling-Day-2026-80x80.png 80w, https:\/\/www.procarton.com\/wp-content\/uploads\/2026\/03\/Global-Reycling-Day-2026-768x768.png 768w, https:\/\/www.procarton.com\/wp-content\/uploads\/2026\/03\/Global-Reycling-Day-2026-12x12.png 12w, https:\/\/www.procarton.com\/wp-content\/uploads\/2026\/03\/Global-Reycling-Day-2026-36x36.png 36w, https:\/\/www.procarton.com\/wp-content\/uploads\/2026\/03\/Global-Reycling-Day-2026-180x180.png 180w, https:\/\/www.procarton.com\/wp-content\/uploads\/2026\/03\/Global-Reycling-Day-2026-705x705.png 705w\" sizes=\"auto, (max-width: 1080px) 100vw, 1080px\" \/><\/a><\/div>\n<div class='blog-meta'><\/div>\n<div class='entry-content-wrapper clearfix standard-content'>\n<header class=\"entry-content-header\">\n<h2 class='post-title entry-title'  itemprop=\"headline\" ><a href='https:\/\/www.procarton.com\/de\/happy-global-recycling-day-2026\/' rel='bookmark' title='Permanenter Link zu: Happy Global Recycling Day 2026!'>Happy Global Recycling Day 2026!<span class='post-format-icon minor-meta'><\/span><\/a><\/h2>\n<p class=\"post-date\">18 M\u00e4rz 2026<\/p>\n<p><\/span><\/header>\n<div class=\"entry-content\"  itemprop=\"text\" >Pro Carton wishes you a Happy Global Recycling Day 2026!<\/div>\n<footer class=\"entry-footer\"><a class=\"post-find-out-more btn\" href=\"https:\/\/www.procarton.com\/de\/happy-global-recycling-day-2026\/\">Mehr erfahren<\/a><\/footer>\n<\/div>\n<div class='post_author_timeline'><\/div>\n<p><span class='hidden'><br \/>\n\t\t\t\t<span class='av-structured-data'  itemprop=\"image\" itemscope=\"itemscope\" itemtype=\"https:\/\/schema.org\/ImageObject\" ><br \/>\n\t\t\t\t\t\t<span itemprop='url'>https:\/\/www.procarton.com\/wp-content\/uploads\/2026\/03\/Global-Reycling-Day-2026.png<\/span><br \/>\n\t\t\t\t\t\t<span itemprop='height'>1080<\/span><br \/>\n\t\t\t\t\t\t<span itemprop='width'>1080<\/span><br \/>\n\t\t\t\t<\/span><br \/>\n\t\t\t\t<span class='av-structured-data'  itemprop=\"publisher\" itemtype=\"https:\/\/schema.org\/Organization\" itemscope=\"itemscope\" ><br \/>\n\t\t\t\t\t\t<span itemprop='name'>Brendan Khoo<\/span><br \/>\n\t\t\t\t\t\t<span itemprop='logo' itemscope itemtype='https:\/\/schema.org\/ImageObject'><br \/>\n\t\t\t\t\t\t\t<span itemprop='url'>https:\/\/www.procarton.com\/wp-content\/uploads\/2021\/12\/logo-232.png<\/span><br \/>\n\t\t\t\t\t\t <\/span><br \/>\n\t\t\t\t<\/span><span class='av-structured-data'  itemprop=\"author\" itemscope=\"itemscope\" itemtype=\"https:\/\/schema.org\/Person\" ><span itemprop='name'>Brendan Khoo<\/span><\/span><span class='av-structured-data'  itemprop=\"datePublished\" datetime=\"2026-03-18T13:28:15+00:00\" >2026-03-18 13:28:15<\/span><span class='av-structured-data'  itemprop=\"dateModified\" itemtype=\"https:\/\/schema.org\/dateModified\" >2026-03-18 13:31:52<\/span><span class='av-structured-data'  itemprop=\"mainEntityOfPage\" itemtype=\"https:\/\/schema.org\/mainEntityOfPage\" ><span itemprop='name'>Happy Global Recycling Day 2026!<\/span><\/span><\/span><\/article>\n<article class='av-animated-generic top-to-bottom post-entry post-entry-type-standard post-entry-308202 post-loop-2 post-parity-even single-big with-slider post-308202 post type-post status-publish format-standard has-post-thumbnail hentry category-procarton'  itemscope=\"itemscope\" itemtype=\"https:\/\/schema.org\/BlogPosting\" >\n<div class=\"big-preview single-big\"  itemprop=\"image\" itemscope=\"itemscope\" itemtype=\"https:\/\/schema.org\/ImageObject\" ><a href=\"https:\/\/www.procarton.com\/de\/pro-carton-releases-their-consumer-survey-report-2026\/\"  title=\"Screenshot 2026-03-09 at 16.58.39\" ><img loading=\"lazy\" decoding=\"async\" width=\"2560\" height=\"1441\" src=\"https:\/\/www.procarton.com\/wp-content\/uploads\/2026\/03\/Screenshot-2026-03-09-at-16.58.39-scaled.png\" class=\"wp-image-308204 avia-img-lazy-loading-308204 attachment-no scaling size-no scaling wp-post-image\" alt=\"\" srcset=\"https:\/\/www.procarton.com\/wp-content\/uploads\/2026\/03\/Screenshot-2026-03-09-at-16.58.39-scaled.png 2560w, https:\/\/www.procarton.com\/wp-content\/uploads\/2026\/03\/Screenshot-2026-03-09-at-16.58.39-300x169.png 300w, https:\/\/www.procarton.com\/wp-content\/uploads\/2026\/03\/Screenshot-2026-03-09-at-16.58.39-1030x580.png 1030w, https:\/\/www.procarton.com\/wp-content\/uploads\/2026\/03\/Screenshot-2026-03-09-at-16.58.39-768x432.png 768w, https:\/\/www.procarton.com\/wp-content\/uploads\/2026\/03\/Screenshot-2026-03-09-at-16.58.39-1536x864.png 1536w, https:\/\/www.procarton.com\/wp-content\/uploads\/2026\/03\/Screenshot-2026-03-09-at-16.58.39-2048x1153.png 2048w, https:\/\/www.procarton.com\/wp-content\/uploads\/2026\/03\/Screenshot-2026-03-09-at-16.58.39-18x10.png 18w, https:\/\/www.procarton.com\/wp-content\/uploads\/2026\/03\/Screenshot-2026-03-09-at-16.58.39-1500x844.png 1500w, https:\/\/www.procarton.com\/wp-content\/uploads\/2026\/03\/Screenshot-2026-03-09-at-16.58.39-705x397.png 705w\" sizes=\"auto, (max-width: 2560px) 100vw, 2560px\" \/><\/a><\/div>\n<div class='blog-meta'><\/div>\n<div class='entry-content-wrapper clearfix standard-content'>\n<header class=\"entry-content-header\">\n<h2 class='post-title entry-title'  itemprop=\"headline\" ><a href='https:\/\/www.procarton.com\/de\/pro-carton-releases-their-consumer-survey-report-2026\/' rel='bookmark' title='Permanenter Link zu: Pro Carton releases their Consumer Survey Report 2026'>Pro Carton releases their Consumer Survey Report 2026<span class='post-format-icon minor-meta'><\/span><\/a><\/h2>\n<p class=\"post-date\">11 M\u00e4rz 2026<\/p>\n<p><\/span><\/header>\n<div class=\"entry-content\"  itemprop=\"text\" >Pro Carton has published its latest Consumer Survey Report, providing verified data on consumer sentiment across Europe.<\/div>\n<footer class=\"entry-footer\"><a class=\"post-find-out-more btn\" href=\"https:\/\/www.procarton.com\/de\/pro-carton-releases-their-consumer-survey-report-2026\/\">Mehr erfahren<\/a><\/footer>\n<\/div>\n<div class='post_author_timeline'><\/div>\n<p><span class='hidden'><br \/>\n\t\t\t\t<span class='av-structured-data'  itemprop=\"image\" itemscope=\"itemscope\" itemtype=\"https:\/\/schema.org\/ImageObject\" ><br \/>\n\t\t\t\t\t\t<span itemprop='url'>https:\/\/www.procarton.com\/wp-content\/uploads\/2026\/03\/Screenshot-2026-03-09-at-16.58.39-scaled.png<\/span><br \/>\n\t\t\t\t\t\t<span itemprop='height'>1441<\/span><br \/>\n\t\t\t\t\t\t<span itemprop='width'>2560<\/span><br \/>\n\t\t\t\t<\/span><br \/>\n\t\t\t\t<span class='av-structured-data'  itemprop=\"publisher\" itemtype=\"https:\/\/schema.org\/Organization\" itemscope=\"itemscope\" ><br \/>\n\t\t\t\t\t\t<span itemprop='name'>Brendan Khoo<\/span><br \/>\n\t\t\t\t\t\t<span itemprop='logo' itemscope itemtype='https:\/\/schema.org\/ImageObject'><br \/>\n\t\t\t\t\t\t\t<span itemprop='url'>https:\/\/www.procarton.com\/wp-content\/uploads\/2021\/12\/logo-232.png<\/span><br \/>\n\t\t\t\t\t\t <\/span><br \/>\n\t\t\t\t<\/span><span class='av-structured-data'  itemprop=\"author\" itemscope=\"itemscope\" itemtype=\"https:\/\/schema.org\/Person\" ><span itemprop='name'>Brendan Khoo<\/span><\/span><span class='av-structured-data'  itemprop=\"datePublished\" datetime=\"2026-03-11T00:37:03+00:00\" >2026-03-11 00:37:03<\/span><span class='av-structured-data'  itemprop=\"dateModified\" itemtype=\"https:\/\/schema.org\/dateModified\" >2026-03-11 10:21:45<\/span><span class='av-structured-data'  itemprop=\"mainEntityOfPage\" itemtype=\"https:\/\/schema.org\/mainEntityOfPage\" ><span itemprop='name'>Pro Carton releases their Consumer Survey Report 2026<\/span><\/span><\/span><\/article>\n<article class='av-animated-generic top-to-bottom post-entry post-entry-type-standard post-entry-308075 post-loop-3 post-parity-odd post-entry-last single-big with-slider post-308075 post type-post status-publish format-standard has-post-thumbnail hentry category-procarton'  itemscope=\"itemscope\" itemtype=\"https:\/\/schema.org\/BlogPosting\" >\n<div class=\"big-preview single-big\"  itemprop=\"image\" itemscope=\"itemscope\" itemtype=\"https:\/\/schema.org\/ImageObject\" ><a href=\"https:\/\/www.procarton.com\/de\/pro-carton-releases-their-carbon-footprint-study-2025\/\"  title=\"1772639629971\" ><img loading=\"lazy\" decoding=\"async\" width=\"1042\" height=\"1152\" src=\"https:\/\/www.procarton.com\/wp-content\/uploads\/2026\/02\/1772639629971.jpeg\" class=\"wp-image-308195 avia-img-lazy-loading-308195 attachment-no scaling size-no scaling wp-post-image\" alt=\"\" srcset=\"https:\/\/www.procarton.com\/wp-content\/uploads\/2026\/02\/1772639629971.jpeg 1042w, https:\/\/www.procarton.com\/wp-content\/uploads\/2026\/02\/1772639629971-271x300.jpeg 271w, https:\/\/www.procarton.com\/wp-content\/uploads\/2026\/02\/1772639629971-932x1030.jpeg 932w, https:\/\/www.procarton.com\/wp-content\/uploads\/2026\/02\/1772639629971-768x849.jpeg 768w, https:\/\/www.procarton.com\/wp-content\/uploads\/2026\/02\/1772639629971-11x12.jpeg 11w, https:\/\/www.procarton.com\/wp-content\/uploads\/2026\/02\/1772639629971-638x705.jpeg 638w\" sizes=\"auto, (max-width: 1042px) 100vw, 1042px\" \/><\/a><\/div>\n<div class='blog-meta'><\/div>\n<div class='entry-content-wrapper clearfix standard-content'>\n<header class=\"entry-content-header\">\n<h2 class='post-title entry-title'  itemprop=\"headline\" ><a href='https:\/\/www.procarton.com\/de\/pro-carton-releases-their-carbon-footprint-study-2025\/' rel='bookmark' title='Permanenter Link zu: Pro Carton releases their Carbon Footprint Study 2025'>Pro Carton releases their Carbon Footprint Study 2025<span class='post-format-icon minor-meta'><\/span><\/a><\/h2>\n<p class=\"post-date\">25 Februar 2026<\/p>\n<p><\/span><\/header>\n<div class=\"entry-content\"  itemprop=\"text\" >Pro Carton has published its latest Carbon Footprint Study, providing independently verified data on the climate impact of cartonboard packaging across Europe.<\/div>\n<footer class=\"entry-footer\"><a class=\"post-find-out-more btn\" href=\"https:\/\/www.procarton.com\/de\/pro-carton-releases-their-carbon-footprint-study-2025\/\">Mehr erfahren<\/a><\/footer>\n<\/div>\n<div class='post_author_timeline'><\/div>\n<p><span class='hidden'><br \/>\n\t\t\t\t<span class='av-structured-data'  itemprop=\"image\" itemscope=\"itemscope\" itemtype=\"https:\/\/schema.org\/ImageObject\" ><br \/>\n\t\t\t\t\t\t<span itemprop='url'>https:\/\/www.procarton.com\/wp-content\/uploads\/2026\/02\/1772639629971.jpeg<\/span><br \/>\n\t\t\t\t\t\t<span itemprop='height'>1152<\/span><br \/>\n\t\t\t\t\t\t<span itemprop='width'>1042<\/span><br \/>\n\t\t\t\t<\/span><br \/>\n\t\t\t\t<span class='av-structured-data'  itemprop=\"publisher\" itemtype=\"https:\/\/schema.org\/Organization\" itemscope=\"itemscope\" ><br \/>\n\t\t\t\t\t\t<span itemprop='name'>Brendan Khoo<\/span><br \/>\n\t\t\t\t\t\t<span itemprop='logo' itemscope itemtype='https:\/\/schema.org\/ImageObject'><br \/>\n\t\t\t\t\t\t\t<span itemprop='url'>https:\/\/www.procarton.com\/wp-content\/uploads\/2021\/12\/logo-232.png<\/span><br \/>\n\t\t\t\t\t\t <\/span><br \/>\n\t\t\t\t<\/span><span class='av-structured-data'  itemprop=\"author\" itemscope=\"itemscope\" itemtype=\"https:\/\/schema.org\/Person\" ><span itemprop='name'>Brendan Khoo<\/span><\/span><span class='av-structured-data'  itemprop=\"datePublished\" datetime=\"2026-02-25T21:13:20+00:00\" >2026-02-25 21:13:20<\/span><span class='av-structured-data'  itemprop=\"dateModified\" itemtype=\"https:\/\/schema.org\/dateModified\" >2026-03-09 13:50:24<\/span><span class='av-structured-data'  itemprop=\"mainEntityOfPage\" itemtype=\"https:\/\/schema.org\/mainEntityOfPage\" ><span itemprop='name'>Pro Carton releases their Carbon Footprint Study 2025<\/span><\/span><\/span><\/article>\n<\/div>\n<\/div>\n<div class=\"av-animated-generic top-to-bottom flex_column av_one_full  av-animated-generic top-to-bottom  flex_column_div av-zero-column-padding first\" style='border-radius:0px; '>\n<section class=\"av_textblock_section\"  itemscope=\"itemscope\" itemtype=\"https:\/\/schema.org\/BlogPosting\" itemprop=\"blogPost\" >\n<div class='avia_textblock'   itemprop=\"text\" >\n<p><a href=\"\/news\">Mehr News<\/a><\/p>\n<\/div>\n<\/section>\n<\/div>\n<\/div>\n<\/div>\n<\/div>\n<p><!-- close content main div --><\/div>\n<\/div>\n<div id='av_section_3'  class='avia-section main_color avia-section-default avia-no-border-styling  avia-bg-style-scroll  count-up  container_wrap fullsize' style='background-color: #ffffff;  '  >\n<div class='container' >\n<div class='template-page content  av-content-full alpha units'>\n<div class='post-entry post-entry-type-page post-entry-38'>\n<div class='entry-content-wrapper clearfix'>\n<div class=\"av-animated-generic top-to-bottom flex_column av_three_fifth  av-animated-generic top-to-bottom  flex_column_div av-zero-column-padding first\" style='border-radius:0px; '>\n<section class=\"av_textblock_section\"  itemscope=\"itemscope\" itemtype=\"https:\/\/schema.org\/BlogPosting\" itemprop=\"blogPost\" >\n<div class='avia_textblock'   itemprop=\"text\" >\n<h3>J\u00e4hrlich werden in Europa fast 54 Millionen Tonnen Papier und Pappe recycelt, das entspricht einer Menge von<\/h3>\n<\/div>\n<\/section>\n<section class=\"av_textblock_section\"  itemscope=\"itemscope\" itemtype=\"https:\/\/schema.org\/BlogPosting\" itemprop=\"blogPost\" >\n<div class='avia_textblock'   itemprop=\"text\" >\n<h2 id=\"count_up\">0<\/h2>\n<\/div>\n<\/section>\n<section class=\"av_textblock_section\"  itemscope=\"itemscope\" itemtype=\"https:\/\/schema.org\/BlogPosting\" itemprop=\"blogPost\" >\n<div class='avia_textblock'   itemprop=\"text\" >\n<h3>Tonnen, seit Sie auf diese Webseite geklickt haben<\/h3>\n<\/div>\n<\/section>\n<\/div>\n<div class=\"av-animated-generic top-to-bottom flex_column av_two_fifth  av-animated-generic top-to-bottom  flex_column_div av-zero-column-padding\" style='border-radius:0px; '>\n<div  class='avia-image-container  av-styling-    avia-align-center'  itemprop=\"image\" itemscope=\"itemscope\" itemtype=\"https:\/\/schema.org\/ImageObject\"  >\n<div class='avia-image-container-inner'>\n<div class='avia-image-overlay-wrap'><img decoding=\"async\" width=\"441\" height=\"736\" class='wp-image-264237 avia-img-lazy-loading-not-264237 avia_image' src=\"https:\/\/www.procarton.com\/wp-content\/uploads\/2021\/10\/paper-1.png\" alt='' title='Papier'  itemprop=\"thumbnailUrl\" srcset=\"https:\/\/www.procarton.com\/wp-content\/uploads\/2021\/10\/paper-1.png 441w, https:\/\/www.procarton.com\/wp-content\/uploads\/2021\/10\/paper-1-180x300.png 180w, https:\/\/www.procarton.com\/wp-content\/uploads\/2021\/10\/paper-1-7x12.png 7w, https:\/\/www.procarton.com\/wp-content\/uploads\/2021\/10\/paper-1-422x705.png 422w\" sizes=\"(max-width: 441px) 100vw, 441px\" \/><\/div>\n<\/div>\n<\/div>\n<\/div>\n<\/div>\n<\/div>\n<\/div>\n<p><!-- close content main div --><\/div>\n<\/div>\n<div id='av_section_4'  class='avia-section main_color avia-section-default avia-no-border-styling  avia-bg-style-scroll  swirl dark swirl2 members-news  container_wrap fullsize' style='background-color: #175425;  margin-top:0px; margin-bottom:0px; '  >\n<div class='container' >\n<div class='template-page content  av-content-full alpha units'>\n<div class='post-entry post-entry-type-page post-entry-38'>\n<div class='entry-content-wrapper clearfix'>\n<div class=\"av-animated-generic top-to-bottom flex_column av_one_full  av-animated-generic top-to-bottom  flex_column_div av-zero-column-padding first  news-section\" style='border-radius:0px; '>\n<section class=\"av_textblock_section\"  itemscope=\"itemscope\" itemtype=\"https:\/\/schema.org\/BlogPosting\" itemprop=\"blogPost\" >\n<div class='avia_textblock'   itemprop=\"text\" >\n<h2><a href=\"https:\/\/www.procarton.com\/media-section\/members-news\/\">Pro Carton Mitglieder-Nachrichten<\/a><\/h2>\n<div class=\"members-articles\">\n<article>\n<h3><a href=\"https:\/\/www.procarton.com\/de\/spring-2024-update-on-the-pro-carton-marketing-pr-and-public-affairs-workstreams\/\">Fr\u00fchjahr 2024 Update zu den Pro Carton Marketing &amp; PR und Public Affairs Arbeitsgruppen<\/a><\/h3>\n<div class=\"desc\">Da der Fr\u00fchling vor der T\u00fcr steht, ist es Zeit f\u00fcr ein Update der Pro Carton-Arbeitsgruppen Marketing &amp; PR und Public Affairs.<\/div>\n<\/article>\n<article>\n<h3><a href=\"https:\/\/www.procarton.com\/de\/the-pro-carton-membership-base-is-growing\/\">Die Zahl der Pro Carton-Mitglieder w\u00e4chst!<\/a><\/h3>\n<div class=\"desc\">Die Zunahme der Antr\u00e4ge auf Mitgliedschaft bei Pro Carton ist ein Beweis f\u00fcr das Vertrauen der Mitglieder in den Verband und seinen Auftrag.<\/div>\n<\/article>\n<article>\n<h3><a href=\"https:\/\/www.procarton.com\/de\/pro-carton-member-rdm-villa-santa-lucia-mill-to-reopen\/\">Pro Carton Mitglied: Wiederer\u00f6ffnung der Fabrik RDM Villa Santa Lucia<\/a><\/h3>\n<div class=\"desc\">Pro Carton Mitglied: Reno de Medici (RDM) hat best\u00e4tigt, dass die Schlie\u00dfung der Kartonfabrik Villa Santa Lucia aufgehoben wurde.<\/div>\n<\/article>\n<\/div>\n<\/div>\n<\/section>\n<\/div>\n<div class=\"av-animated-generic top-to-bottom flex_column av_one_full  av-animated-generic top-to-bottom  flex_column_div av-zero-column-padding first  avia-builder-el-0  el_before_av_hr  avia-builder-el-first\" style='border-radius:0px; '>\n<section class=\"av_textblock_section\"  itemscope=\"itemscope\" itemtype=\"https:\/\/schema.org\/BlogPosting\" itemprop=\"blogPost\" >\n<div class='avia_textblock'   itemprop=\"text\" >\n<p><a href=\"https:\/\/www.procarton.com\/media-section\/members-news\/\">Weitere Pro Carton-Mitgliedsnachrichten<\/a><\/p>\n<\/div>\n<\/section>\n<\/div>\n<\/div>\n<\/div>\n<\/div>\n<p><!-- close content main div --><\/div>\n<\/div>\n<div id='av_section_5'  class='avia-section main_color avia-section-default avia-no-border-styling  avia-bg-style-scroll  swirl swirl3 video-section  container_wrap fullsize' style='background-repeat: no-repeat; background-image: url(https:\/\/www.procarton.com\/wp-content\/uploads\/2021\/12\/flowers.png);background-attachment: scroll; background-position: bottom right;  '  data-section-bg-repeat='no-repeat'>\n<div class='container' >\n<div class='template-page content  av-content-full alpha units'>\n<div class='post-entry post-entry-type-page post-entry-38'>\n<div class='entry-content-wrapper clearfix'>\n<div class=\"av-animated-generic top-to-bottom flex_column av_two_fifth  av-animated-generic top-to-bottom  flex_column_div av-zero-column-padding first\" style='border-radius:0px; '>\n<section class=\"av_textblock_section\"  itemscope=\"itemscope\" itemtype=\"https:\/\/schema.org\/BlogPosting\" itemprop=\"blogPost\" >\n<div class='avia_textblock'   itemprop=\"text\" >\n<h2>Videos<\/h2>\n<\/div>\n<\/section>\n<\/div>\n<div class=\"av-animated-generic top-to-bottom flex_column av_two_third  av-animated-generic top-to-bottom  flex_column_div av-zero-column-padding first  news-section\" style='border-radius:0px; '>\n<div  class='avia-video avia-video-16-9   av-lazyload-immediate  av-lazyload-video-embed'   itemprop=\"video\" itemtype=\"https:\/\/schema.org\/VideoObject\"  data-original_url='https:\/\/www.youtube.com\/watch?v=4j4XmgmE5d8' ><script type='text\/html' class='av-video-tmpl'><\/p>\n<div class='avia-iframe-wrap'><iframe loading=\"lazy\" title=\"Cartonboard is a circularity leader.\" width=\"1500\" height=\"844\" src=\"https:\/\/www.youtube.com\/embed\/4j4XmgmE5d8?feature=oembed&autoplay=0&loop=0&controls=1&mute=0\" frameborder=\"0\" allow=\"accelerometer; autoplay; clipboard-write; encrypted-media; gyroscope; picture-in-picture; web-share\" referrerpolicy=\"strict-origin-when-cross-origin\" allowfullscreen><\/iframe><\/div>\n<p><\/script><\/p>\n<div class='av-click-to-play-overlay'>\n<div class=\"avia_playpause_icon\"><\/div>\n<\/div>\n<\/div>\n<\/div>\n<div class=\"av-animated-generic top-to-bottom flex_column av_one_third  av-animated-generic top-to-bottom  flex_column_div av-zero-column-padding   news-section\" style='border-radius:0px; '>\n<div  class='avia-video avia-video-16-9   av-lazyload-immediate  av-lazyload-video-embed'   itemprop=\"video\" itemtype=\"https:\/\/schema.org\/VideoObject\"  data-original_url='https:\/\/www.youtube.com\/watch?v=Ig5LwpZ0hiY' ><script type='text\/html' class='av-video-tmpl'><\/p>\n<div class='avia-iframe-wrap'><iframe loading=\"lazy\" title=\"die Graphische student wins Highly commended | Pro Carton Student Video Award 2024\" width=\"1500\" height=\"844\" src=\"https:\/\/www.youtube.com\/embed\/Ig5LwpZ0hiY?feature=oembed&autoplay=0&loop=0&controls=1&mute=0\" frameborder=\"0\" allow=\"accelerometer; autoplay; clipboard-write; encrypted-media; gyroscope; picture-in-picture; web-share\" referrerpolicy=\"strict-origin-when-cross-origin\" allowfullscreen><\/iframe><\/div>\n<p><\/script><\/p>\n<div class='av-click-to-play-overlay'>\n<div class=\"avia_playpause_icon\"><\/div>\n<\/div>\n<\/div>\n<div  style='height:44px' class='hr hr-invisible   avia-builder-el-2  el_after_av_one_full  el_before_av_one_full'><span class='hr-inner' ><span class='hr-inner-style'><\/span><\/span><\/div>\n<div  class='avia-video avia-video-16-9   av-lazyload-immediate  av-lazyload-video-embed'   itemprop=\"video\" itemtype=\"https:\/\/schema.org\/VideoObject\"  data-original_url='https:\/\/www.youtube.com\/watch?v=KvTTJzKKHzY' ><script type='text\/html' class='av-video-tmpl'><\/p>\n<div class='avia-iframe-wrap'><iframe loading=\"lazy\" title=\"2024 Award Highlights | ECEA, PCYDA, and PCSVA 2024\" width=\"1500\" height=\"844\" src=\"https:\/\/www.youtube.com\/embed\/KvTTJzKKHzY?feature=oembed&autoplay=0&loop=0&controls=1&mute=0\" frameborder=\"0\" allow=\"accelerometer; autoplay; clipboard-write; encrypted-media; gyroscope; picture-in-picture; web-share\" referrerpolicy=\"strict-origin-when-cross-origin\" allowfullscreen><\/iframe><\/div>\n<p><\/script><\/p>\n<div class='av-click-to-play-overlay'>\n<div class=\"avia_playpause_icon\"><\/div>\n<\/div>\n<\/div>\n<\/div>\n<div class=\"av-animated-generic top-to-bottom flex_column av_one_full  av-animated-generic top-to-bottom  flex_column_div av-zero-column-padding first  avia-builder-el-3  el_after_av_hr  avia-builder-el-last\" style='border-radius:0px; '>\n<section class=\"av_textblock_section\"  itemscope=\"itemscope\" itemtype=\"https:\/\/schema.org\/BlogPosting\" itemprop=\"blogPost\" >\n<div class='avia_textblock'   itemprop=\"text\" >\n<p><a href=\"https:\/\/www.procarton.com\/media-section\/videos\/\" target=\"_blank\" rel=\"noopener\">Alle Pro Carton Videos ansehen<\/a><\/p>\n<\/div>\n<\/section>\n<\/div>\n<\/div>\n<\/div>\n<\/div>\n<p><!-- close content main div --><\/div>\n<\/div>\n<div id='av_section_6'  class='avia-section main_color avia-section-default avia-no-border-styling  avia-bg-style-scroll  twitter-feed dark swirl-double  container_wrap fullsize' style='background-color: #175425;  '  >\n<div class='container' >\n<div class='template-page content  av-content-full alpha units'>\n<div class='post-entry post-entry-type-page post-entry-38'>\n<div class='entry-content-wrapper clearfix'>\n<div class=\"av-animated-generic top-to-bottom flex_column av_one_half  av-animated-generic top-to-bottom  flex_column_div av-zero-column-padding first\" style='border-radius:0px; '>\n<section class=\"av_textblock_section\"  itemscope=\"itemscope\" itemtype=\"https:\/\/schema.org\/BlogPosting\" itemprop=\"blogPost\" >\n<div class='avia_textblock'   itemprop=\"text\" >\n<h2>Futtermittel<\/h2>\n<p><a href=\"https:\/\/twitter.com\/pro_carton\">Lesen Sie unsere letzten Beitr\u00e4ge<\/a><\/p>\n<\/div>\n<\/section>\n<\/div>\n<div class=\"av-animated-generic top-to-bottom flex_column av_one_half  av-animated-generic top-to-bottom  flex_column_div av-zero-column-padding\" style='border-radius:0px; '><\/div>\n<\/div>\n<\/div>\n<\/div>\n<p><!-- close content main div --><\/div>\n<\/div>\n<div id='av_section_7'  class='avia-section main_color avia-section-default avia-no-border-styling  avia-bg-style-scroll  partners  container_wrap fullsize' style=' '  >\n<div class='container' >\n<div class='template-page content  av-content-full alpha units'>\n<div class='post-entry post-entry-type-page post-entry-38'>\n<div class='entry-content-wrapper clearfix'>\n<div class=\"av-animated-generic top-to-bottom flex_column av_one_full  av-animated-generic top-to-bottom  flex_column_div av-zero-column-padding first\" style='border-radius:0px; '>\n<section class=\"av_textblock_section\"  itemscope=\"itemscope\" itemtype=\"https:\/\/schema.org\/BlogPosting\" itemprop=\"blogPost\" >\n<div class='avia_textblock'   itemprop=\"text\" >\n<h2>Pro Carton Vollmitglieder, assoziierte Mitglieder, Partner<\/h2>\n<\/div>\n<\/section>\n<div   data-autoplay='false'  data-interval='5'  data-animation='slide'  class='avia-logo-element-container av-border-deactivate avia-logo-slider avia-content-slider avia-smallarrow-slider avia-content-slider-active noHover avia-content-slider1 avia-content-slider-even' >\n<div class='avia-smallarrow-slider-heading  no-logo-slider-heading'>\n<div class='new-special-heading'>&nbsp;<\/div>\n<\/div>\n<div class='swiper-container logo-slider'>\n<div class='swiper-wrapper' >\n<div  class='swiper-slide'><a href=\"https:\/\/www.billerud.com\/\" data-rel='slide-1' class='slide-image' title='' target=\"_blank\" rel=\"noopener noreferrer\"><img decoding=\"async\" width=\"500\" height=\"219\" src=\"https:\/\/www.procarton.com\/wp-content\/uploads\/2021\/02\/Billerud-October-2022.png\" class=\"wp-image-282694 avia-img-lazy-loading-not-282694 attachment-no scaling size-no scaling\" alt=\"\" srcset=\"https:\/\/www.procarton.com\/wp-content\/uploads\/2021\/02\/Billerud-October-2022.png 500w, https:\/\/www.procarton.com\/wp-content\/uploads\/2021\/02\/Billerud-October-2022-300x131.png 300w, https:\/\/www.procarton.com\/wp-content\/uploads\/2021\/02\/Billerud-October-2022-18x8.png 18w\" sizes=\"(max-width: 500px) 100vw, 500px\" \/><\/a><\/div>\n<div  class='swiper-slide'><a href=\"https:\/\/www.burgo.com\" data-rel='slide-1' class='slide-image' title='' ><img decoding=\"async\" width=\"600\" height=\"209\" src=\"https:\/\/www.procarton.com\/wp-content\/uploads\/2024\/04\/rs_w_600_h_600.jpg\" class=\"wp-image-294583 avia-img-lazy-loading-not-294583 attachment-no scaling size-no scaling\" alt=\"\" srcset=\"https:\/\/www.procarton.com\/wp-content\/uploads\/2024\/04\/rs_w_600_h_600.jpg 600w, https:\/\/www.procarton.com\/wp-content\/uploads\/2024\/04\/rs_w_600_h_600-300x105.jpg 300w, https:\/\/www.procarton.com\/wp-content\/uploads\/2024\/04\/rs_w_600_h_600-18x6.jpg 18w\" sizes=\"(max-width: 600px) 100vw, 600px\" \/><\/a><\/div>\n<div  class='swiper-slide'><a href=\"https:\/\/www.fiskeby.com\/?lang=en\" data-rel='slide-1' class='slide-image' title='' target=\"_blank\" rel=\"noopener noreferrer\"><img decoding=\"async\" width=\"214\" height=\"120\" src=\"https:\/\/www.procarton.com\/wp-content\/uploads\/2021\/12\/fiskeby.jpg\" class=\"wp-image-271397 avia-img-lazy-loading-not-271397 attachment-no scaling size-no scaling\" alt=\"\" srcset=\"https:\/\/www.procarton.com\/wp-content\/uploads\/2021\/12\/fiskeby.jpg 214w, https:\/\/www.procarton.com\/wp-content\/uploads\/2021\/12\/fiskeby-18x10.jpg 18w\" sizes=\"(max-width: 214px) 100vw, 214px\" \/><\/a><\/div>\n<div  class='swiper-slide'><a href=\"https:\/\/folbb.com\/\" data-rel='slide-1' class='slide-image' title='' ><img decoding=\"async\" width=\"2669\" height=\"589\" src=\"https:\/\/www.procarton.com\/wp-content\/uploads\/2023\/04\/FOLBB_logo_domain_proposition_rgb.png\" class=\"wp-image-286381 avia-img-lazy-loading-not-286381 attachment-no scaling size-no scaling\" alt=\"\" srcset=\"https:\/\/www.procarton.com\/wp-content\/uploads\/2023\/04\/FOLBB_logo_domain_proposition_rgb.png 2669w, https:\/\/www.procarton.com\/wp-content\/uploads\/2023\/04\/FOLBB_logo_domain_proposition_rgb-300x66.png 300w, https:\/\/www.procarton.com\/wp-content\/uploads\/2023\/04\/FOLBB_logo_domain_proposition_rgb-1030x227.png 1030w, https:\/\/www.procarton.com\/wp-content\/uploads\/2023\/04\/FOLBB_logo_domain_proposition_rgb-768x169.png 768w, https:\/\/www.procarton.com\/wp-content\/uploads\/2023\/04\/FOLBB_logo_domain_proposition_rgb-1536x339.png 1536w, https:\/\/www.procarton.com\/wp-content\/uploads\/2023\/04\/FOLBB_logo_domain_proposition_rgb-2048x452.png 2048w, https:\/\/www.procarton.com\/wp-content\/uploads\/2023\/04\/FOLBB_logo_domain_proposition_rgb-18x4.png 18w, https:\/\/www.procarton.com\/wp-content\/uploads\/2023\/04\/FOLBB_logo_domain_proposition_rgb-1500x331.png 1500w, https:\/\/www.procarton.com\/wp-content\/uploads\/2023\/04\/FOLBB_logo_domain_proposition_rgb-705x156.png 705w\" sizes=\"(max-width: 2669px) 100vw, 2669px\" \/><\/a><\/div>\n<div  class='swiper-slide'><a href=\"https:\/\/www.graphicpkg.com\" data-rel='slide-1' class='slide-image' title='' target=\"_blank\" rel=\"noopener noreferrer\"><img decoding=\"async\" width=\"11812\" height=\"4155\" src=\"https:\/\/www.procarton.com\/wp-content\/uploads\/2023\/12\/GPI-Stacked-Logo-New-2022-Color-Pantone-Version.png\" class=\"wp-image-293576 avia-img-lazy-loading-not-293576 attachment-no scaling size-no scaling\" alt=\"\" srcset=\"https:\/\/www.procarton.com\/wp-content\/uploads\/2023\/12\/GPI-Stacked-Logo-New-2022-Color-Pantone-Version.png 11812w, https:\/\/www.procarton.com\/wp-content\/uploads\/2023\/12\/GPI-Stacked-Logo-New-2022-Color-Pantone-Version-300x106.png 300w, https:\/\/www.procarton.com\/wp-content\/uploads\/2023\/12\/GPI-Stacked-Logo-New-2022-Color-Pantone-Version-1030x362.png 1030w, https:\/\/www.procarton.com\/wp-content\/uploads\/2023\/12\/GPI-Stacked-Logo-New-2022-Color-Pantone-Version-768x270.png 768w, https:\/\/www.procarton.com\/wp-content\/uploads\/2023\/12\/GPI-Stacked-Logo-New-2022-Color-Pantone-Version-1536x540.png 1536w, https:\/\/www.procarton.com\/wp-content\/uploads\/2023\/12\/GPI-Stacked-Logo-New-2022-Color-Pantone-Version-2048x720.png 2048w, https:\/\/www.procarton.com\/wp-content\/uploads\/2023\/12\/GPI-Stacked-Logo-New-2022-Color-Pantone-Version-18x6.png 18w, https:\/\/www.procarton.com\/wp-content\/uploads\/2023\/12\/GPI-Stacked-Logo-New-2022-Color-Pantone-Version-1500x528.png 1500w, https:\/\/www.procarton.com\/wp-content\/uploads\/2023\/12\/GPI-Stacked-Logo-New-2022-Color-Pantone-Version-705x248.png 705w\" sizes=\"(max-width: 11812px) 100vw, 11812px\" \/><\/a><\/div>\n<div  class='swiper-slide'><a href=\"https:\/\/www.iggesund.com\" data-rel='slide-1' class='slide-image' title='' target=\"_blank\" rel=\"noopener noreferrer\"><img decoding=\"async\" width=\"478\" height=\"72\" src=\"https:\/\/www.procarton.com\/wp-content\/uploads\/2021\/02\/Holmen_Logo_Blue-1.png\" class=\"wp-image-298362 avia-img-lazy-loading-not-298362 attachment-no scaling size-no scaling\" alt=\"\" srcset=\"https:\/\/www.procarton.com\/wp-content\/uploads\/2021\/02\/Holmen_Logo_Blue-1.png 478w, https:\/\/www.procarton.com\/wp-content\/uploads\/2021\/02\/Holmen_Logo_Blue-1-300x45.png 300w, https:\/\/www.procarton.com\/wp-content\/uploads\/2021\/02\/Holmen_Logo_Blue-1-18x3.png 18w\" sizes=\"(max-width: 478px) 100vw, 478px\" \/><\/a><\/div>\n<div  class='swiper-slide'><a href=\"http:\/\/www.kartonsan.com.tr\/en\" data-rel='slide-1' class='slide-image' title='' target=\"_blank\" rel=\"noopener noreferrer\"><img decoding=\"async\" width=\"178\" height=\"100\" src=\"https:\/\/www.procarton.com\/wp-content\/uploads\/2021\/12\/kartonsan.jpg\" class=\"wp-image-271391 avia-img-lazy-loading-not-271391 attachment-no scaling size-no scaling\" alt=\"\" srcset=\"https:\/\/www.procarton.com\/wp-content\/uploads\/2021\/12\/kartonsan.jpg 178w, https:\/\/www.procarton.com\/wp-content\/uploads\/2021\/12\/kartonsan-18x10.jpg 18w\" sizes=\"(max-width: 178px) 100vw, 178px\" \/><\/a><\/div>\n<div  class='swiper-slide'><a href=\"https:\/\/larochette-cartonboard.com\/\" data-rel='slide-1' class='slide-image' title='' ><img decoding=\"async\" width=\"800\" height=\"300\" src=\"https:\/\/www.procarton.com\/wp-content\/uploads\/2022\/01\/LOGO.png\" class=\"wp-image-272896 avia-img-lazy-loading-not-272896 attachment-no scaling size-no scaling\" alt=\"\" srcset=\"https:\/\/www.procarton.com\/wp-content\/uploads\/2022\/01\/LOGO.png 800w, https:\/\/www.procarton.com\/wp-content\/uploads\/2022\/01\/LOGO-300x113.png 300w, https:\/\/www.procarton.com\/wp-content\/uploads\/2022\/01\/LOGO-768x288.png 768w, https:\/\/www.procarton.com\/wp-content\/uploads\/2022\/01\/LOGO-18x7.png 18w, https:\/\/www.procarton.com\/wp-content\/uploads\/2022\/01\/LOGO-705x264.png 705w\" sizes=\"(max-width: 800px) 100vw, 800px\" \/><\/a><\/div>\n<div  class='swiper-slide'><a href=\"https:\/\/www.melpaper.com\/en\/default\" data-rel='slide-1' class='slide-image' title='' target=\"_blank\" rel=\"noopener noreferrer\"><img decoding=\"async\" width=\"124\" height=\"70\" src=\"https:\/\/www.procarton.com\/wp-content\/uploads\/2021\/12\/mel-cartonboard-makes.jpg\" class=\"wp-image-271389 avia-img-lazy-loading-not-271389 attachment-no scaling size-no scaling\" alt=\"\" srcset=\"https:\/\/www.procarton.com\/wp-content\/uploads\/2021\/12\/mel-cartonboard-makes.jpg 124w, https:\/\/www.procarton.com\/wp-content\/uploads\/2021\/12\/mel-cartonboard-makes-18x10.jpg 18w\" sizes=\"(max-width: 124px) 100vw, 124px\" \/><\/a><\/div>\n<div  class='swiper-slide'><a href=\"https:\/\/www.metsaboard.com\/Pages\/default.aspx\" data-rel='slide-1' class='slide-image' title='' target=\"_blank\" rel=\"noopener noreferrer\"><img decoding=\"async\" width=\"1180\" height=\"546\" src=\"https:\/\/www.procarton.com\/wp-content\/uploads\/2022\/05\/Metsa_Horiz_Logo_Color_RGB.png\" class=\"wp-image-277393 avia-img-lazy-loading-not-277393 attachment-no scaling size-no scaling\" alt=\"\" srcset=\"https:\/\/www.procarton.com\/wp-content\/uploads\/2022\/05\/Metsa_Horiz_Logo_Color_RGB.png 1180w, https:\/\/www.procarton.com\/wp-content\/uploads\/2022\/05\/Metsa_Horiz_Logo_Color_RGB-300x139.png 300w, https:\/\/www.procarton.com\/wp-content\/uploads\/2022\/05\/Metsa_Horiz_Logo_Color_RGB-1030x477.png 1030w, https:\/\/www.procarton.com\/wp-content\/uploads\/2022\/05\/Metsa_Horiz_Logo_Color_RGB-768x355.png 768w, https:\/\/www.procarton.com\/wp-content\/uploads\/2022\/05\/Metsa_Horiz_Logo_Color_RGB-18x8.png 18w, https:\/\/www.procarton.com\/wp-content\/uploads\/2022\/05\/Metsa_Horiz_Logo_Color_RGB-705x326.png 705w\" sizes=\"(max-width: 1180px) 100vw, 1180px\" \/><\/a><\/div>\n<div  class='swiper-slide'><a href=\"https:\/\/www.mm-boardpaper.com\" data-rel='slide-1' class='slide-image' title='' target=\"_blank\" rel=\"noopener noreferrer\"><img decoding=\"async\" width=\"124\" height=\"70\" src=\"https:\/\/www.procarton.com\/wp-content\/uploads\/2021\/12\/mm.jpg\" class=\"wp-image-271387 avia-img-lazy-loading-not-271387 attachment-no scaling size-no scaling\" alt=\"\" srcset=\"https:\/\/www.procarton.com\/wp-content\/uploads\/2021\/12\/mm.jpg 124w, https:\/\/www.procarton.com\/wp-content\/uploads\/2021\/12\/mm-18x10.jpg 18w\" sizes=\"(max-width: 124px) 100vw, 124px\" \/><\/a><\/div>\n<div  class='swiper-slide'><a href=\"https:\/\/www.pankaboard.com\" data-rel='slide-1' class='slide-image' title='' target=\"_blank\" rel=\"noopener noreferrer\"><img decoding=\"async\" width=\"196\" height=\"110\" src=\"https:\/\/www.procarton.com\/wp-content\/uploads\/2021\/12\/pankaboard.jpg\" class=\"wp-image-271386 avia-img-lazy-loading-not-271386 attachment-no scaling size-no scaling\" alt=\"\" srcset=\"https:\/\/www.procarton.com\/wp-content\/uploads\/2021\/12\/pankaboard.jpg 196w, https:\/\/www.procarton.com\/wp-content\/uploads\/2021\/12\/pankaboard-18x10.jpg 18w\" sizes=\"(max-width: 196px) 100vw, 196px\" \/><\/a><\/div>\n<div  class='swiper-slide'><a href=\"https:\/\/rdmgroup.com\/\" data-rel='slide-1' class='slide-image' title='' target=\"_blank\" rel=\"noopener noreferrer\"><img decoding=\"async\" width=\"901\" height=\"1273\" src=\"https:\/\/www.procarton.com\/wp-content\/uploads\/2021\/07\/rdm-logo.png\" class=\"wp-image-269520 avia-img-lazy-loading-not-269520 attachment-no scaling size-no scaling\" alt=\"\" srcset=\"https:\/\/www.procarton.com\/wp-content\/uploads\/2021\/07\/rdm-logo.png 901w, https:\/\/www.procarton.com\/wp-content\/uploads\/2021\/07\/rdm-logo-212x300.png 212w, https:\/\/www.procarton.com\/wp-content\/uploads\/2021\/07\/rdm-logo-729x1030.png 729w, https:\/\/www.procarton.com\/wp-content\/uploads\/2021\/07\/rdm-logo-768x1085.png 768w, https:\/\/www.procarton.com\/wp-content\/uploads\/2021\/07\/rdm-logo-8x12.png 8w, https:\/\/www.procarton.com\/wp-content\/uploads\/2021\/07\/rdm-logo-499x705.png 499w\" sizes=\"(max-width: 901px) 100vw, 901px\" \/><\/a><\/div>\n<div  class='swiper-slide'><a href=\"https:\/\/rdmgroup.com\" data-rel='slide-1' class='slide-image' title='' target=\"_blank\" rel=\"noopener noreferrer\"><img decoding=\"async\" width=\"2384\" height=\"1322\" src=\"https:\/\/www.procarton.com\/wp-content\/uploads\/2021\/02\/Sappi-logo-PNG-RGB-Blue-Transparent.png\" class=\"wp-image-293154 avia-img-lazy-loading-not-293154 attachment-no scaling size-no scaling\" alt=\"\" srcset=\"https:\/\/www.procarton.com\/wp-content\/uploads\/2021\/02\/Sappi-logo-PNG-RGB-Blue-Transparent.png 2384w, https:\/\/www.procarton.com\/wp-content\/uploads\/2021\/02\/Sappi-logo-PNG-RGB-Blue-Transparent-300x166.png 300w, https:\/\/www.procarton.com\/wp-content\/uploads\/2021\/02\/Sappi-logo-PNG-RGB-Blue-Transparent-1030x571.png 1030w, https:\/\/www.procarton.com\/wp-content\/uploads\/2021\/02\/Sappi-logo-PNG-RGB-Blue-Transparent-768x426.png 768w, https:\/\/www.procarton.com\/wp-content\/uploads\/2021\/02\/Sappi-logo-PNG-RGB-Blue-Transparent-1536x852.png 1536w, https:\/\/www.procarton.com\/wp-content\/uploads\/2021\/02\/Sappi-logo-PNG-RGB-Blue-Transparent-2048x1136.png 2048w, https:\/\/www.procarton.com\/wp-content\/uploads\/2021\/02\/Sappi-logo-PNG-RGB-Blue-Transparent-18x10.png 18w, https:\/\/www.procarton.com\/wp-content\/uploads\/2021\/02\/Sappi-logo-PNG-RGB-Blue-Transparent-1500x832.png 1500w, https:\/\/www.procarton.com\/wp-content\/uploads\/2021\/02\/Sappi-logo-PNG-RGB-Blue-Transparent-705x391.png 705w\" sizes=\"(max-width: 2384px) 100vw, 2384px\" \/><\/a><\/div>\n<div  class='swiper-slide'><a href=\"https:\/\/www.sarrio.es\" data-rel='slide-1' class='slide-image' title='' ><img decoding=\"async\" width=\"293\" height=\"141\" src=\"https:\/\/www.procarton.com\/wp-content\/uploads\/2024\/04\/sarrio_web.jpg\" class=\"wp-image-294587 avia-img-lazy-loading-not-294587 attachment-no scaling size-no scaling\" alt=\"\" srcset=\"https:\/\/www.procarton.com\/wp-content\/uploads\/2024\/04\/sarrio_web.jpg 293w, https:\/\/www.procarton.com\/wp-content\/uploads\/2024\/04\/sarrio_web-18x9.jpg 18w\" sizes=\"(max-width: 293px) 100vw, 293px\" \/><\/a><\/div>\n<div  class='swiper-slide'><a href=\"https:\/\/www.smurfitwestrock.com\" data-rel='slide-1' class='slide-image' title='' target=\"_blank\" rel=\"noopener noreferrer\"><img decoding=\"async\" width=\"2835\" height=\"946\" src=\"https:\/\/www.procarton.com\/wp-content\/uploads\/2025\/02\/51635b62-8dd1-4792-ac1c-0400776c9d3d.png\" class=\"wp-image-301111 avia-img-lazy-loading-not-301111 attachment-no scaling size-no scaling\" alt=\"\" srcset=\"https:\/\/www.procarton.com\/wp-content\/uploads\/2025\/02\/51635b62-8dd1-4792-ac1c-0400776c9d3d.png 2835w, https:\/\/www.procarton.com\/wp-content\/uploads\/2025\/02\/51635b62-8dd1-4792-ac1c-0400776c9d3d-300x100.png 300w, https:\/\/www.procarton.com\/wp-content\/uploads\/2025\/02\/51635b62-8dd1-4792-ac1c-0400776c9d3d-1030x344.png 1030w, https:\/\/www.procarton.com\/wp-content\/uploads\/2025\/02\/51635b62-8dd1-4792-ac1c-0400776c9d3d-768x256.png 768w, https:\/\/www.procarton.com\/wp-content\/uploads\/2025\/02\/51635b62-8dd1-4792-ac1c-0400776c9d3d-1536x513.png 1536w, https:\/\/www.procarton.com\/wp-content\/uploads\/2025\/02\/51635b62-8dd1-4792-ac1c-0400776c9d3d-2048x683.png 2048w, https:\/\/www.procarton.com\/wp-content\/uploads\/2025\/02\/51635b62-8dd1-4792-ac1c-0400776c9d3d-18x6.png 18w, https:\/\/www.procarton.com\/wp-content\/uploads\/2025\/02\/51635b62-8dd1-4792-ac1c-0400776c9d3d-1500x501.png 1500w, https:\/\/www.procarton.com\/wp-content\/uploads\/2025\/02\/51635b62-8dd1-4792-ac1c-0400776c9d3d-705x235.png 705w\" sizes=\"(max-width: 2835px) 100vw, 2835px\" \/><\/a><\/div>\n<div  class='swiper-slide'><a href=\"https:\/\/www.umka.rs\/en\/pocetna-english\/\" data-rel='slide-1' class='slide-image' title='' ><img decoding=\"async\" width=\"827\" height=\"448\" src=\"https:\/\/www.procarton.com\/wp-content\/uploads\/2024\/04\/Umka-Logo-Vesti.jpg\" class=\"wp-image-294590 avia-img-lazy-loading-not-294590 attachment-no scaling size-no scaling\" alt=\"\" srcset=\"https:\/\/www.procarton.com\/wp-content\/uploads\/2024\/04\/Umka-Logo-Vesti.jpg 827w, https:\/\/www.procarton.com\/wp-content\/uploads\/2024\/04\/Umka-Logo-Vesti-300x163.jpg 300w, https:\/\/www.procarton.com\/wp-content\/uploads\/2024\/04\/Umka-Logo-Vesti-768x416.jpg 768w, https:\/\/www.procarton.com\/wp-content\/uploads\/2024\/04\/Umka-Logo-Vesti-18x10.jpg 18w, https:\/\/www.procarton.com\/wp-content\/uploads\/2024\/04\/Umka-Logo-Vesti-705x382.jpg 705w\" sizes=\"(max-width: 827px) 100vw, 827px\" \/><\/a><\/div>\n<div  class='swiper-slide'><a href=\"https:\/\/www.storaenso.com\/en\" data-rel='slide-1' class='slide-image' title='' target=\"_blank\" rel=\"noopener noreferrer\"><img decoding=\"async\" width=\"124\" height=\"70\" src=\"https:\/\/www.procarton.com\/wp-content\/uploads\/2021\/12\/storaenso.jpg\" class=\"wp-image-271383 avia-img-lazy-loading-not-271383 attachment-no scaling size-no scaling\" alt=\"\" srcset=\"https:\/\/www.procarton.com\/wp-content\/uploads\/2021\/12\/storaenso.jpg 124w, https:\/\/www.procarton.com\/wp-content\/uploads\/2021\/12\/storaenso-18x10.jpg 18w\" sizes=\"(max-width: 124px) 100vw, 124px\" \/><\/a><\/div>\n<div  class='swiper-slide'><a href=\"https:\/\/www.weig.de\/en\/\" data-rel='slide-1' class='slide-image' title='' target=\"_blank\" rel=\"noopener noreferrer\"><img decoding=\"async\" width=\"2307\" height=\"1053\" src=\"https:\/\/www.procarton.com\/wp-content\/uploads\/2024\/01\/Weig-Logo-2024.jpg\" class=\"wp-image-293717 avia-img-lazy-loading-not-293717 attachment-no scaling size-no scaling\" alt=\"\" srcset=\"https:\/\/www.procarton.com\/wp-content\/uploads\/2024\/01\/Weig-Logo-2024.jpg 2307w, https:\/\/www.procarton.com\/wp-content\/uploads\/2024\/01\/Weig-Logo-2024-300x137.jpg 300w, https:\/\/www.procarton.com\/wp-content\/uploads\/2024\/01\/Weig-Logo-2024-1030x470.jpg 1030w, https:\/\/www.procarton.com\/wp-content\/uploads\/2024\/01\/Weig-Logo-2024-768x351.jpg 768w, https:\/\/www.procarton.com\/wp-content\/uploads\/2024\/01\/Weig-Logo-2024-1536x701.jpg 1536w, https:\/\/www.procarton.com\/wp-content\/uploads\/2024\/01\/Weig-Logo-2024-2048x935.jpg 2048w, https:\/\/www.procarton.com\/wp-content\/uploads\/2024\/01\/Weig-Logo-2024-18x8.jpg 18w, https:\/\/www.procarton.com\/wp-content\/uploads\/2024\/01\/Weig-Logo-2024-1500x685.jpg 1500w, https:\/\/www.procarton.com\/wp-content\/uploads\/2024\/01\/Weig-Logo-2024-705x322.jpg 705w\" sizes=\"(max-width: 2307px) 100vw, 2307px\" \/><\/a><\/div>\n<div  class='swiper-slide'><a href=\"https:\/\/www.bobst.com\/uken\" data-rel='slide-1' class='slide-image' title='' target=\"_blank\" rel=\"noopener noreferrer\"><img decoding=\"async\" width=\"214\" height=\"120\" src=\"https:\/\/www.procarton.com\/wp-content\/uploads\/2021\/12\/bobst.jpg\" class=\"wp-image-271399 avia-img-lazy-loading-not-271399 attachment-no scaling size-no scaling\" alt=\"\" srcset=\"https:\/\/www.procarton.com\/wp-content\/uploads\/2021\/12\/bobst.jpg 214w, https:\/\/www.procarton.com\/wp-content\/uploads\/2021\/12\/bobst-18x10.jpg 18w\" sizes=\"(max-width: 214px) 100vw, 214px\" \/><\/a><\/div>\n<div  class='swiper-slide'><a href=\"https:\/\/www.melpaper.com\/index.php\/en\" data-rel='slide-1' class='slide-image' title='' target=\"_blank\" rel=\"noopener noreferrer\"><img decoding=\"async\" width=\"230\" height=\"130\" src=\"https:\/\/www.procarton.com\/wp-content\/uploads\/2021\/12\/heidelberg.jpg\" class=\"wp-image-271395 avia-img-lazy-loading-not-271395 attachment-no scaling size-no scaling\" alt=\"\" srcset=\"https:\/\/www.procarton.com\/wp-content\/uploads\/2021\/12\/heidelberg.jpg 230w, https:\/\/www.procarton.com\/wp-content\/uploads\/2021\/12\/heidelberg-18x10.jpg 18w\" sizes=\"(max-width: 230px) 100vw, 230px\" \/><\/a><\/div>\n<div  class='swiper-slide'><a href=\"https:\/\/www.ecma.org\/\" data-rel='slide-1' class='slide-image' title='' target=\"_blank\" rel=\"noopener noreferrer\"><img decoding=\"async\" width=\"300\" height=\"113\" src=\"https:\/\/www.procarton.com\/wp-content\/uploads\/2025\/01\/ECMA-2025-logo-AB-PC.png\" class=\"wp-image-300755 avia-img-lazy-loading-not-300755 attachment-no scaling size-no scaling\" alt=\"\" srcset=\"https:\/\/www.procarton.com\/wp-content\/uploads\/2025\/01\/ECMA-2025-logo-AB-PC.png 300w, https:\/\/www.procarton.com\/wp-content\/uploads\/2025\/01\/ECMA-2025-logo-AB-PC-18x7.png 18w\" sizes=\"(max-width: 300px) 100vw, 300px\" \/><\/a><\/div>\n<\/div>\n<div class='avia-slideshow-dots avia-slideshow-controls'><a href='#1' class='goto-slide active' >1<\/a><a href='#2' class='goto-slide' >2<\/a><a href='#3' class='goto-slide' >3<\/a><a href='#4' class='goto-slide' >4<\/a><\/div>\n<\/div>\n<div class=\"container swiper-bullets2\">\n<div class=\"swiper-pagination2\"><\/div>\n<\/div>\n<\/div>\n<\/div>\n<\/div>\n<\/div>\n<\/div>\n<p><!-- close content main div --><\/div>\n<\/div>\n<div id='av_section_8'  class='avia-section main_color avia-section-default avia-no-border-styling  avia-bg-style-scroll  dark cartonboard  container_wrap fullsize' style='background-color: #1c7355;  '  >\n<div class='container' >\n<div class='template-page content  av-content-full alpha units'>\n<div class='post-entry post-entry-type-page post-entry-38'>\n<div class='entry-content-wrapper clearfix'>\n<div class=\"av-animated-generic top-to-bottom flex_column av_one_full  av-animated-generic top-to-bottom  flex_column_div av-zero-column-padding first\" style='border-radius:0px; '>\n<section class=\"av_textblock_section\"  itemscope=\"itemscope\" itemtype=\"https:\/\/schema.org\/BlogPosting\" itemprop=\"blogPost\" >\n<div class='avia_textblock'   itemprop=\"text\" >\n<h3>Gestalten mit Karton<\/h3>\n<\/div>\n<\/section>\n<div  class='design-slider'>\n<div class='swiper-container'>\n<div class='swiper-wrapper'>\n<div class='swiper-slide'><img decoding=\"async\" class='wp-image-298388 avia-img-lazy-loading-not-298388 av-horizontal-gallery-img' width=\"1030\" height=\"687\" src=\"https:\/\/www.procarton.com\/wp-content\/uploads\/2024\/08\/RS-Origen-1030x687.png\" title='Origen Flor Natural-294959-' alt='Origen Flor Natural-294959' srcset=\"https:\/\/www.procarton.com\/wp-content\/uploads\/2024\/08\/RS-Origen-1030x687.png 1030w, https:\/\/www.procarton.com\/wp-content\/uploads\/2024\/08\/RS-Origen-300x200.png 300w, https:\/\/www.procarton.com\/wp-content\/uploads\/2024\/08\/RS-Origen-768x512.png 768w, https:\/\/www.procarton.com\/wp-content\/uploads\/2024\/08\/RS-Origen-1536x1024.png 1536w, https:\/\/www.procarton.com\/wp-content\/uploads\/2024\/08\/RS-Origen-2048x1366.png 2048w, https:\/\/www.procarton.com\/wp-content\/uploads\/2024\/08\/RS-Origen-18x12.png 18w, https:\/\/www.procarton.com\/wp-content\/uploads\/2024\/08\/RS-Origen-1500x1000.png 1500w, https:\/\/www.procarton.com\/wp-content\/uploads\/2024\/08\/RS-Origen-705x470.png 705w\" sizes=\"(max-width: 1030px) 100vw, 1030px\" \/><a href=\"https:\/\/www.procarton.com\/wp-content\/uploads\/2024\/08\/RS-Origen-1030x687.png\" data-srcset=\"https:\/\/www.procarton.com\/wp-content\/uploads\/2024\/08\/RS-Origen-1030x687.png 1030w, https:\/\/www.procarton.com\/wp-content\/uploads\/2024\/08\/RS-Origen-300x200.png 300w, https:\/\/www.procarton.com\/wp-content\/uploads\/2024\/08\/RS-Origen-768x512.png 768w, https:\/\/www.procarton.com\/wp-content\/uploads\/2024\/08\/RS-Origen-1536x1024.png 1536w, https:\/\/www.procarton.com\/wp-content\/uploads\/2024\/08\/RS-Origen-2048x1366.png 2048w, https:\/\/www.procarton.com\/wp-content\/uploads\/2024\/08\/RS-Origen-18x12.png 18w, https:\/\/www.procarton.com\/wp-content\/uploads\/2024\/08\/RS-Origen-1500x1000.png 1500w, https:\/\/www.procarton.com\/wp-content\/uploads\/2024\/08\/RS-Origen-705x470.png 705w\" data-sizes=\"(max-width: 1030px) 100vw, 1030px\" class='av-horizontal-gallery-link' aria-hidden='true' data-av_icon='\ue869' data-av_iconfont='entypo-fontello' title='Origen Flor Natural-294959-' alt='Origen Flor Natural-294959'><\/a><\/div>\n<div class='swiper-slide'><img decoding=\"async\" class='wp-image-298432 avia-img-lazy-loading-not-298432 av-horizontal-gallery-img' width=\"1030\" height=\"687\" src=\"https:\/\/www.procarton.com\/wp-content\/uploads\/2024\/08\/11339_0074-land-scaled-REDONE-1030x687.png\" title='Mackmyra 001-296075-' alt='Mackmyra 001-296075' srcset=\"https:\/\/www.procarton.com\/wp-content\/uploads\/2024\/08\/11339_0074-land-scaled-REDONE-1030x687.png 1030w, https:\/\/www.procarton.com\/wp-content\/uploads\/2024\/08\/11339_0074-land-scaled-REDONE-300x200.png 300w, https:\/\/www.procarton.com\/wp-content\/uploads\/2024\/08\/11339_0074-land-scaled-REDONE-768x512.png 768w, https:\/\/www.procarton.com\/wp-content\/uploads\/2024\/08\/11339_0074-land-scaled-REDONE-1536x1024.png 1536w, https:\/\/www.procarton.com\/wp-content\/uploads\/2024\/08\/11339_0074-land-scaled-REDONE-2048x1366.png 2048w, https:\/\/www.procarton.com\/wp-content\/uploads\/2024\/08\/11339_0074-land-scaled-REDONE-18x12.png 18w, https:\/\/www.procarton.com\/wp-content\/uploads\/2024\/08\/11339_0074-land-scaled-REDONE-1500x1000.png 1500w, https:\/\/www.procarton.com\/wp-content\/uploads\/2024\/08\/11339_0074-land-scaled-REDONE-705x470.png 705w\" sizes=\"(max-width: 1030px) 100vw, 1030px\" \/><a href=\"https:\/\/www.procarton.com\/wp-content\/uploads\/2024\/08\/11339_0074-land-scaled-REDONE-1030x687.png\" data-srcset=\"https:\/\/www.procarton.com\/wp-content\/uploads\/2024\/08\/11339_0074-land-scaled-REDONE-1030x687.png 1030w, https:\/\/www.procarton.com\/wp-content\/uploads\/2024\/08\/11339_0074-land-scaled-REDONE-300x200.png 300w, https:\/\/www.procarton.com\/wp-content\/uploads\/2024\/08\/11339_0074-land-scaled-REDONE-768x512.png 768w, https:\/\/www.procarton.com\/wp-content\/uploads\/2024\/08\/11339_0074-land-scaled-REDONE-1536x1024.png 1536w, https:\/\/www.procarton.com\/wp-content\/uploads\/2024\/08\/11339_0074-land-scaled-REDONE-2048x1366.png 2048w, https:\/\/www.procarton.com\/wp-content\/uploads\/2024\/08\/11339_0074-land-scaled-REDONE-18x12.png 18w, https:\/\/www.procarton.com\/wp-content\/uploads\/2024\/08\/11339_0074-land-scaled-REDONE-1500x1000.png 1500w, https:\/\/www.procarton.com\/wp-content\/uploads\/2024\/08\/11339_0074-land-scaled-REDONE-705x470.png 705w\" data-sizes=\"(max-width: 1030px) 100vw, 1030px\" class='av-horizontal-gallery-link' aria-hidden='true' data-av_icon='\ue869' data-av_iconfont='entypo-fontello' title='Mackmyra 001-296075-' alt='Mackmyra 001-296075'><\/a><\/div>\n<div class='swiper-slide'><img decoding=\"async\" class='wp-image-298383 avia-img-lazy-loading-not-298383 av-horizontal-gallery-img' width=\"1030\" height=\"687\" src=\"https:\/\/www.procarton.com\/wp-content\/uploads\/2024\/08\/RS-Kirkland-1030x687.png\" title='Kirkland Marken Marinara Sauce-296117-' alt='Kirkland Marken Marinara Sauce-296117' srcset=\"https:\/\/www.procarton.com\/wp-content\/uploads\/2024\/08\/RS-Kirkland-1030x687.png 1030w, https:\/\/www.procarton.com\/wp-content\/uploads\/2024\/08\/RS-Kirkland-300x200.png 300w, https:\/\/www.procarton.com\/wp-content\/uploads\/2024\/08\/RS-Kirkland-768x512.png 768w, https:\/\/www.procarton.com\/wp-content\/uploads\/2024\/08\/RS-Kirkland-1536x1024.png 1536w, https:\/\/www.procarton.com\/wp-content\/uploads\/2024\/08\/RS-Kirkland-2048x1366.png 2048w, https:\/\/www.procarton.com\/wp-content\/uploads\/2024\/08\/RS-Kirkland-18x12.png 18w, https:\/\/www.procarton.com\/wp-content\/uploads\/2024\/08\/RS-Kirkland-1500x1000.png 1500w, https:\/\/www.procarton.com\/wp-content\/uploads\/2024\/08\/RS-Kirkland-705x470.png 705w\" sizes=\"(max-width: 1030px) 100vw, 1030px\" \/><a href=\"https:\/\/www.procarton.com\/wp-content\/uploads\/2024\/08\/RS-Kirkland-1030x687.png\" data-srcset=\"https:\/\/www.procarton.com\/wp-content\/uploads\/2024\/08\/RS-Kirkland-1030x687.png 1030w, https:\/\/www.procarton.com\/wp-content\/uploads\/2024\/08\/RS-Kirkland-300x200.png 300w, https:\/\/www.procarton.com\/wp-content\/uploads\/2024\/08\/RS-Kirkland-768x512.png 768w, https:\/\/www.procarton.com\/wp-content\/uploads\/2024\/08\/RS-Kirkland-1536x1024.png 1536w, https:\/\/www.procarton.com\/wp-content\/uploads\/2024\/08\/RS-Kirkland-2048x1366.png 2048w, https:\/\/www.procarton.com\/wp-content\/uploads\/2024\/08\/RS-Kirkland-18x12.png 18w, https:\/\/www.procarton.com\/wp-content\/uploads\/2024\/08\/RS-Kirkland-1500x1000.png 1500w, https:\/\/www.procarton.com\/wp-content\/uploads\/2024\/08\/RS-Kirkland-705x470.png 705w\" data-sizes=\"(max-width: 1030px) 100vw, 1030px\" class='av-horizontal-gallery-link' aria-hidden='true' data-av_icon='\ue869' data-av_iconfont='entypo-fontello' title='Kirkland Marken Marinara Sauce-296117-' alt='Kirkland Branded Marinara Sauce-296117'><\/a><\/div>\n<div class='swiper-slide'><img decoding=\"async\" class='wp-image-297558 avia-img-lazy-loading-not-297558 av-horizontal-gallery-img' width=\"1030\" height=\"687\" src=\"https:\/\/www.procarton.com\/wp-content\/uploads\/2024\/07\/11339_0087-ADJ-1030x687.jpg\" title='11339_0087' alt='' \/><a href=\"https:\/\/www.procarton.com\/wp-content\/uploads\/2024\/07\/11339_0087-ADJ-1030x687.jpg\" class='av-horizontal-gallery-link' aria-hidden='true' data-av_icon='\ue869' data-av_iconfont='entypo-fontello' title='11339_0087' alt=''><\/a><\/div>\n<div class='swiper-slide'><img decoding=\"async\" class='wp-image-297591 avia-img-lazy-loading-not-297591 av-horizontal-gallery-img' width=\"1030\" height=\"687\" src=\"https:\/\/www.procarton.com\/wp-content\/uploads\/2024\/07\/11339_0097-ADJ-1030x687.jpg\" title='11339_0097' alt='' srcset=\"https:\/\/www.procarton.com\/wp-content\/uploads\/2024\/07\/11339_0097-ADJ-1030x687.jpg 1030w, https:\/\/www.procarton.com\/wp-content\/uploads\/2024\/07\/11339_0097-ADJ-300x200.jpg 300w, https:\/\/www.procarton.com\/wp-content\/uploads\/2024\/07\/11339_0097-ADJ-768x512.jpg 768w, https:\/\/www.procarton.com\/wp-content\/uploads\/2024\/07\/11339_0097-ADJ-1536x1024.jpg 1536w, https:\/\/www.procarton.com\/wp-content\/uploads\/2024\/07\/11339_0097-ADJ-2048x1365.jpg 2048w, https:\/\/www.procarton.com\/wp-content\/uploads\/2024\/07\/11339_0097-ADJ-18x12.jpg 18w, https:\/\/www.procarton.com\/wp-content\/uploads\/2024\/07\/11339_0097-ADJ-1500x1000.jpg 1500w, https:\/\/www.procarton.com\/wp-content\/uploads\/2024\/07\/11339_0097-ADJ-705x470.jpg 705w\" sizes=\"(max-width: 1030px) 100vw, 1030px\" \/><a href=\"https:\/\/www.procarton.com\/wp-content\/uploads\/2024\/07\/11339_0097-ADJ-1030x687.jpg\" data-srcset=\"https:\/\/www.procarton.com\/wp-content\/uploads\/2024\/07\/11339_0097-ADJ-1030x687.jpg 1030w, https:\/\/www.procarton.com\/wp-content\/uploads\/2024\/07\/11339_0097-ADJ-300x200.jpg 300w, https:\/\/www.procarton.com\/wp-content\/uploads\/2024\/07\/11339_0097-ADJ-768x512.jpg 768w, https:\/\/www.procarton.com\/wp-content\/uploads\/2024\/07\/11339_0097-ADJ-1536x1024.jpg 1536w, https:\/\/www.procarton.com\/wp-content\/uploads\/2024\/07\/11339_0097-ADJ-2048x1365.jpg 2048w, https:\/\/www.procarton.com\/wp-content\/uploads\/2024\/07\/11339_0097-ADJ-18x12.jpg 18w, https:\/\/www.procarton.com\/wp-content\/uploads\/2024\/07\/11339_0097-ADJ-1500x1000.jpg 1500w, https:\/\/www.procarton.com\/wp-content\/uploads\/2024\/07\/11339_0097-ADJ-705x470.jpg 705w\" data-sizes=\"(max-width: 1030px) 100vw, 1030px\" class='av-horizontal-gallery-link' aria-hidden='true' data-av_icon='\ue869' data-av_iconfont='entypo-fontello' title='11339_0097' alt=''><\/a><\/div>\n<div class='swiper-slide'><img decoding=\"async\" class='wp-image-298433 avia-img-lazy-loading-not-298433 av-horizontal-gallery-img' width=\"1030\" height=\"687\" src=\"https:\/\/www.procarton.com\/wp-content\/uploads\/2024\/08\/11339_0077-ADJ-scaled-REDONE-1030x687.png\" title='Easy Life Fischfutter-295399-' alt='Easy Life Fischfutter-295399' srcset=\"https:\/\/www.procarton.com\/wp-content\/uploads\/2024\/08\/11339_0077-ADJ-scaled-REDONE-1030x687.png 1030w, https:\/\/www.procarton.com\/wp-content\/uploads\/2024\/08\/11339_0077-ADJ-scaled-REDONE-300x200.png 300w, https:\/\/www.procarton.com\/wp-content\/uploads\/2024\/08\/11339_0077-ADJ-scaled-REDONE-768x512.png 768w, https:\/\/www.procarton.com\/wp-content\/uploads\/2024\/08\/11339_0077-ADJ-scaled-REDONE-1536x1024.png 1536w, https:\/\/www.procarton.com\/wp-content\/uploads\/2024\/08\/11339_0077-ADJ-scaled-REDONE-2048x1366.png 2048w, https:\/\/www.procarton.com\/wp-content\/uploads\/2024\/08\/11339_0077-ADJ-scaled-REDONE-18x12.png 18w, https:\/\/www.procarton.com\/wp-content\/uploads\/2024\/08\/11339_0077-ADJ-scaled-REDONE-1500x1000.png 1500w, https:\/\/www.procarton.com\/wp-content\/uploads\/2024\/08\/11339_0077-ADJ-scaled-REDONE-705x470.png 705w\" sizes=\"(max-width: 1030px) 100vw, 1030px\" \/><a href=\"https:\/\/www.procarton.com\/wp-content\/uploads\/2024\/08\/11339_0077-ADJ-scaled-REDONE-1030x687.png\" data-srcset=\"https:\/\/www.procarton.com\/wp-content\/uploads\/2024\/08\/11339_0077-ADJ-scaled-REDONE-1030x687.png 1030w, https:\/\/www.procarton.com\/wp-content\/uploads\/2024\/08\/11339_0077-ADJ-scaled-REDONE-300x200.png 300w, https:\/\/www.procarton.com\/wp-content\/uploads\/2024\/08\/11339_0077-ADJ-scaled-REDONE-768x512.png 768w, https:\/\/www.procarton.com\/wp-content\/uploads\/2024\/08\/11339_0077-ADJ-scaled-REDONE-1536x1024.png 1536w, https:\/\/www.procarton.com\/wp-content\/uploads\/2024\/08\/11339_0077-ADJ-scaled-REDONE-2048x1366.png 2048w, https:\/\/www.procarton.com\/wp-content\/uploads\/2024\/08\/11339_0077-ADJ-scaled-REDONE-18x12.png 18w, https:\/\/www.procarton.com\/wp-content\/uploads\/2024\/08\/11339_0077-ADJ-scaled-REDONE-1500x1000.png 1500w, https:\/\/www.procarton.com\/wp-content\/uploads\/2024\/08\/11339_0077-ADJ-scaled-REDONE-705x470.png 705w\" data-sizes=\"(max-width: 1030px) 100vw, 1030px\" class='av-horizontal-gallery-link' aria-hidden='true' data-av_icon='\ue869' data-av_iconfont='entypo-fontello' title='Easy Life Fischfutter-295399-' alt='Easy Life Fish Food-295399'><\/a><\/div>\n<div class='swiper-slide'><img decoding=\"async\" class='wp-image-298387 avia-img-lazy-loading-not-298387 av-horizontal-gallery-img' width=\"1030\" height=\"687\" src=\"https:\/\/www.procarton.com\/wp-content\/uploads\/2024\/08\/RS-OCB-1030x687.png\" title='OCB - Abdeckungssatz - Papier &amp; Filter-296599-' alt='OCB - Abdeckungssatz - Papier &amp; Filter-296599' srcset=\"https:\/\/www.procarton.com\/wp-content\/uploads\/2024\/08\/RS-OCB-1030x687.png 1030w, https:\/\/www.procarton.com\/wp-content\/uploads\/2024\/08\/RS-OCB-300x200.png 300w, https:\/\/www.procarton.com\/wp-content\/uploads\/2024\/08\/RS-OCB-768x512.png 768w, https:\/\/www.procarton.com\/wp-content\/uploads\/2024\/08\/RS-OCB-1536x1024.png 1536w, https:\/\/www.procarton.com\/wp-content\/uploads\/2024\/08\/RS-OCB-2048x1366.png 2048w, https:\/\/www.procarton.com\/wp-content\/uploads\/2024\/08\/RS-OCB-18x12.png 18w, https:\/\/www.procarton.com\/wp-content\/uploads\/2024\/08\/RS-OCB-1500x1000.png 1500w, https:\/\/www.procarton.com\/wp-content\/uploads\/2024\/08\/RS-OCB-705x470.png 705w\" sizes=\"(max-width: 1030px) 100vw, 1030px\" \/><a href=\"https:\/\/www.procarton.com\/wp-content\/uploads\/2024\/08\/RS-OCB-1030x687.png\" data-srcset=\"https:\/\/www.procarton.com\/wp-content\/uploads\/2024\/08\/RS-OCB-1030x687.png 1030w, https:\/\/www.procarton.com\/wp-content\/uploads\/2024\/08\/RS-OCB-300x200.png 300w, https:\/\/www.procarton.com\/wp-content\/uploads\/2024\/08\/RS-OCB-768x512.png 768w, https:\/\/www.procarton.com\/wp-content\/uploads\/2024\/08\/RS-OCB-1536x1024.png 1536w, https:\/\/www.procarton.com\/wp-content\/uploads\/2024\/08\/RS-OCB-2048x1366.png 2048w, https:\/\/www.procarton.com\/wp-content\/uploads\/2024\/08\/RS-OCB-18x12.png 18w, https:\/\/www.procarton.com\/wp-content\/uploads\/2024\/08\/RS-OCB-1500x1000.png 1500w, https:\/\/www.procarton.com\/wp-content\/uploads\/2024\/08\/RS-OCB-705x470.png 705w\" data-sizes=\"(max-width: 1030px) 100vw, 1030px\" class='av-horizontal-gallery-link' aria-hidden='true' data-av_icon='\ue869' data-av_iconfont='entypo-fontello' title='OCB - Abdeckungssatz - Papier &amp; Filter-296599-' alt='OCB - Cover kit - paper &amp; filter-296599'><\/a><\/div>\n<div class='swiper-slide'><img decoding=\"async\" class='wp-image-297517 avia-img-lazy-loading-not-297517 av-horizontal-gallery-img' width=\"1030\" height=\"687\" src=\"https:\/\/www.procarton.com\/wp-content\/uploads\/2024\/07\/11339_0053-ADJ-1030x687.jpg\" title='11339_0053' alt='' srcset=\"https:\/\/www.procarton.com\/wp-content\/uploads\/2024\/07\/11339_0053-ADJ-1030x687.jpg 1030w, https:\/\/www.procarton.com\/wp-content\/uploads\/2024\/07\/11339_0053-ADJ-300x200.jpg 300w, https:\/\/www.procarton.com\/wp-content\/uploads\/2024\/07\/11339_0053-ADJ-768x512.jpg 768w, https:\/\/www.procarton.com\/wp-content\/uploads\/2024\/07\/11339_0053-ADJ-1536x1024.jpg 1536w, https:\/\/www.procarton.com\/wp-content\/uploads\/2024\/07\/11339_0053-ADJ-2048x1365.jpg 2048w, https:\/\/www.procarton.com\/wp-content\/uploads\/2024\/07\/11339_0053-ADJ-18x12.jpg 18w, https:\/\/www.procarton.com\/wp-content\/uploads\/2024\/07\/11339_0053-ADJ-1500x1000.jpg 1500w, https:\/\/www.procarton.com\/wp-content\/uploads\/2024\/07\/11339_0053-ADJ-705x470.jpg 705w\" sizes=\"(max-width: 1030px) 100vw, 1030px\" \/><a href=\"https:\/\/www.procarton.com\/wp-content\/uploads\/2024\/07\/11339_0053-ADJ-1030x687.jpg\" data-srcset=\"https:\/\/www.procarton.com\/wp-content\/uploads\/2024\/07\/11339_0053-ADJ-1030x687.jpg 1030w, https:\/\/www.procarton.com\/wp-content\/uploads\/2024\/07\/11339_0053-ADJ-300x200.jpg 300w, https:\/\/www.procarton.com\/wp-content\/uploads\/2024\/07\/11339_0053-ADJ-768x512.jpg 768w, https:\/\/www.procarton.com\/wp-content\/uploads\/2024\/07\/11339_0053-ADJ-1536x1024.jpg 1536w, https:\/\/www.procarton.com\/wp-content\/uploads\/2024\/07\/11339_0053-ADJ-2048x1365.jpg 2048w, https:\/\/www.procarton.com\/wp-content\/uploads\/2024\/07\/11339_0053-ADJ-18x12.jpg 18w, https:\/\/www.procarton.com\/wp-content\/uploads\/2024\/07\/11339_0053-ADJ-1500x1000.jpg 1500w, https:\/\/www.procarton.com\/wp-content\/uploads\/2024\/07\/11339_0053-ADJ-705x470.jpg 705w\" data-sizes=\"(max-width: 1030px) 100vw, 1030px\" class='av-horizontal-gallery-link' aria-hidden='true' data-av_icon='\ue869' data-av_iconfont='entypo-fontello' title='11339_0053' alt=''><\/a><\/div>\n<\/div>\n<div class=\"swiper-pagination3\"><\/div>\n<\/div>\n<\/div>\n<\/div>","protected":false},"excerpt":{"rendered":"<p>Pro Carton, der europ\u00e4ische Verband der Karton- und Papphersteller, f\u00f6rdert die Vorteile von erneuerbarem, recycelbarem Verpackungsmaterial.<\/p>","protected":false},"author":1,"featured_media":0,"parent":0,"menu_order":24,"comment_status":"closed","ping_status":"closed","template":"font-page.php","meta":{"inline_featured_image":false,"footnotes":""},"class_list":["post-38","page","type-page","status-publish","hentry"],"yoast_head":"<!-- This site is optimized with the Yoast SEO plugin v27.4 - https:\/\/yoast.com\/product\/yoast-seo-wordpress\/ -->\n<title>Home - Pro Carton<\/title>\n<meta name=\"description\" content=\"Pro Carton, European Association of Carton and Cartonboard manufacturers, promotes the benefits of renewable, recyclable packaging material.\" \/>\n<meta name=\"robots\" content=\"index, follow, max-snippet:-1, max-image-preview:large, max-video-preview:-1\" \/>\n<link rel=\"canonical\" href=\"https:\/\/www.procarton.com\/de\/\" \/>\n<meta property=\"og:locale\" content=\"de_DE\" \/>\n<meta property=\"og:type\" content=\"article\" \/>\n<meta property=\"og:title\" content=\"Home - Pro Carton\" \/>\n<meta property=\"og:description\" content=\"Pro Carton, European Association of Carton and Cartonboard manufacturers, promotes the benefits of renewable, recyclable packaging material.\" \/>\n<meta property=\"og:url\" content=\"https:\/\/www.procarton.com\/de\/\" \/>\n<meta property=\"og:site_name\" content=\"Pro Carton\" \/>\n<meta property=\"article:publisher\" content=\"https:\/\/www.facebook.com\/procartondesignaward\/\" \/>\n<meta property=\"article:modified_time\" content=\"2026-03-11T16:40:51+00:00\" \/>\n<meta name=\"twitter:card\" content=\"summary_large_image\" \/>\n<meta name=\"twitter:site\" content=\"@pro_carton\" \/>\n<meta name=\"twitter:label1\" content=\"Gesch\u00e4tzte Lesezeit\" \/>\n\t<meta name=\"twitter:data1\" content=\"8\u00a0Minuten\" \/>\n<script type=\"application\/ld+json\" class=\"yoast-schema-graph\">{\"@context\":\"https:\\\/\\\/schema.org\",\"@graph\":[{\"@type\":\"WebPage\",\"@id\":\"https:\\\/\\\/www.procarton.com\\\/\",\"url\":\"https:\\\/\\\/www.procarton.com\\\/\",\"name\":\"Home - Pro Carton\",\"isPartOf\":{\"@id\":\"https:\\\/\\\/www.procarton.com\\\/es\\\/#website\"},\"datePublished\":\"2021-07-27T15:27:12+00:00\",\"dateModified\":\"2026-03-11T16:40:51+00:00\",\"description\":\"Pro Carton, European Association of Carton and Cartonboard manufacturers, promotes the benefits of renewable, recyclable packaging material.\",\"breadcrumb\":{\"@id\":\"https:\\\/\\\/www.procarton.com\\\/#breadcrumb\"},\"inLanguage\":\"de\",\"potentialAction\":[{\"@type\":\"ReadAction\",\"target\":[\"https:\\\/\\\/www.procarton.com\\\/\"]}]},{\"@type\":\"BreadcrumbList\",\"@id\":\"https:\\\/\\\/www.procarton.com\\\/#breadcrumb\",\"itemListElement\":[{\"@type\":\"ListItem\",\"position\":1,\"name\":\"Home\",\"item\":\"https:\\\/\\\/www.procarton.com\\\/\"},{\"@type\":\"ListItem\",\"position\":2,\"name\":\"Home\"}]},{\"@type\":\"WebSite\",\"@id\":\"https:\\\/\\\/www.procarton.com\\\/es\\\/#website\",\"url\":\"https:\\\/\\\/www.procarton.com\\\/es\\\/\",\"name\":\"Pro Carton\",\"description\":\"\",\"publisher\":{\"@id\":\"https:\\\/\\\/www.procarton.com\\\/es\\\/#organization\"},\"potentialAction\":[{\"@type\":\"SearchAction\",\"target\":{\"@type\":\"EntryPoint\",\"urlTemplate\":\"https:\\\/\\\/www.procarton.com\\\/es\\\/?s={search_term_string}\"},\"query-input\":{\"@type\":\"PropertyValueSpecification\",\"valueRequired\":true,\"valueName\":\"search_term_string\"}}],\"inLanguage\":\"de\"},{\"@type\":\"Organization\",\"@id\":\"https:\\\/\\\/www.procarton.com\\\/es\\\/#organization\",\"name\":\"ProCarton\",\"url\":\"https:\\\/\\\/www.procarton.com\\\/es\\\/\",\"logo\":{\"@type\":\"ImageObject\",\"inLanguage\":\"de\",\"@id\":\"https:\\\/\\\/www.procarton.com\\\/es\\\/#\\\/schema\\\/logo\\\/image\\\/\",\"url\":\"https:\\\/\\\/www.procarton.com\\\/wp-content\\\/uploads\\\/2022\\\/06\\\/logo-mit-slogan.jpg\",\"contentUrl\":\"https:\\\/\\\/www.procarton.com\\\/wp-content\\\/uploads\\\/2022\\\/06\\\/logo-mit-slogan.jpg\",\"width\":422,\"height\":519,\"caption\":\"ProCarton\"},\"image\":{\"@id\":\"https:\\\/\\\/www.procarton.com\\\/es\\\/#\\\/schema\\\/logo\\\/image\\\/\"},\"sameAs\":[\"https:\\\/\\\/www.facebook.com\\\/procartondesignaward\\\/\",\"https:\\\/\\\/x.com\\\/pro_carton\"]}]}<\/script>\n<!-- \/ Yoast SEO plugin. -->","yoast_head_json":{"title":"Startseite - Pro Carton","description":"Pro Carton, der europ\u00e4ische Verband der Karton- und Papphersteller, f\u00f6rdert die Vorteile von erneuerbarem, recycelbarem Verpackungsmaterial.","robots":{"index":"index","follow":"follow","max-snippet":"max-snippet:-1","max-image-preview":"max-image-preview:large","max-video-preview":"max-video-preview:-1"},"canonical":"https:\/\/www.procarton.com\/de\/","og_locale":"de_DE","og_type":"article","og_title":"Home - Pro Carton","og_description":"Pro Carton, European Association of Carton and Cartonboard manufacturers, promotes the benefits of renewable, recyclable packaging material.","og_url":"https:\/\/www.procarton.com\/de\/","og_site_name":"Pro Carton","article_publisher":"https:\/\/www.facebook.com\/procartondesignaward\/","article_modified_time":"2026-03-11T16:40:51+00:00","twitter_card":"summary_large_image","twitter_site":"@pro_carton","twitter_misc":{"Gesch\u00e4tzte Lesezeit":"8\u00a0Minuten"},"schema":{"@context":"https:\/\/schema.org","@graph":[{"@type":"WebPage","@id":"https:\/\/www.procarton.com\/","url":"https:\/\/www.procarton.com\/","name":"Startseite - Pro Carton","isPartOf":{"@id":"https:\/\/www.procarton.com\/es\/#website"},"datePublished":"2021-07-27T15:27:12+00:00","dateModified":"2026-03-11T16:40:51+00:00","description":"Pro Carton, der europ\u00e4ische Verband der Karton- und Papphersteller, f\u00f6rdert die Vorteile von erneuerbarem, recycelbarem Verpackungsmaterial.","breadcrumb":{"@id":"https:\/\/www.procarton.com\/#breadcrumb"},"inLanguage":"de","potentialAction":[{"@type":"ReadAction","target":["https:\/\/www.procarton.com\/"]}]},{"@type":"BreadcrumbList","@id":"https:\/\/www.procarton.com\/#breadcrumb","itemListElement":[{"@type":"ListItem","position":1,"name":"Home","item":"https:\/\/www.procarton.com\/"},{"@type":"ListItem","position":2,"name":"Home"}]},{"@type":"WebSite","@id":"https:\/\/www.procarton.com\/es\/#website","url":"https:\/\/www.procarton.com\/es\/","name":"Pro Carton","description":"","publisher":{"@id":"https:\/\/www.procarton.com\/es\/#organization"},"potentialAction":[{"@type":"SearchAction","target":{"@type":"EntryPoint","urlTemplate":"https:\/\/www.procarton.com\/es\/?s={search_term_string}"},"query-input":{"@type":"PropertyValueSpecification","valueRequired":true,"valueName":"search_term_string"}}],"inLanguage":"de"},{"@type":"Organization","@id":"https:\/\/www.procarton.com\/es\/#organization","name":"ProCarton","url":"https:\/\/www.procarton.com\/es\/","logo":{"@type":"ImageObject","inLanguage":"de","@id":"https:\/\/www.procarton.com\/es\/#\/schema\/logo\/image\/","url":"https:\/\/www.procarton.com\/wp-content\/uploads\/2022\/06\/logo-mit-slogan.jpg","contentUrl":"https:\/\/www.procarton.com\/wp-content\/uploads\/2022\/06\/logo-mit-slogan.jpg","width":422,"height":519,"caption":"ProCarton"},"image":{"@id":"https:\/\/www.procarton.com\/es\/#\/schema\/logo\/image\/"},"sameAs":["https:\/\/www.facebook.com\/procartondesignaward\/","https:\/\/x.com\/pro_carton"]}]}},"_links":{"self":[{"href":"https:\/\/www.procarton.com\/de\/wp-json\/wp\/v2\/pages\/38","targetHints":{"allow":["GET"]}}],"collection":[{"href":"https:\/\/www.procarton.com\/de\/wp-json\/wp\/v2\/pages"}],"about":[{"href":"https:\/\/www.procarton.com\/de\/wp-json\/wp\/v2\/types\/page"}],"author":[{"embeddable":true,"href":"https:\/\/www.procarton.com\/de\/wp-json\/wp\/v2\/users\/1"}],"replies":[{"embeddable":true,"href":"https:\/\/www.procarton.com\/de\/wp-json\/wp\/v2\/comments?post=38"}],"version-history":[{"count":528,"href":"https:\/\/www.procarton.com\/de\/wp-json\/wp\/v2\/pages\/38\/revisions"}],"predecessor-version":[{"id":308247,"href":"https:\/\/www.procarton.com\/de\/wp-json\/wp\/v2\/pages\/38\/revisions\/308247"}],"wp:attachment":[{"href":"https:\/\/www.procarton.com\/de\/wp-json\/wp\/v2\/media?parent=38"}],"curies":[{"name":"wp","href":"https:\/\/api.w.org\/{rel}","templated":true}]}}