{"id":307361,"date":"2025-11-26T11:40:02","date_gmt":"2025-11-26T11:40:02","guid":{"rendered":"https:\/\/www.procarton.com\/?page_id=307361"},"modified":"2025-11-26T15:50:32","modified_gmt":"2025-11-26T15:50:32","slug":"sponsors-articles","status":"publish","type":"page","link":"https:\/\/www.procarton.com\/de\/awards\/pro-carton-young-designers-award\/2025-2\/sponsors-articles\/","title":{"rendered":"Sponsoren Artikel"},"content":{"rendered":"<div  style='height:50px' class='hr hr-invisible   avia-builder-el-0  el_before_av_one_full  avia-builder-el-first'><span class='hr-inner' ><span class='hr-inner-style'><\/span><\/span><\/div>\n<div class=\"av-animated-generic top-to-bottom flex_column av_one_full  flex_column_div av-zero-column-padding first  avia-builder-el-1  el_after_av_hr  el_before_av_two_third\" style='border-radius:0px; '>\n<section class=\"av_textblock_section\"  itemscope=\"itemscope\" itemtype=\"https:\/\/schema.org\/CreativeWork\" >\n<div class='avia_textblock'   itemprop=\"text\" >\n<h3>Pro Carton freut sich, Artikel von unseren Sponsoren der Pro Carton Young Designers Award 2025 vorstellen zu k\u00f6nnen.<\/h3>\n<\/div>\n<\/section>\n<\/div>\n<div class=\"av-animated-generic top-to-bottom flex_column av_two_third  flex_column_div av-zero-column-padding first  avia-builder-el-3  el_after_av_one_full  el_before_av_one_third  column-top-margin\" style='border-radius:0px; '>\n<div  style='padding-bottom:10px; ' class='av-special-heading av-special-heading-h3    avia-builder-el-4  el_before_av_hr  avia-builder-el-first'>\n<h3 class='av-special-heading-tag'  itemprop=\"headline\"  >Innovation: die treibende Kraft f\u00fcr moderne Verpackungen<\/h3>\n<div class='special-heading-border'>\n<div class='special-heading-inner-border' ><\/div>\n<\/div>\n<\/div>\n<div  style='height:75px' class='hr hr-invisible   avia-builder-el-5  el_after_av_heading  el_before_av_textblock'><span class='hr-inner' ><span class='hr-inner-style'><\/span><\/span><\/div>\n<section class=\"av_textblock_section\"  itemscope=\"itemscope\" itemtype=\"https:\/\/schema.org\/CreativeWork\" >\n<div class='avia_textblock'   itemprop=\"text\" >\n<p>Die 2025 Pro Carton Young Designers Award hat uns ein weiteres Jahr mit aufregenden Designs beschert und uns erneut daran erinnert, dass sich die Branche in rasantem Tempo bewegt. Wir stellen nicht einfach nur Verpackungen her, sondern gestalten die Zukunft der Verbindung zwischen Produkten und Menschen. Im Mittelpunkt dieses Prozesses steht die Innovation - die inspirierende Kraft, die unsere Branche voranbringt.<\/p>\n<p><b>Eine Zukunft schaffen, f\u00fcr die es sich zu planen lohnt<\/b><\/p>\n<p>Die F\u00e4higkeit zur Innovation bringt jedoch auch ein gewisses Ma\u00df an Verantwortung mit sich. W\u00e4hrend wir die jungen Designer und ihre k\u00fchnen Kreationen feiern, m\u00fcssen wir an die Zukunft denken, in die sie eintreten.<\/p>\n<p>Innovation bedeutet nicht nur, den Verbraucher mit kreativem, \u00fcberraschendem Design und intuitiver Benutzerfreundlichkeit zu begeistern, sondern auch, ihn \u00fcber nachhaltige Best Practices aufzukl\u00e4ren und ihm die Vorteile einer nachhaltigen Entscheidung zu vermitteln.<\/p>\n<p>So zeigen Studien, dass 63% der Verbraucher der Meinung sind, dass nachhaltige Verpackungen ihre Wahrnehmung einer Marke positiv beeinflussen. Vor diesem Hintergrund liegt es an den Branchenf\u00fchrern, weiterhin nachhaltig zu innovieren und sicherzustellen, dass wir gemeinsam vorankommen.<\/p>\n<p><b>Innovation als kollektive Kraft<\/b><\/p>\n<p>Innovation entsteht aus Zusammenarbeit und der gemeinsamen Leidenschaft, Grenzen zu \u00fcberschreiten. Bei VGP arbeitet unser Team mit unseren Kunden zusammen, um Verpackungsl\u00f6sungen zu entwickeln, die ein einfaches Konzept in ein marktf\u00fchrendes Produkt und eine Kraft f\u00fcr das Gute verwandeln.<\/p>\n<p>So wie unsere Kreativen sich gegenseitig herausfordern und anspornen, um die bestm\u00f6gliche und wirkungsvollste Arbeit zu leisten, muss jeder in der Verpackungsindustrie dasselbe tun. Das Spiel zum Wohle aller zu verbessern und als Beispiel f\u00fcr die n\u00e4chste Generation zu folgen.<\/p>\n<p><b>Nachhaltigkeit als kreativer Katalysator<\/b><\/p>\n<p>Jahrzehntelang galt die Nachhaltigkeit als ein Hindernis, das es im Designprozess zu \u00fcberwinden galt. Heute ist sie zu einem kreativen Katalysator geworden.<\/p>\n<p>Die Herausforderung, umweltfreundliche Verpackungen zu schaffen, hat einige der aufregendsten und einfallsreichsten Ideen in der Geschichte unserer Branche hervorgebracht. Zum Beispiel die Entwicklung der Verwendung von Materialien wie Microflute, einer robusten und nachhaltigen L\u00f6sung f\u00fcr Gro\u00dfverpackungen. Als Ersatz f\u00fcr Kunststoffe schafft Microflute eine effizientere Einzelhandelskette, ohne Kompromisse bei der Leistung einzugehen.<\/p>\n<p>Als die Verordnung \u00fcber Verpackungen und Verpackungsabf\u00e4lle (PPWR) angek\u00fcndigt wurde, sahen viele darin das Ende der Innovation in der Branche. Wirklich kreative Akteure sahen sie jedoch als genau das, was sie ist: eine\u00a0<a href=\"https:\/\/vangenechten.com\/blog\/packaging-and-packaging-waste-regulation\">strategische Chance zur Innovation<\/a>\u00a0und ihre Leistung zu verbessern.<\/p>\n<p>Der Weg zu PPWR wird lang sein, aber die Branche muss ihn gemeinsam beschreiten und neue Technologien nutzen, um die Prozesse in allen Bereichen zu verbessern.<\/p>\n<p><b>Den Mut zum Handeln finden<\/b><\/p>\n<p>Innovation erfordert Mut. Sie erfordert, dass wir den Status quo in Frage stellen, kalkulierte Risiken eingehen und in Ideen investieren, die zun\u00e4chst unkonventionell erscheinen m\u00f6gen. Wenn wir es wagen, uns selbst und die Branche als Ganzes in Frage zu stellen, ist das der Punkt, an dem der Zauber beginnt.<\/p>\n<p>Initiativen wie die Pro Carton Young Designers Award sind ein Beweis f\u00fcr diese \u00dcberzeugung. In die n\u00e4chste Generation von Verpackungsdesignern zu investieren, sie zu unterst\u00fctzen und ihnen ein Beispiel zu geben, ist ein mutiger Akt, der sich auf ihre und unsere Zukunft auswirkt.<\/p>\n<p>Die Frage ist nicht, ob wir das Ziel erreichen k\u00f6nnen. Es geht darum, wie schnell wir bereit sind, uns zu bewegen.<\/p>\n<p>Das Ziel ist klar; jetzt ist es an der Zeit, voranzukommen.<\/p>\n<p>Und denken Sie daran: Wenn Sie auffallen wollen, denken und handeln Sie anders!<\/p>\n<p><span data-contrast=\"auto\">Weitere Informationen finden Sie im Internet: <\/span><a href=\"http:\/\/www.vangenechten.com\/\"><span data-contrast=\"none\">www.vangenechten.com<\/span><\/a><span data-ccp-props=\"{}\">\u00a0<\/span><\/p>\n<\/div>\n<\/section>\n<\/div>\n<div class=\"av-animated-generic top-to-bottom flex_column av_one_third  flex_column_div av-zero-column-padding   avia-builder-el-7  el_after_av_two_third  el_before_av_hr  column-top-margin\" style='border-radius:0px; '>\n<div  style='height:50px' class='hr hr-invisible   avia-builder-el-8  el_before_av_image  avia-builder-el-first'><span class='hr-inner' ><span class='hr-inner-style'><\/span><\/span><\/div>\n<div  class='avia-image-container  av-styling-    avia-builder-el-9  el_after_av_hr  el_before_av_image  avia-align-center'  itemprop=\"image\" itemscope=\"itemscope\" itemtype=\"https:\/\/schema.org\/ImageObject\"  >\n<div class='avia-image-container-inner'>\n<div class='avia-image-overlay-wrap'><img decoding=\"async\" width=\"300\" height=\"300\" class='wp-image-301648 avia-img-lazy-loading-not-301648 avia_image' src=\"https:\/\/www.procarton.com\/wp-content\/uploads\/2025\/04\/VGP-HR-Crop-300x300.png\" alt='' title='VGP HR Ernte'  itemprop=\"thumbnailUrl\" srcset=\"https:\/\/www.procarton.com\/wp-content\/uploads\/2025\/04\/VGP-HR-Crop-300x300.png 300w, https:\/\/www.procarton.com\/wp-content\/uploads\/2025\/04\/VGP-HR-Crop-1030x1030.png 1030w, https:\/\/www.procarton.com\/wp-content\/uploads\/2025\/04\/VGP-HR-Crop-80x80.png 80w, https:\/\/www.procarton.com\/wp-content\/uploads\/2025\/04\/VGP-HR-Crop-768x768.png 768w, https:\/\/www.procarton.com\/wp-content\/uploads\/2025\/04\/VGP-HR-Crop-12x12.png 12w, https:\/\/www.procarton.com\/wp-content\/uploads\/2025\/04\/VGP-HR-Crop-36x36.png 36w, https:\/\/www.procarton.com\/wp-content\/uploads\/2025\/04\/VGP-HR-Crop-180x180.png 180w, https:\/\/www.procarton.com\/wp-content\/uploads\/2025\/04\/VGP-HR-Crop-705x705.png 705w, https:\/\/www.procarton.com\/wp-content\/uploads\/2025\/04\/VGP-HR-Crop.png 1080w\" sizes=\"(max-width: 300px) 100vw, 300px\" \/><\/div>\n<\/div>\n<\/div>\n<div  class='avia-image-container  av-styling-    avia-builder-el-10  el_after_av_image  el_before_av_hr  avia-align-center'  itemprop=\"image\" itemscope=\"itemscope\" itemtype=\"https:\/\/schema.org\/ImageObject\"  >\n<div class='avia-image-container-inner'>\n<div class='avia-image-overlay-wrap'><img decoding=\"async\" width=\"2560\" height=\"1707\" class='wp-image-306914 avia-img-lazy-loading-not-306914 avia_image' src=\"https:\/\/www.procarton.com\/wp-content\/uploads\/2025\/09\/VGP_image_shutterstock_1740488222-scaled.jpg\" alt='' title='Helle,Idee!,Lustig,Kind,Student,Mit,Rucksack,In,Klasse,Gl\u00fccklich'  itemprop=\"thumbnailUrl\" srcset=\"https:\/\/www.procarton.com\/wp-content\/uploads\/2025\/09\/VGP_image_shutterstock_1740488222-scaled.jpg 2560w, https:\/\/www.procarton.com\/wp-content\/uploads\/2025\/09\/VGP_image_shutterstock_1740488222-300x200.jpg 300w, https:\/\/www.procarton.com\/wp-content\/uploads\/2025\/09\/VGP_image_shutterstock_1740488222-1030x687.jpg 1030w, https:\/\/www.procarton.com\/wp-content\/uploads\/2025\/09\/VGP_image_shutterstock_1740488222-768x512.jpg 768w, https:\/\/www.procarton.com\/wp-content\/uploads\/2025\/09\/VGP_image_shutterstock_1740488222-1536x1024.jpg 1536w, https:\/\/www.procarton.com\/wp-content\/uploads\/2025\/09\/VGP_image_shutterstock_1740488222-2048x1365.jpg 2048w, https:\/\/www.procarton.com\/wp-content\/uploads\/2025\/09\/VGP_image_shutterstock_1740488222-18x12.jpg 18w, https:\/\/www.procarton.com\/wp-content\/uploads\/2025\/09\/VGP_image_shutterstock_1740488222-1500x1000.jpg 1500w, https:\/\/www.procarton.com\/wp-content\/uploads\/2025\/09\/VGP_image_shutterstock_1740488222-705x470.jpg 705w\" sizes=\"(max-width: 2560px) 100vw, 2560px\" \/><\/div>\n<\/div>\n<\/div>\n<div  style='height:75px' class='hr hr-invisible   avia-builder-el-11  el_after_av_image  el_before_av_video'><span class='hr-inner' ><span class='hr-inner-style'><\/span><\/span><\/div>\n<div  class='avia-video avia-video-16-9 avia-video-html5'   itemprop=\"video\" itemtype=\"https:\/\/schema.org\/VideoObject\"  data-original_url='https:\/\/www.procarton.com\/wp-content\/uploads\/2025\/08\/Copyright-VGP_A-touch-of-Magic_2025-08-07.mp4' ><video class='avia_video'    preload=\"auto\"  controls id='player_307361_262357912_49638442'><source src=\"https:\/\/www.procarton.com\/wp-content\/uploads\/2025\/08\/Copyright-VGP_A-touch-of-Magic_2025-08-07.mp4\" type=\"video\/mp4\" \/><\/video><\/div>\n<\/div>\n<div   class='hr hr-default   avia-builder-el-13  el_after_av_one_third  el_before_av_two_third'><span class='hr-inner' ><span class='hr-inner-style'><\/span><\/span><\/div>\n<div class=\"av-animated-generic top-to-bottom flex_column av_two_third  flex_column_div av-zero-column-padding first  avia-builder-el-14  el_after_av_hr  el_before_av_one_third\" style='border-radius:0px; '>\n<div  style='padding-bottom:10px; ' class='av-special-heading av-special-heading-h3    avia-builder-el-15  el_before_av_hr  avia-builder-el-first'>\n<h3 class='av-special-heading-tag'  itemprop=\"headline\"  >Zirkularit\u00e4t in der Faltschachtelverpackung: Herausforderungen in Chancen verwandeln<\/h3>\n<div class='special-heading-border'>\n<div class='special-heading-inner-border' ><\/div>\n<\/div>\n<\/div>\n<div  style='height:75px' class='hr hr-invisible   avia-builder-el-16  el_after_av_heading  el_before_av_textblock'><span class='hr-inner' ><span class='hr-inner-style'><\/span><\/span><\/div>\n<section class=\"av_textblock_section\"  itemscope=\"itemscope\" itemtype=\"https:\/\/schema.org\/CreativeWork\" >\n<div class='avia_textblock'   itemprop=\"text\" >\n<p>Die Verpackungsindustrie steht an einem entscheidenden Wendepunkt. Angesichts des gestiegenen Umweltbewusstseins, der strengeren Vorschriften und der sich \u00e4ndernden Erwartungen der Verbraucher hat sich die Kreislaufwirtschaft von einem \"Nice to have\" zu einer gesch\u00e4ftlichen Notwendigkeit entwickelt. F\u00fcr Faltschachtelverpackungen ist dieser \u00dcbergang sowohl eine Herausforderung als auch eine Chance, die Innovation, Zusammenarbeit und klare Kommunikation erfordert.<\/p>\n<p>Traditionell folgten Verpackungen einem linearen Modell: herstellen, verwenden, entsorgen. Dieser Ansatz ersch\u00f6pft nicht nur die endlichen Ressourcen, sondern belastet auch zunehmend die Abfallbewirtschaftungssysteme. Die Kreislaufwirtschaft kehrt das Modell um, indem sie Verpackungen so gestaltet, dass die Materialien wiederverwendet, recycelt oder kompostiert werden k\u00f6nnen, damit sie so lange wie m\u00f6glich im Umlauf bleiben.<\/p>\n<p>Faltschachtelkarton hat bereits einen Vorteil: Er wird haupts\u00e4chlich aus erneuerbaren, faserbasierten Materialien hergestellt, die oft aus nachhaltig bewirtschafteten W\u00e4ldern stammen. Mit hohen Recyclingquoten in ganz Europa ist Karton gut positioniert, um eine Vorreiterrolle zu spielen. Um eine echte Kreislaufwirtschaft zu erreichen, muss jedoch nicht nur das Material ausgew\u00e4hlt werden, sondern es muss sichergestellt werden, dass das gesamte System den Kreislauf unterst\u00fctzt.<\/p>\n<p>Rundes Design beginnt am Rei\u00dfbrett. Verpackungen sollten leicht zu sammeln, zu sortieren und zu verarbeiten sein. Das bedeutet, dass unn\u00f6tige Komplexit\u00e4t, wie z. B. unvertr\u00e4gliche Materialkombinationen, vermieden und Druckfarben, Beschichtungen und Klebstoffe bevorzugt werden sollten, die das Recycling nicht behindern.<\/p>\n<p>Innovationen bei Beschichtungen auf Wasserbasis, Barrierel\u00f6sungen, die Kunststofffolien ersetzen, und Klebstoffsysteme, die f\u00fcr eine saubere Fasertrennung ausgelegt sind, ebnen den Weg f\u00fcr ein effizienteres Recycling. Wichtig ist, dass diese L\u00f6sungen ein Gleichgewicht zwischen Nachhaltigkeit und Funktionalit\u00e4t herstellen, das Produkt sch\u00fctzen, die Haltbarkeit verl\u00e4ngern und den Anforderungen der Marke gerecht werden.<\/p>\n<p>Die K\u00e4ufer sind sich zunehmend der Umweltaussagen bewusst und erwarten, dass Marken diese auch einhalten. Die nat\u00fcrliche, haptische Qualit\u00e4t von Faltschachtelverpackungen kommt bei Verbrauchern, die nach Authentizit\u00e4t und Verantwortung suchen, bereits gut an. Der Schl\u00fcssel dazu ist jedoch eine effektive Kommunikation. Klare Recyclinganweisungen, sichtbare Nachhaltigkeitslogos und transparente Angaben helfen den Verbrauchern, die richtigen Entsorgungsentscheidungen zu treffen und den Kreislauf in der Praxis zu schlie\u00dfen, nicht nur in der Theorie.<\/p>\n<p>Kreislaufwirtschaft ist ein gemeinsames Ziel, das st\u00e4ndige Innovation erfordert. Digitale Drucktechnologien erm\u00f6glichen kleinere, bedarfsgerechte Produktionsl\u00e4ufe und reduzieren so den Abfall. Intelligente Verpackungsmerkmale wie QR-Codes k\u00f6nnen die Verbraucher zu Recyclinginformationen f\u00fchren oder die Umweltvorteile einer Verpackung erkl\u00e4ren. Gewichtsreduzierung, strukturelle Umgestaltung und Materialeffizienz tragen dazu bei, die Umweltbelastung zu verringern, ohne die Leistung zu beeintr\u00e4chtigen.<\/p>\n<p>Die wirklichen Durchbr\u00fcche entstehen, wenn Verpackungsunternehmen mit Marken, Lieferanten, Recyclingunternehmen und politischen Entscheidungstr\u00e4gern zusammenarbeiten. Branchen\u00fcbergreifende Partnerschaften k\u00f6nnen helfen, Materialstandards anzugleichen, Sammelsysteme zu verbessern und Infrastrukturinvestitionen zu unterst\u00fctzen.<\/p>\n<p>Die Gesetzgebung in der EU und dar\u00fcber hinaus dr\u00e4ngt die Verpackungshersteller zu Kreislaufmodellen. Durch die erweiterte Herstellerverantwortung (EPR) werden Marken f\u00fcr den gesamten Lebenszyklus ihrer Verpackungen zur Verantwortung gezogen. Pfandr\u00fccknahmesysteme, harmonisierte Recycling-Symbole und strengere Vorschriften f\u00fcr Einwegkunststoffe dr\u00e4ngen den Markt in Richtung faserbasierter, recycelbarer L\u00f6sungen.<\/p>\n<p>F\u00fcr Faltschachteln ist dies sowohl eine Herausforderung, da sie sich st\u00e4ndig weiterentwickeln m\u00fcssen, als auch eine einzigartige Marktchance. Marken sind aktiv auf der Suche nach Verpackungen, die sowohl die Compliance-Anforderungen als auch die Erwartungen der Verbraucher erf\u00fcllen k\u00f6nnen.<\/p>\n<p>Die Kreislaufwirtschaft ist kein vor\u00fcbergehender Trend, sie ist die Zukunft der Verpackung. F\u00fcr Faltschachteln bedeutet der Weg in die Zukunft eine kontinuierliche Verbesserung von Design, Produktion, Kommunikation und Zusammenarbeit. Indem sie diesen Wandel annimmt, kann die Branche Abf\u00e4lle reduzieren, Ressourcen schonen und ihre Position als f\u00fchrendes Unternehmen f\u00fcr nachhaltige Verpackungen st\u00e4rken.<\/p>\n<p>Denn in einer echten Kreislaufwirtschaft bestimmt das, was wir heute entwerfen, die Ressourcen, die wir morgen haben werden.<\/p>\n<p>F\u00fcr weitere Informationen besuchen Sie bitte die Website: <a href=\"https:\/\/www.durandogan.com\/?lang=en\">www.durandogan.com<\/a><\/p>\n<\/div>\n<\/section>\n<\/div>\n<div class=\"av-animated-generic top-to-bottom flex_column av_one_third  flex_column_div av-zero-column-padding   avia-builder-el-18  el_after_av_two_third  el_before_av_hr\" style='border-radius:0px; '>\n<div  style='height:50px' class='hr hr-invisible   avia-builder-el-19  el_before_av_image  avia-builder-el-first'><span class='hr-inner' ><span class='hr-inner-style'><\/span><\/span><\/div>\n<div  class='avia-image-container  av-styling-    avia-builder-el-20  el_after_av_hr  el_before_av_image  avia-align-center'  itemprop=\"image\" itemscope=\"itemscope\" itemtype=\"https:\/\/schema.org\/ImageObject\"  >\n<div class='avia-image-container-inner'>\n<div class='avia-image-overlay-wrap'><img decoding=\"async\" width=\"300\" height=\"122\" class='wp-image-285675 avia-img-lazy-loading-not-285675 avia_image' src=\"https:\/\/www.procarton.com\/wp-content\/uploads\/2023\/03\/Duran-Dogan-PCYDA-2023-Sponsor-300x122.png\" alt='' title='Duran Dogan PCYDA 2023 F\u00f6rderer'  itemprop=\"thumbnailUrl\" srcset=\"https:\/\/www.procarton.com\/wp-content\/uploads\/2023\/03\/Duran-Dogan-PCYDA-2023-Sponsor-300x122.png 300w, https:\/\/www.procarton.com\/wp-content\/uploads\/2023\/03\/Duran-Dogan-PCYDA-2023-Sponsor-18x7.png 18w, https:\/\/www.procarton.com\/wp-content\/uploads\/2023\/03\/Duran-Dogan-PCYDA-2023-Sponsor.png 350w\" sizes=\"(max-width: 300px) 100vw, 300px\" \/><\/div>\n<\/div>\n<\/div>\n<div  class='avia-image-container  av-styling-    avia-builder-el-21  el_after_av_image  el_before_av_hr  avia-align-center'  itemprop=\"image\" itemscope=\"itemscope\" itemtype=\"https:\/\/schema.org\/ImageObject\"  >\n<div class='avia-image-container-inner'>\n<div class='avia-image-overlay-wrap'><img decoding=\"async\" width=\"1024\" height=\"1536\" class='wp-image-306773 avia-img-lazy-loading-not-306773 avia_image' src=\"https:\/\/www.procarton.com\/wp-content\/uploads\/2025\/09\/DD-Article.png\" alt='' title='DD Artikel'  itemprop=\"thumbnailUrl\" srcset=\"https:\/\/www.procarton.com\/wp-content\/uploads\/2025\/09\/DD-Article.png 1024w, https:\/\/www.procarton.com\/wp-content\/uploads\/2025\/09\/DD-Article-200x300.png 200w, https:\/\/www.procarton.com\/wp-content\/uploads\/2025\/09\/DD-Article-687x1030.png 687w, https:\/\/www.procarton.com\/wp-content\/uploads\/2025\/09\/DD-Article-768x1152.png 768w, https:\/\/www.procarton.com\/wp-content\/uploads\/2025\/09\/DD-Article-8x12.png 8w, https:\/\/www.procarton.com\/wp-content\/uploads\/2025\/09\/DD-Article-1000x1500.png 1000w, https:\/\/www.procarton.com\/wp-content\/uploads\/2025\/09\/DD-Article-470x705.png 470w\" sizes=\"(max-width: 1024px) 100vw, 1024px\" \/><\/div>\n<\/div>\n<\/div>\n<div  style='height:75px' class='hr hr-invisible   avia-builder-el-22  el_after_av_image  avia-builder-el-last'><span class='hr-inner' ><span class='hr-inner-style'><\/span><\/span><\/div>\n<\/div>\n<div   class='hr hr-default   avia-builder-el-23  el_after_av_one_third  el_before_av_two_third'><span class='hr-inner' ><span class='hr-inner-style'><\/span><\/span><\/div>\n<div class=\"av-animated-generic top-to-bottom flex_column av_two_third  flex_column_div av-zero-column-padding first  avia-builder-el-24  el_after_av_hr  el_before_av_one_third\" style='border-radius:0px; '>\n<div  style='padding-bottom:10px; ' class='av-special-heading av-special-heading-h3    avia-builder-el-25  el_before_av_hr  avia-builder-el-first'>\n<h3 class='av-special-heading-tag'  itemprop=\"headline\"  >Das Argument f\u00fcr die Zusammenarbeit bei der Innovation von Kreislaufverpackungen<\/h3>\n<div class='special-heading-border'>\n<div class='special-heading-inner-border' ><\/div>\n<\/div>\n<\/div>\n<div  style='height:75px' class='hr hr-invisible   avia-builder-el-26  el_after_av_heading  el_before_av_textblock'><span class='hr-inner' ><span class='hr-inner-style'><\/span><\/span><\/div>\n<section class=\"av_textblock_section\"  itemscope=\"itemscope\" itemtype=\"https:\/\/schema.org\/CreativeWork\" >\n<div class='avia_textblock'   itemprop=\"text\" >\n<p><b>Das Argument f\u00fcr die Zusammenarbeit bei der Innovation von Kreislaufverpackungen<\/b><\/p>\n<p><i>Krzysztof Krajewski, Verantwortlicher f\u00fcr Innovation und Nachhaltigkeit bei der RDM-Gruppe<\/i><\/p>\n<p>Die Umstellung auf kreisf\u00f6rmige Verpackungen nimmt an Fahrt auf, aber die Hersteller stehen immer noch vor gro\u00dfen, gemeinsamen Herausforderungen: Verpackungen m\u00fcssen sowohl funktional als auch recycelbar sein, mit den Vorschriften Schritt halten und Materialinnovationen vorantreiben. Das Problem dabei? Die meisten haben nicht alle Werkzeuge oder F&amp;E-Kapazit\u00e4ten, um diese Aufgabe schnell und allein zu l\u00f6sen.<\/p>\n<p>Anstatt zu versuchen, alles abzudecken, konzentrieren sich die Unternehmen oft auf ein bestimmtes Material oder eine bestimmte Art von Verpackung, um sich in dieser Nische zu profilieren.<\/p>\n<p>Die Konzentration auf ein Material mit seinen eigenen Eigenschaften kann jedoch Einschr\u00e4nkungen mit sich bringen, wenn es um die Entwicklung neuer Konzepte oder Innovationen geht. So wird ein Beh\u00e4lter auf Faserbasis niemals die Barriereeigenschaften einer reinen Kunststoffverpackung erreichen, ebenso wenig wie ein fester Kunststoff das reine, nat\u00fcrliche Profil von Papier nachbilden kann. Unternehmen, die versuchen, beide Bereiche zu beherrschen, stehen vor der doppelten Herausforderung, mit Spezialisten zu konkurrieren, die jahrzehntelang an der Optimierung von L\u00f6sungen f\u00fcr ein einziges Material gearbeitet haben und in \"Industriesilos\" t\u00e4tig sind, w\u00e4hrend sie gleichzeitig grundlegend unterschiedliche Materialtechniken, Wertsch\u00f6pfungsketten, Recyclingprozesse und Infrastrukturen oder gesetzliche Anforderungen verwalten.<\/p>\n<p>Hier kommt die Zusammenarbeit ins Spiel, bei der getrenntes Fachwissen zum Vorteil beider Unternehmen zusammengef\u00fchrt wird, um Ergebnisse zu erzielen, die sonst nicht m\u00f6glich gewesen w\u00e4ren. Ein hervorragendes Beispiel daf\u00fcr ist die j\u00fcngste Zusammenarbeit der RDM-Gruppe mit Ecopol bei der Einf\u00fchrung eines vollst\u00e4ndig recycelbaren Barrierekartons - eine bahnbrechende L\u00f6sung f\u00fcr sauerstoff- und aromaempfindliche Produkte, die neue M\u00f6glichkeiten f\u00fcr lebensmittelsichere Anwendungen er\u00f6ffnet.<\/p>\n<p><b>RDM-Gruppe und Ecopol: Pilotprodukt \"Ecolaminate\"<\/b><\/p>\n<p>Die Zusammenarbeit zwischen der RDM-Gruppe und Ecopol zeigt, wie branchen\u00fcbergreifende Partnerschaften die technischen Herausforderungen angehen k\u00f6nnen, die in der Vergangenheit Kreislaufverpackungsl\u00f6sungen eingeschr\u00e4nkt haben. Durch die Kombination des Fachwissens von RDM im Bereich Recyclingkarton mit der spezialisierten biologisch abbaubaren PVOH-Folientechnologie von Ecopol zielt die Partnerschaft darauf ab, sowohl die strukturellen als auch die Barriereanforderungen innerhalb eines einzigen recycelbaren Systems zu erf\u00fcllen.<\/p>\n<p>Die RDM-Gruppe verf\u00fcgt \u00fcber jahrzehntelange Erfahrung mit faserbasierten Tr\u00e4germaterialien und Recycling-Infrastrukturen und stellt das Grundmaterial bereit, das eine Verarbeitung am Ende der Nutzungsdauer \u00fcber bestehende Abfallstr\u00f6me erm\u00f6glicht. Ecopol steuert seine transparente, wasserl\u00f6sliche PVOH-Filmtechnologie bei, die wichtige Barriereeigenschaften gegen Sauerstoff, Fette und Mineral\u00f6le bietet und gleichzeitig recycelbar und biologisch abbaubar ist. Diese sich erg\u00e4nzende Expertise erm\u00f6glicht es der Partnerschaft, Anwendungen anzusprechen, die eine verl\u00e4ngerte Haltbarkeit erfordern und traditionell von mehrschichtigen Laminaten dominiert werden.<\/p>\n<p><b>Zusammenarbeit als Mittel zur Erreichung der PPWR-Ziele<\/b><\/p>\n<p>Unsere Partnerschaft mit Ecopol zeigt, wie strategische Kooperationen dazu beitragen k\u00f6nnen, die komplexen Herausforderungen der bevorstehenden PPWR-Vorschriften zu bew\u00e4ltigen. Angesichts der schnell n\u00e4her r\u00fcckenden Fristen, darunter die Recyclingf\u00e4higkeit bis 2030 und das gro\u00dffl\u00e4chige Recycling bis 2035, werden Innovationen wie vollst\u00e4ndig recycelbare PVOH-laminierte Kartons unabdingbar.<\/p>\n<p>F\u00fcr Unternehmen, die in nachhaltige Verpackungen investieren, ist die Wahl der richtigen Partner genauso wichtig wie die Technologie selbst. Die Zusammenarbeit mit Verpackungsinnovatoren stellt sicher, dass sich Marken an die sich entwickelnde Gesetzgebung anpassen k\u00f6nnen und gleichzeitig der Zeit voraus sind.<\/p>\n<p>Und das ist noch nicht alles - branchen\u00fcbergreifende Partnerschaften m\u00fcssen sich auch auf Verarbeiter und Markeneigent\u00fcmer erstrecken. Der Aufbau von Wertsch\u00f6pfungsketten, die eine Vielzahl von Verpackungsformaten verarbeiten k\u00f6nnen, ist entscheidend, um das Recycling f\u00fcr die Verbraucher in gro\u00dfem Umfang zu erleichtern und zug\u00e4nglicher zu machen.<\/p>\n<p><b>Gemeinsam vorankommen\u00a0<\/b><\/p>\n<p>Der Weg zur Innovation von Kreislaufverpackungen kann nicht allein beschritten werden. Da die gesetzlichen Anforderungen immer strenger werden und die Erwartungen der Verbraucher sich weiter entwickeln, werden diejenigen Unternehmen erfolgreich sein, die die Zusammenarbeit als strategischen Imperativ und nicht nur als Option betrachten.<\/p>\n<p>Die Zukunft geh\u00f6rt Partnerschaften, die Fachwissen, gemeinsame Infrastrukturen und koordinierte Innovationen miteinander verbinden. Indem die Verpackungsindustrie bei Nachhaltigkeitsherausforderungen die Zusammenarbeit \u00fcber den Wettbewerb stellt, kann sie den \u00dcbergang zu echten Kreislaufl\u00f6sungen beschleunigen und gleichzeitig die Leistungsstandards aufrechterhalten, die der moderne Handel verlangt.<\/p>\n<p>Weitere Informationen finden Sie im Internet: <a href=\"https:\/\/rdmgroup.com\/\">rdmgroup.com<\/a><\/p>\n<\/div>\n<\/section>\n<\/div>\n<div class=\"av-animated-generic top-to-bottom flex_column av_one_third  flex_column_div av-zero-column-padding   avia-builder-el-28  el_after_av_two_third  avia-builder-el-last\" style='border-radius:0px; '>\n<div  style='height:50px' class='hr hr-invisible   avia-builder-el-29  el_before_av_image  avia-builder-el-first'><span class='hr-inner' ><span class='hr-inner-style'><\/span><\/span><\/div>\n<div  class='avia-image-container  av-styling-    avia-builder-el-30  el_after_av_hr  el_before_av_hr  avia-align-center'  itemprop=\"image\" itemscope=\"itemscope\" itemtype=\"https:\/\/schema.org\/ImageObject\"  >\n<div class='avia-image-container-inner'>\n<div class='avia-image-overlay-wrap'><img decoding=\"async\" width=\"300\" height=\"300\" class='wp-image-305179 avia-img-lazy-loading-not-305179 avia_image' src=\"https:\/\/www.procarton.com\/wp-content\/uploads\/2025\/07\/Pro-Carton-Award-sponsor-logos-02-300x300.jpg\" alt='' title='Pro Carton Award-Sponsor-Logos-02'  itemprop=\"thumbnailUrl\" srcset=\"https:\/\/www.procarton.com\/wp-content\/uploads\/2025\/07\/Pro-Carton-Award-sponsor-logos-02-300x300.jpg 300w, https:\/\/www.procarton.com\/wp-content\/uploads\/2025\/07\/Pro-Carton-Award-sponsor-logos-02-80x80.jpg 80w, https:\/\/www.procarton.com\/wp-content\/uploads\/2025\/07\/Pro-Carton-Award-sponsor-logos-02-12x12.jpg 12w, https:\/\/www.procarton.com\/wp-content\/uploads\/2025\/07\/Pro-Carton-Award-sponsor-logos-02-36x36.jpg 36w, https:\/\/www.procarton.com\/wp-content\/uploads\/2025\/07\/Pro-Carton-Award-sponsor-logos-02-180x180.jpg 180w, https:\/\/www.procarton.com\/wp-content\/uploads\/2025\/07\/Pro-Carton-Award-sponsor-logos-02.jpg 417w\" sizes=\"(max-width: 300px) 100vw, 300px\" \/><\/div>\n<\/div>\n<\/div>\n<div  style='height:75px' class='hr hr-invisible   avia-builder-el-31  el_after_av_image  el_before_av_video'><span class='hr-inner' ><span class='hr-inner-style'><\/span><\/span><\/div>\n<div  class='avia-video avia-video-16-9 avia-video-html5'   itemprop=\"video\" itemtype=\"https:\/\/schema.org\/VideoObject\"  data-original_url='https:\/\/www.procarton.com\/wp-content\/uploads\/2025\/07\/RDM_PE_Coated_carrousel.mp4' ><video class='avia_video'    preload=\"auto\"  controls id='player_307361_1567415466_677813146'><source src=\"https:\/\/www.procarton.com\/wp-content\/uploads\/2025\/07\/RDM_PE_Coated_carrousel.mp4\" type=\"video\/mp4\" \/><\/video><\/div>\n<\/div>","protected":false},"excerpt":{"rendered":"<p>Einzelheiten zu den European Carton Excellence Award 2024-Juroren, die die Schachtel des Jahres und die Shortlist-Einreichungen f\u00fcr die Publikumsabstimmung ausw\u00e4hlen<\/p>","protected":false},"author":5916,"featured_media":299812,"parent":300259,"menu_order":10,"comment_status":"closed","ping_status":"closed","template":"templates\/award_details_page.php","meta":{"inline_featured_image":false,"footnotes":""},"class_list":["post-307361","page","type-page","status-publish","has-post-thumbnail","hentry"],"yoast_head":"<!-- This site is optimized with the Yoast SEO plugin v27.5 - https:\/\/yoast.com\/product\/yoast-seo-wordpress\/ -->\n<title>Sponsors Articles - Pro Carton<\/title>\n<meta name=\"description\" content=\"Details of the European Carton Excellence Award 2024 Judges who choose the Carton of the Year and Shortlist Entries for the Public Vote\" \/>\n<meta name=\"robots\" content=\"index, follow, max-snippet:-1, max-image-preview:large, max-video-preview:-1\" \/>\n<link rel=\"canonical\" href=\"https:\/\/www.procarton.com\/de\/awards\/pro-carton-young-designers-award\/2025-2\/sponsors-articles\/\" \/>\n<meta property=\"og:locale\" content=\"de_DE\" \/>\n<meta property=\"og:type\" content=\"article\" \/>\n<meta property=\"og:title\" content=\"Sponsors Articles - Pro Carton\" \/>\n<meta property=\"og:description\" content=\"Details of the European Carton Excellence Award 2024 Judges who choose the Carton of the Year and Shortlist Entries for the Public Vote\" \/>\n<meta property=\"og:url\" content=\"https:\/\/www.procarton.com\/de\/awards\/pro-carton-young-designers-award\/2025-2\/sponsors-articles\/\" \/>\n<meta property=\"og:site_name\" content=\"Pro Carton\" \/>\n<meta property=\"article:publisher\" content=\"https:\/\/www.facebook.com\/procartondesignaward\/\" \/>\n<meta property=\"article:modified_time\" content=\"2025-11-26T15:50:32+00:00\" \/>\n<meta property=\"og:image\" content=\"https:\/\/www.procarton.com\/wp-content\/uploads\/2024\/10\/ecma_gala_19-09-2024_rk_44-1-1030x685.jpg\" \/>\n\t<meta property=\"og:image:width\" content=\"1030\" \/>\n\t<meta property=\"og:image:height\" content=\"685\" \/>\n\t<meta property=\"og:image:type\" content=\"image\/jpeg\" \/>\n<meta name=\"twitter:card\" content=\"summary_large_image\" \/>\n<meta name=\"twitter:site\" content=\"@pro_carton\" \/>\n<meta name=\"twitter:label1\" content=\"Gesch\u00e4tzte Lesezeit\" \/>\n\t<meta name=\"twitter:data1\" content=\"12\u00a0Minuten\" \/>\n<script type=\"application\/ld+json\" class=\"yoast-schema-graph\">{\"@context\":\"https:\\\/\\\/schema.org\",\"@graph\":[{\"@type\":\"WebPage\",\"@id\":\"https:\\\/\\\/www.procarton.com\\\/awards\\\/pro-carton-young-designers-award\\\/2025-2\\\/sponsors-articles\\\/\",\"url\":\"https:\\\/\\\/www.procarton.com\\\/awards\\\/pro-carton-young-designers-award\\\/2025-2\\\/sponsors-articles\\\/\",\"name\":\"Sponsors Articles - Pro Carton\",\"isPartOf\":{\"@id\":\"https:\\\/\\\/www.procarton.com\\\/es\\\/#website\"},\"primaryImageOfPage\":{\"@id\":\"https:\\\/\\\/www.procarton.com\\\/awards\\\/pro-carton-young-designers-award\\\/2025-2\\\/sponsors-articles\\\/#primaryimage\"},\"image\":{\"@id\":\"https:\\\/\\\/www.procarton.com\\\/awards\\\/pro-carton-young-designers-award\\\/2025-2\\\/sponsors-articles\\\/#primaryimage\"},\"thumbnailUrl\":\"https:\\\/\\\/www.procarton.com\\\/wp-content\\\/uploads\\\/2024\\\/10\\\/ecma_gala_19-09-2024_rk_44-1.jpg\",\"datePublished\":\"2025-11-26T11:40:02+00:00\",\"dateModified\":\"2025-11-26T15:50:32+00:00\",\"description\":\"Details of the European Carton Excellence Award 2024 Judges who choose the Carton of the Year and Shortlist Entries for the Public Vote\",\"breadcrumb\":{\"@id\":\"https:\\\/\\\/www.procarton.com\\\/awards\\\/pro-carton-young-designers-award\\\/2025-2\\\/sponsors-articles\\\/#breadcrumb\"},\"inLanguage\":\"de\",\"potentialAction\":[{\"@type\":\"ReadAction\",\"target\":[\"https:\\\/\\\/www.procarton.com\\\/awards\\\/pro-carton-young-designers-award\\\/2025-2\\\/sponsors-articles\\\/\"]}]},{\"@type\":\"ImageObject\",\"inLanguage\":\"de\",\"@id\":\"https:\\\/\\\/www.procarton.com\\\/awards\\\/pro-carton-young-designers-award\\\/2025-2\\\/sponsors-articles\\\/#primaryimage\",\"url\":\"https:\\\/\\\/www.procarton.com\\\/wp-content\\\/uploads\\\/2024\\\/10\\\/ecma_gala_19-09-2024_rk_44-1.jpg\",\"contentUrl\":\"https:\\\/\\\/www.procarton.com\\\/wp-content\\\/uploads\\\/2024\\\/10\\\/ecma_gala_19-09-2024_rk_44-1.jpg\",\"width\":2048,\"height\":1363,\"caption\":\"WWW.RADOSLAWKAZMIERCZAK.COM\"},{\"@type\":\"BreadcrumbList\",\"@id\":\"https:\\\/\\\/www.procarton.com\\\/awards\\\/pro-carton-young-designers-award\\\/2025-2\\\/sponsors-articles\\\/#breadcrumb\",\"itemListElement\":[{\"@type\":\"ListItem\",\"position\":1,\"name\":\"Home\",\"item\":\"https:\\\/\\\/www.procarton.com\\\/\"},{\"@type\":\"ListItem\",\"position\":2,\"name\":\"Awards\",\"item\":\"https:\\\/\\\/www.procarton.com\\\/awards\\\/\"},{\"@type\":\"ListItem\",\"position\":3,\"name\":\"Pro Carton Young Designers Award\",\"item\":\"https:\\\/\\\/www.procarton.com\\\/awards\\\/pro-carton-young-designers-award\\\/\"},{\"@type\":\"ListItem\",\"position\":4,\"name\":\"2025\",\"item\":\"https:\\\/\\\/www.procarton.com\\\/awards\\\/pro-carton-young-designers-award\\\/2025-2\\\/\"},{\"@type\":\"ListItem\",\"position\":5,\"name\":\"Sponsors Articles\"}]},{\"@type\":\"WebSite\",\"@id\":\"https:\\\/\\\/www.procarton.com\\\/es\\\/#website\",\"url\":\"https:\\\/\\\/www.procarton.com\\\/es\\\/\",\"name\":\"Pro Carton\",\"description\":\"\",\"publisher\":{\"@id\":\"https:\\\/\\\/www.procarton.com\\\/es\\\/#organization\"},\"potentialAction\":[{\"@type\":\"SearchAction\",\"target\":{\"@type\":\"EntryPoint\",\"urlTemplate\":\"https:\\\/\\\/www.procarton.com\\\/es\\\/?s={search_term_string}\"},\"query-input\":{\"@type\":\"PropertyValueSpecification\",\"valueRequired\":true,\"valueName\":\"search_term_string\"}}],\"inLanguage\":\"de\"},{\"@type\":\"Organization\",\"@id\":\"https:\\\/\\\/www.procarton.com\\\/es\\\/#organization\",\"name\":\"ProCarton\",\"url\":\"https:\\\/\\\/www.procarton.com\\\/es\\\/\",\"logo\":{\"@type\":\"ImageObject\",\"inLanguage\":\"de\",\"@id\":\"https:\\\/\\\/www.procarton.com\\\/es\\\/#\\\/schema\\\/logo\\\/image\\\/\",\"url\":\"https:\\\/\\\/www.procarton.com\\\/wp-content\\\/uploads\\\/2022\\\/06\\\/logo-mit-slogan.jpg\",\"contentUrl\":\"https:\\\/\\\/www.procarton.com\\\/wp-content\\\/uploads\\\/2022\\\/06\\\/logo-mit-slogan.jpg\",\"width\":422,\"height\":519,\"caption\":\"ProCarton\"},\"image\":{\"@id\":\"https:\\\/\\\/www.procarton.com\\\/es\\\/#\\\/schema\\\/logo\\\/image\\\/\"},\"sameAs\":[\"https:\\\/\\\/www.facebook.com\\\/procartondesignaward\\\/\",\"https:\\\/\\\/x.com\\\/pro_carton\"]}]}<\/script>\n<!-- \/ Yoast SEO plugin. -->","yoast_head_json":{"title":"F\u00f6rderer Artikel - Pro Carton","description":"Einzelheiten zu den European Carton Excellence Award 2024-Juroren, die die Schachtel des Jahres und die Shortlist-Einreichungen f\u00fcr die Publikumsabstimmung ausw\u00e4hlen","robots":{"index":"index","follow":"follow","max-snippet":"max-snippet:-1","max-image-preview":"max-image-preview:large","max-video-preview":"max-video-preview:-1"},"canonical":"https:\/\/www.procarton.com\/de\/awards\/pro-carton-young-designers-award\/2025-2\/sponsors-articles\/","og_locale":"de_DE","og_type":"article","og_title":"Sponsors Articles - Pro Carton","og_description":"Details of the European Carton Excellence Award 2024 Judges who choose the Carton of the Year and Shortlist Entries for the Public Vote","og_url":"https:\/\/www.procarton.com\/de\/awards\/pro-carton-young-designers-award\/2025-2\/sponsors-articles\/","og_site_name":"Pro Carton","article_publisher":"https:\/\/www.facebook.com\/procartondesignaward\/","article_modified_time":"2025-11-26T15:50:32+00:00","og_image":[{"width":1030,"height":685,"url":"https:\/\/www.procarton.com\/wp-content\/uploads\/2024\/10\/ecma_gala_19-09-2024_rk_44-1-1030x685.jpg","type":"image\/jpeg"}],"twitter_card":"summary_large_image","twitter_site":"@pro_carton","twitter_misc":{"Gesch\u00e4tzte Lesezeit":"12\u00a0Minuten"},"schema":{"@context":"https:\/\/schema.org","@graph":[{"@type":"WebPage","@id":"https:\/\/www.procarton.com\/awards\/pro-carton-young-designers-award\/2025-2\/sponsors-articles\/","url":"https:\/\/www.procarton.com\/awards\/pro-carton-young-designers-award\/2025-2\/sponsors-articles\/","name":"F\u00f6rderer Artikel - Pro Carton","isPartOf":{"@id":"https:\/\/www.procarton.com\/es\/#website"},"primaryImageOfPage":{"@id":"https:\/\/www.procarton.com\/awards\/pro-carton-young-designers-award\/2025-2\/sponsors-articles\/#primaryimage"},"image":{"@id":"https:\/\/www.procarton.com\/awards\/pro-carton-young-designers-award\/2025-2\/sponsors-articles\/#primaryimage"},"thumbnailUrl":"https:\/\/www.procarton.com\/wp-content\/uploads\/2024\/10\/ecma_gala_19-09-2024_rk_44-1.jpg","datePublished":"2025-11-26T11:40:02+00:00","dateModified":"2025-11-26T15:50:32+00:00","description":"Einzelheiten zu den European Carton Excellence Award 2024-Juroren, die die Schachtel des Jahres und die Shortlist-Einreichungen f\u00fcr die Publikumsabstimmung ausw\u00e4hlen","breadcrumb":{"@id":"https:\/\/www.procarton.com\/awards\/pro-carton-young-designers-award\/2025-2\/sponsors-articles\/#breadcrumb"},"inLanguage":"de","potentialAction":[{"@type":"ReadAction","target":["https:\/\/www.procarton.com\/awards\/pro-carton-young-designers-award\/2025-2\/sponsors-articles\/"]}]},{"@type":"ImageObject","inLanguage":"de","@id":"https:\/\/www.procarton.com\/awards\/pro-carton-young-designers-award\/2025-2\/sponsors-articles\/#primaryimage","url":"https:\/\/www.procarton.com\/wp-content\/uploads\/2024\/10\/ecma_gala_19-09-2024_rk_44-1.jpg","contentUrl":"https:\/\/www.procarton.com\/wp-content\/uploads\/2024\/10\/ecma_gala_19-09-2024_rk_44-1.jpg","width":2048,"height":1363,"caption":"WWW.RADOSLAWKAZMIERCZAK.COM"},{"@type":"BreadcrumbList","@id":"https:\/\/www.procarton.com\/awards\/pro-carton-young-designers-award\/2025-2\/sponsors-articles\/#breadcrumb","itemListElement":[{"@type":"ListItem","position":1,"name":"Home","item":"https:\/\/www.procarton.com\/"},{"@type":"ListItem","position":2,"name":"Awards","item":"https:\/\/www.procarton.com\/awards\/"},{"@type":"ListItem","position":3,"name":"Pro Carton Young Designers Award","item":"https:\/\/www.procarton.com\/awards\/pro-carton-young-designers-award\/"},{"@type":"ListItem","position":4,"name":"2025","item":"https:\/\/www.procarton.com\/awards\/pro-carton-young-designers-award\/2025-2\/"},{"@type":"ListItem","position":5,"name":"Sponsors Articles"}]},{"@type":"WebSite","@id":"https:\/\/www.procarton.com\/es\/#website","url":"https:\/\/www.procarton.com\/es\/","name":"Pro Carton","description":"","publisher":{"@id":"https:\/\/www.procarton.com\/es\/#organization"},"potentialAction":[{"@type":"SearchAction","target":{"@type":"EntryPoint","urlTemplate":"https:\/\/www.procarton.com\/es\/?s={search_term_string}"},"query-input":{"@type":"PropertyValueSpecification","valueRequired":true,"valueName":"search_term_string"}}],"inLanguage":"de"},{"@type":"Organization","@id":"https:\/\/www.procarton.com\/es\/#organization","name":"ProCarton","url":"https:\/\/www.procarton.com\/es\/","logo":{"@type":"ImageObject","inLanguage":"de","@id":"https:\/\/www.procarton.com\/es\/#\/schema\/logo\/image\/","url":"https:\/\/www.procarton.com\/wp-content\/uploads\/2022\/06\/logo-mit-slogan.jpg","contentUrl":"https:\/\/www.procarton.com\/wp-content\/uploads\/2022\/06\/logo-mit-slogan.jpg","width":422,"height":519,"caption":"ProCarton"},"image":{"@id":"https:\/\/www.procarton.com\/es\/#\/schema\/logo\/image\/"},"sameAs":["https:\/\/www.facebook.com\/procartondesignaward\/","https:\/\/x.com\/pro_carton"]}]}},"_links":{"self":[{"href":"https:\/\/www.procarton.com\/de\/wp-json\/wp\/v2\/pages\/307361","targetHints":{"allow":["GET"]}}],"collection":[{"href":"https:\/\/www.procarton.com\/de\/wp-json\/wp\/v2\/pages"}],"about":[{"href":"https:\/\/www.procarton.com\/de\/wp-json\/wp\/v2\/types\/page"}],"author":[{"embeddable":true,"href":"https:\/\/www.procarton.com\/de\/wp-json\/wp\/v2\/users\/5916"}],"replies":[{"embeddable":true,"href":"https:\/\/www.procarton.com\/de\/wp-json\/wp\/v2\/comments?post=307361"}],"version-history":[{"count":5,"href":"https:\/\/www.procarton.com\/de\/wp-json\/wp\/v2\/pages\/307361\/revisions"}],"predecessor-version":[{"id":307379,"href":"https:\/\/www.procarton.com\/de\/wp-json\/wp\/v2\/pages\/307361\/revisions\/307379"}],"up":[{"embeddable":true,"href":"https:\/\/www.procarton.com\/de\/wp-json\/wp\/v2\/pages\/300259"}],"wp:featuredmedia":[{"embeddable":true,"href":"https:\/\/www.procarton.com\/de\/wp-json\/wp\/v2\/media\/299812"}],"wp:attachment":[{"href":"https:\/\/www.procarton.com\/de\/wp-json\/wp\/v2\/media?parent=307361"}],"curies":[{"name":"wp","href":"https:\/\/api.w.org\/{rel}","templated":true}]}}