{"id":304998,"date":"2025-07-17T11:27:43","date_gmt":"2025-07-17T10:27:43","guid":{"rendered":"https:\/\/www.procarton.com\/?page_id=304998"},"modified":"2025-08-12T12:11:39","modified_gmt":"2025-08-12T11:11:39","slug":"sponsors-2025","status":"publish","type":"page","link":"https:\/\/www.procarton.com\/de\/awards\/pro-carton-young-designers-award\/2025-2\/sponsors-2025\/","title":{"rendered":"F\u00f6rderer 2025"},"content":{"rendered":"<div  style='height:50px' class='hr hr-invisible   avia-builder-el-0  el_before_av_one_full  avia-builder-el-first'><span class='hr-inner' ><span class='hr-inner-style'><\/span><\/span><\/div>\n<div class=\"av-animated-generic top-to-bottom flex_column av_one_full  flex_column_div av-zero-column-padding first  avia-builder-el-1  el_after_av_hr  el_before_av_two_third\" style='border-radius:0px; '>\n<section class=\"av_textblock_section\"  itemscope=\"itemscope\" itemtype=\"https:\/\/schema.org\/CreativeWork\" >\n<div class='avia_textblock'   itemprop=\"text\" >\n<h3>Pro Carton freut sich, die Sponsoren des Pro Carton Young Designers Award 2025 vorstellen zu k\u00f6nnen.<\/h3>\n<\/div>\n<\/section>\n<\/div>\n<div class=\"av-animated-generic top-to-bottom flex_column av_two_third  flex_column_div av-zero-column-padding first  avia-builder-el-3  el_after_av_one_full  el_before_av_one_third  column-top-margin\" style='border-radius:0px; '>\n<div  style='padding-bottom:10px; ' class='av-special-heading av-special-heading-h3    avia-builder-el-4  el_before_av_hr  avia-builder-el-first'>\n<h3 class='av-special-heading-tag'  itemprop=\"headline\"  >Training Day Sponsor \u2013 Cartonboard manufacturer<\/h3>\n<div class='special-heading-border'>\n<div class='special-heading-inner-border' ><\/div>\n<\/div>\n<\/div>\n<div  style='height:75px' class='hr hr-invisible   avia-builder-el-5  el_after_av_heading  el_before_av_textblock'><span class='hr-inner' ><span class='hr-inner-style'><\/span><\/span><\/div>\n<section class=\"av_textblock_section\"  itemscope=\"itemscope\" itemtype=\"https:\/\/schema.org\/CreativeWork\" >\n<div class='avia_textblock'   itemprop=\"text\" >\n<p><strong>FOLBB: ein kundenorientierter Ansatz<\/strong><\/p>\n<p>FOLBB ist ein f\u00fchrender Hersteller von Frischfaserkarton mit einem stark kundenzentrierten Ansatz. In zwei Werken in Baiersbronn (Deutschland) und Eerbeek (Niederlande) produziert FOLBB hochwertigen Faltschachtelkarton aus Frischholzfasern unter den bekannten Produktnamen Accurate, Excellent Top und Optimus Top. Unser Frischfaserkarton ist f\u00fcr anspruchsvolle Anwendungen konzipiert, darunter Pharmazeutika, K\u00f6rperpflegeprodukte, Lebensmittelverpackungen und andere Bereiche, die funktionale Barrieren und Nachhaltigkeit erfordern.<\/p>\n<p><strong>Bekenntnis zur Nachhaltigkeit <\/strong><\/p>\n<p>Das Konzept der Nachhaltigkeit ist f\u00fcr unsere T\u00e4tigkeit von gr\u00f6\u00dfter Bedeutung. Wir konzentrieren uns auf die kontinuierliche Verbesserung unserer Produktionsprozesse, um die Umweltauswirkungen zu minimieren und die Ressourceneffizienz zu steigern.<\/p>\n<p><strong>Ein gezielter Ansatz f\u00fcr die Bed\u00fcrfnisse der Kunden <\/strong><\/p>\n<p>FOLBB zeichnet sich durch sein Engagement f\u00fcr seine Kunden aus. Mit einem Team, das tief in alle Gesch\u00e4ftsprozesse eingebunden ist, liefern wir ma\u00dfgeschneiderte L\u00f6sungen und einen reaktionsschnellen Service. Die zentrale Lage unserer Werke in Europa erm\u00f6glicht k\u00fcrzere Transportwege und gew\u00e4hrleistet dank unserer zuverl\u00e4ssigen Transportpartner schnelle Lieferungen und zuverl\u00e4ssige Lieferketten. Die Gr\u00f6\u00dfe unserer Werke in Verbindung mit unserer starken Kundenorientierung erm\u00f6glicht es uns, flexibel auf Kundenw\u00fcnsche einzugehen, sowohl was das Auftragsvolumen als auch die Kartonabmessungen betrifft.<\/p>\n<p><strong>Zuversichtlich in die Zukunft blicken <\/strong><\/p>\n<p>Da die weltweite Nachfrage nach nachhaltigen, plastikfreien Verpackungen steigt, ist FOLBB gut positioniert, um diese sich entwickelnden Anforderungen zu erf\u00fcllen. Indem wir unsere Spezialisierung auf Barrieretechnologien mit einem Fokus auf Kundenzufriedenheit und Umweltverantwortung kombinieren, tragen wir mit Vertrauen und Innovation zu einer nachhaltigeren Verpackungszukunft bei.<\/p>\n<p>F\u00fcr weitere Informationen besuchen Sie bitte die Website: <a href=\"https:\/\/folbb.com\/\">folbb.com<\/a><\/p>\n<\/div>\n<\/section>\n<\/div>\n<div class=\"av-animated-generic top-to-bottom flex_column av_one_third  flex_column_div av-zero-column-padding   avia-builder-el-7  el_after_av_two_third  el_before_av_hr  column-top-margin\" style='border-radius:0px; '>\n<div  style='height:50px' class='hr hr-invisible   avia-builder-el-8  el_before_av_image  avia-builder-el-first'><span class='hr-inner' ><span class='hr-inner-style'><\/span><\/span><\/div>\n<div  class='avia-image-container  av-styling-    avia-builder-el-9  el_after_av_hr  el_before_av_hr  avia-align-center'  itemprop=\"image\" itemscope=\"itemscope\" itemtype=\"https:\/\/schema.org\/ImageObject\"  >\n<div class='avia-image-container-inner'>\n<div class='avia-image-overlay-wrap'><img decoding=\"async\" width=\"300\" height=\"138\" class='wp-image-286379 avia-img-lazy-loading-not-286379 avia_image' src=\"https:\/\/www.procarton.com\/wp-content\/uploads\/2023\/04\/FOLBB-MailChimp-300x138.png\" alt='' title='FOLBB MailChimp'  itemprop=\"thumbnailUrl\" srcset=\"https:\/\/www.procarton.com\/wp-content\/uploads\/2023\/04\/FOLBB-MailChimp-300x138.png 300w, https:\/\/www.procarton.com\/wp-content\/uploads\/2023\/04\/FOLBB-MailChimp-1030x475.png 1030w, https:\/\/www.procarton.com\/wp-content\/uploads\/2023\/04\/FOLBB-MailChimp-768x354.png 768w, https:\/\/www.procarton.com\/wp-content\/uploads\/2023\/04\/FOLBB-MailChimp-18x8.png 18w, https:\/\/www.procarton.com\/wp-content\/uploads\/2023\/04\/FOLBB-MailChimp-705x325.png 705w, https:\/\/www.procarton.com\/wp-content\/uploads\/2023\/04\/FOLBB-MailChimp.png 1300w\" sizes=\"(max-width: 300px) 100vw, 300px\" \/><\/div>\n<\/div>\n<\/div>\n<div  style='height:75px' class='hr hr-invisible   avia-builder-el-10  el_after_av_image  el_before_av_video'><span class='hr-inner' ><span class='hr-inner-style'><\/span><\/span><\/div>\n<div  class='avia-video avia-video-16-9   av-lazyload-immediate  av-lazyload-video-embed'   itemprop=\"video\" itemtype=\"https:\/\/schema.org\/VideoObject\"  data-original_url='https:\/\/youtu.be\/dOQFFCh1hvk?si=PDKO1L0zb6p3JR1S' ><script type='text\/html' class='av-video-tmpl'><\/p>\n<div class='avia-iframe-wrap'><iframe loading=\"lazy\" title=\"FOLBB Corporate movie 2025\" width=\"1500\" height=\"844\" src=\"https:\/\/www.youtube.com\/embed\/dOQFFCh1hvk?feature=oembed&autoplay=0&loop=0&controls=1&mute=0\" frameborder=\"0\" allow=\"accelerometer; autoplay; clipboard-write; encrypted-media; gyroscope; picture-in-picture; web-share\" referrerpolicy=\"strict-origin-when-cross-origin\" allowfullscreen><\/iframe><\/div>\n<p><\/script><\/p>\n<div class='av-click-to-play-overlay'>\n<div class=\"avia_playpause_icon\"><\/div>\n<\/div>\n<\/div>\n<\/div>\n<div   class='hr hr-default   avia-builder-el-12  el_after_av_one_third  el_before_av_two_third'><span class='hr-inner' ><span class='hr-inner-style'><\/span><\/span><\/div>\n<div class=\"av-animated-generic top-to-bottom flex_column av_two_third  flex_column_div av-zero-column-padding first  avia-builder-el-13  el_after_av_hr  el_before_av_one_third\" style='border-radius:0px; '>\n<div  style='padding-bottom:10px; ' class='av-special-heading av-special-heading-h3    avia-builder-el-14  el_before_av_hr  avia-builder-el-first'>\n<h3 class='av-special-heading-tag'  itemprop=\"headline\"  >Training Day Sponsor \u2013 Folding carton manufacturer and Student Welcome Dinner Sponsor<\/h3>\n<div class='special-heading-border'>\n<div class='special-heading-inner-border' ><\/div>\n<\/div>\n<\/div>\n<div  style='height:75px' class='hr hr-invisible   avia-builder-el-15  el_after_av_heading  el_before_av_textblock'><span class='hr-inner' ><span class='hr-inner-style'><\/span><\/span><\/div>\n<section class=\"av_textblock_section\"  itemscope=\"itemscope\" itemtype=\"https:\/\/schema.org\/CreativeWork\" >\n<div class='avia_textblock'   itemprop=\"text\" >\n<p><span data-contrast=\"auto\">Wo Menschen, Marken und Faltschachteln zusammentreffen, geschieht bei Van Genechten Packaging (VGP) die Magie - jedes Mal aufs Neue.<\/span><span data-ccp-props=\"{}\">\u00a0<\/span><\/p>\n<p><span data-contrast=\"auto\">VGP ist ein f\u00fchrender unabh\u00e4ngiger europ\u00e4ischer Verpackungsspezialist mit \u00fcber 190 Jahren Erfahrung und einem Jahresumsatz von mehr als 500 Millionen Euro. Das Unternehmen mit Hauptsitz in Belgien betreibt 14 Verarbeitungsstandorte, einen Extrusionsstandort, ein Hartschalenzentrum und zwei Fulfillment-Standorte in 9 europ\u00e4ischen L\u00e4ndern.<\/span><span data-ccp-props=\"{}\">\u00a0<\/span><\/p>\n<p><span data-contrast=\"auto\">VGP ist bekannt f\u00fcr seinen kundenorientierten Ansatz, bei dem der Mensch an erster Stelle steht, und liefert eine breite Palette von Verpackungsl\u00f6sungen f\u00fcr schnelldrehende Konsumg\u00fcter (FMCG), darunter bedruckte Faltschachteln, offsetkaschierte Wellpappe und aufmerksamkeitsstarke POS-Displays (Point-of-Sale).<\/span><span data-ccp-props=\"{}\">\u00a0<\/span><\/p>\n<p><span data-contrast=\"auto\">Die Teams von VGP kombinieren technisches Know-how und kreative Flexibilit\u00e4t, um zukunftsf\u00e4hige Verpackungen und eindrucksvolle Display-L\u00f6sungen f\u00fcr die gesamte Wertsch\u00f6pfungskette zu entwickeln und zu liefern. VGP unterst\u00fctzt f\u00fchrende Marken in ganz Europa und baut langfristige Partnerschaften auf, die auf Service, Vertrauen und Innovation beruhen.<\/span><span data-ccp-props=\"{}\">\u00a0<\/span><\/p>\n<p><span data-contrast=\"auto\">VGP befindet sich in Privatbesitz und wird von den Grundwerten Zusammenarbeit, Eigenverantwortung, Respekt und Exzellenz angetrieben. VGP investiert weiterhin in Mitarbeiter, Technologie und Nachhaltigkeit, um sein Versprechen \"Magic in the Making\" zu erf\u00fcllen.<\/span><span data-ccp-props=\"{}\">\u00a0<\/span><\/p>\n<p><span data-contrast=\"auto\">Weitere Informationen finden Sie im Internet: <\/span><a href=\"http:\/\/www.vangenechten.com\/\"><span data-contrast=\"none\">www.vangenechten.com<\/span><\/a><span data-ccp-props=\"{}\">\u00a0<\/span><\/p>\n<\/div>\n<\/section>\n<\/div>\n<div class=\"av-animated-generic top-to-bottom flex_column av_one_third  flex_column_div av-zero-column-padding   avia-builder-el-17  el_after_av_two_third  el_before_av_hr\" style='border-radius:0px; '>\n<div  style='height:50px' class='hr hr-invisible   avia-builder-el-18  el_before_av_image  avia-builder-el-first'><span class='hr-inner' ><span class='hr-inner-style'><\/span><\/span><\/div>\n<div  class='avia-image-container  av-styling-    avia-builder-el-19  el_after_av_hr  el_before_av_hr  avia-align-center'  itemprop=\"image\" itemscope=\"itemscope\" itemtype=\"https:\/\/schema.org\/ImageObject\"  >\n<div class='avia-image-container-inner'>\n<div class='avia-image-overlay-wrap'><img decoding=\"async\" width=\"300\" height=\"300\" class='wp-image-301648 avia-img-lazy-loading-not-301648 avia_image' src=\"https:\/\/www.procarton.com\/wp-content\/uploads\/2025\/04\/VGP-HR-Crop-300x300.png\" alt='' title='VGP HR Ernte'  itemprop=\"thumbnailUrl\" srcset=\"https:\/\/www.procarton.com\/wp-content\/uploads\/2025\/04\/VGP-HR-Crop-300x300.png 300w, https:\/\/www.procarton.com\/wp-content\/uploads\/2025\/04\/VGP-HR-Crop-1030x1030.png 1030w, https:\/\/www.procarton.com\/wp-content\/uploads\/2025\/04\/VGP-HR-Crop-80x80.png 80w, https:\/\/www.procarton.com\/wp-content\/uploads\/2025\/04\/VGP-HR-Crop-768x768.png 768w, https:\/\/www.procarton.com\/wp-content\/uploads\/2025\/04\/VGP-HR-Crop-12x12.png 12w, https:\/\/www.procarton.com\/wp-content\/uploads\/2025\/04\/VGP-HR-Crop-36x36.png 36w, https:\/\/www.procarton.com\/wp-content\/uploads\/2025\/04\/VGP-HR-Crop-180x180.png 180w, https:\/\/www.procarton.com\/wp-content\/uploads\/2025\/04\/VGP-HR-Crop-705x705.png 705w, https:\/\/www.procarton.com\/wp-content\/uploads\/2025\/04\/VGP-HR-Crop.png 1080w\" sizes=\"(max-width: 300px) 100vw, 300px\" \/><\/div>\n<\/div>\n<\/div>\n<div  style='height:75px' class='hr hr-invisible   avia-builder-el-20  el_after_av_image  el_before_av_video'><span class='hr-inner' ><span class='hr-inner-style'><\/span><\/span><\/div>\n<div  class='avia-video avia-video-16-9 avia-video-html5'   itemprop=\"video\" itemtype=\"https:\/\/schema.org\/VideoObject\"  data-original_url='https:\/\/www.procarton.com\/wp-content\/uploads\/2025\/08\/Copyright-VGP_A-touch-of-Magic_2025-08-07.mp4' ><video class='avia_video'    preload=\"auto\"  controls id='player_304998_2098631921_1526012195'><source src=\"https:\/\/www.procarton.com\/wp-content\/uploads\/2025\/08\/Copyright-VGP_A-touch-of-Magic_2025-08-07.mp4\" type=\"video\/mp4\" \/><\/video><\/div>\n<\/div>\n<div   class='hr hr-default   avia-builder-el-22  el_after_av_one_third  el_before_av_two_third'><span class='hr-inner' ><span class='hr-inner-style'><\/span><\/span><\/div>\n<div class=\"av-animated-generic top-to-bottom flex_column av_two_third  flex_column_div av-zero-column-padding first  avia-builder-el-23  el_after_av_hr  el_before_av_one_third\" style='border-radius:0px; '>\n<div  style='padding-bottom:10px; ' class='av-special-heading av-special-heading-h3    avia-builder-el-24  el_before_av_hr  avia-builder-el-first'>\n<h3 class='av-special-heading-tag'  itemprop=\"headline\"  >Awards Night Sponsor<\/h3>\n<div class='special-heading-border'>\n<div class='special-heading-inner-border' ><\/div>\n<\/div>\n<\/div>\n<div  style='height:75px' class='hr hr-invisible   avia-builder-el-25  el_after_av_heading  el_before_av_textblock'><span class='hr-inner' ><span class='hr-inner-style'><\/span><\/span><\/div>\n<section class=\"av_textblock_section\"  itemscope=\"itemscope\" itemtype=\"https:\/\/schema.org\/CreativeWork\" >\n<div class='avia_textblock'   itemprop=\"text\" >\n<p>Duran Do\u011fan Bas\u0131m ve Ambalaj Sanayi A.\u015e. ist einer der f\u00fchrenden t\u00fcrkischen Hersteller von offsetbedruckten Faltschachteln, dessen Tradition bis ins fr\u00fche 20. Jahrhundert zur\u00fcckreicht.<\/p>\n<p>Das Unternehmen, das 2005 aus dem Zusammenschluss der beiden alteingesessenen Firmen Duran Ofset und Do\u011fan Matbaac\u0131l\u0131k hervorging, hat jahrzehntelange Erfahrung und Innovation vereint, um sowohl lokale als auch globale M\u00e4rkte zu bedienen.<\/p>\n<p>In vier hochmodernen Produktionsst\u00e4tten in Istanbul mit einer Gesamtfl\u00e4che von 37.000 m\u00b2 verf\u00fcgt Duran Dogan \u00fcber eine j\u00e4hrliche Verarbeitungskapazit\u00e4t von etwa 50.000 Tonnen, wobei fast 60-65% der Produktion weltweit exportiert werden.<\/p>\n<p>Als bevorzugter Partner weltbekannter Marken bietet Duran Dogan hochwertige Verpackungsl\u00f6sungen f\u00fcr Branchen wie Lebensmittel, Getr\u00e4nke, K\u00f6rperpflege, Haushaltsprodukte, Pharmazeutika und Luxusartikel.<\/p>\n<p>Duran Dogan hatte den Ehrgeiz, eine nachhaltige L\u00f6sung f\u00fcr die Verbindung von Sch\u00f6nheit und Verantwortung zu finden, um ein hochwertiges Erscheinungsbild ohne Auswirkungen auf die Natur zu schaffen. Die Gloss-and-Green-Technologie, die eine Metpol-Anwendung ohne Kunststoffanteil darstellt, ist ein Ergebnis dieses Bestrebens.<\/p>\n<p>Als Pionierunternehmen hat Duran Dogan seine Perspektive auf die Entwicklung neuer Alternativen f\u00fcr bestehende Verpackungen erweitert und ein neues Unternehmen, Avant-Garde Paper, gegr\u00fcndet: ein Unternehmen, das sich der Entwicklung von 100% recycelbaren flexiblen Verpackungen und Verpackungen aus Karton f\u00fcr die Industrie widmet.<\/p>\n<p>F\u00fcr weitere Informationen besuchen Sie bitte die Website: <a href=\"https:\/\/www.durandogan.com\/?lang=en\">www.durandogan.com<\/a><\/p>\n<\/div>\n<\/section>\n<\/div>\n<div class=\"av-animated-generic top-to-bottom flex_column av_one_third  flex_column_div av-zero-column-padding   avia-builder-el-27  el_after_av_two_third  el_before_av_hr\" style='border-radius:0px; '>\n<div  style='height:50px' class='hr hr-invisible   avia-builder-el-28  el_before_av_image  avia-builder-el-first'><span class='hr-inner' ><span class='hr-inner-style'><\/span><\/span><\/div>\n<div  class='avia-image-container  av-styling-    avia-builder-el-29  el_after_av_hr  el_before_av_hr  avia-align-center'  itemprop=\"image\" itemscope=\"itemscope\" itemtype=\"https:\/\/schema.org\/ImageObject\"  >\n<div class='avia-image-container-inner'>\n<div class='avia-image-overlay-wrap'><img decoding=\"async\" width=\"300\" height=\"122\" class='wp-image-285675 avia-img-lazy-loading-not-285675 avia_image' src=\"https:\/\/www.procarton.com\/wp-content\/uploads\/2023\/03\/Duran-Dogan-PCYDA-2023-Sponsor-300x122.png\" alt='' title='Duran Dogan PCYDA 2023 F\u00f6rderer'  itemprop=\"thumbnailUrl\" srcset=\"https:\/\/www.procarton.com\/wp-content\/uploads\/2023\/03\/Duran-Dogan-PCYDA-2023-Sponsor-300x122.png 300w, https:\/\/www.procarton.com\/wp-content\/uploads\/2023\/03\/Duran-Dogan-PCYDA-2023-Sponsor-18x7.png 18w, https:\/\/www.procarton.com\/wp-content\/uploads\/2023\/03\/Duran-Dogan-PCYDA-2023-Sponsor.png 350w\" sizes=\"(max-width: 300px) 100vw, 300px\" \/><\/div>\n<\/div>\n<\/div>\n<div  style='height:75px' class='hr hr-invisible   avia-builder-el-30  el_after_av_image  avia-builder-el-last'><span class='hr-inner' ><span class='hr-inner-style'><\/span><\/span><\/div>\n<\/div>\n<div   class='hr hr-default   avia-builder-el-31  el_after_av_one_third  el_before_av_two_third'><span class='hr-inner' ><span class='hr-inner-style'><\/span><\/span><\/div>\n<div class=\"av-animated-generic top-to-bottom flex_column av_two_third  flex_column_div av-zero-column-padding first  avia-builder-el-32  el_after_av_hr  el_before_av_one_third\" style='border-radius:0px; '>\n<div  style='padding-bottom:10px; ' class='av-special-heading av-special-heading-h3    avia-builder-el-33  el_before_av_hr  avia-builder-el-first'>\n<h3 class='av-special-heading-tag'  itemprop=\"headline\"  >Student Awards Sponsor<\/h3>\n<div class='special-heading-border'>\n<div class='special-heading-inner-border' ><\/div>\n<\/div>\n<\/div>\n<div  style='height:75px' class='hr hr-invisible   avia-builder-el-34  el_after_av_heading  el_before_av_textblock'><span class='hr-inner' ><span class='hr-inner-style'><\/span><\/span><\/div>\n<section class=\"av_textblock_section\"  itemscope=\"itemscope\" itemtype=\"https:\/\/schema.org\/CreativeWork\" >\n<div class='avia_textblock'   itemprop=\"text\" >\n<p><span data-contrast=\"auto\">Die MM-Gruppe ist ein weltweit f\u00fchrender Hersteller von Konsumverpackungen, die den Menschen ein besseres Leben auf einem besseren Planeten erm\u00f6glichen.<\/span><span data-contrast=\"auto\">\u202f<\/span><span data-ccp-props=\"{}\">\u00a0<\/span><\/p>\n<p><span data-contrast=\"auto\">Das Unternehmen bietet ein umfassendes Sortiment an Produkten auf Basis von Recycling- und Frischfasern, darunter Karton, Faltschachteln, Kraftpapier, ungestrichenes Feinpapier, Brosch\u00fcren und Etiketten. Unsere Produkte werden mit einem starken Fokus auf Innovation und Recyclingf\u00e4higkeit entwickelt und tragen zu einer nachhaltigeren Zukunft bei.<\/span><span data-contrast=\"auto\">\u202f<\/span><span data-ccp-props=\"{}\">\u00a0<\/span><\/p>\n<p><span data-contrast=\"auto\">Die MM Gruppe ist in rund 30 L\u00e4ndern an 63 Standorten vertreten und geh\u00f6rt mit ihren fast 14.000 engagierten Mitarbeitern zu den weltweit f\u00fchrenden Unternehmen der Branche.<\/span><span data-contrast=\"auto\">\u202f<\/span><span data-ccp-props=\"{}\">\u00a0<\/span><\/p>\n<p><span data-contrast=\"auto\">Die MM Gruppe ist in drei Divisionen mit jeweils eigenst\u00e4ndiger Ergebnisverantwortung t\u00e4tig: MM Karton &amp; Papier, MM Food &amp; Premium Packaging und MM Pharma &amp; Healthcare Packaging.<\/span><span data-contrast=\"auto\">\u202f<\/span><span data-ccp-props=\"{}\">\u00a0<\/span><\/p>\n<p><span data-contrast=\"auto\">Die weltweit t\u00e4tige gemeinn\u00fctzige Umweltorganisation CDP hat die Transparenz und Leistung des Unternehmens im Bereich der Nachhaltigkeit mit Leadership Ratings in den Bereichen Klima, Wald und Wasser gew\u00fcrdigt.<\/span><span data-contrast=\"auto\">\u202f<\/span><span data-ccp-props=\"{}\">\u00a0<\/span><\/p>\n<p><span data-contrast=\"auto\">Als b\u00f6rsennotiertes Unternehmen an der Wiener B\u00f6rse treibt die MM Gruppe Leistung, Innovation und Nachhaltigkeit in der Konsumg\u00fcterverpackung mit einer konsequenten langfristigen Ausrichtung voran.<\/span><span data-contrast=\"auto\">\u202f<\/span><span data-ccp-props=\"{}\">\u00a0<\/span><\/p>\n<p><span data-contrast=\"auto\">Bei MM denken wir weiter.<\/span><span data-contrast=\"auto\">\u202f<\/span><span data-ccp-props=\"{}\">\u00a0<\/span><\/p>\n<p>Weitere Informationen finden Sie im Internet: <a href=\"https:\/\/mm.group\/\">mm.gruppe<\/a><\/p>\n<\/div>\n<\/section>\n<\/div>\n<div class=\"av-animated-generic top-to-bottom flex_column av_one_third  flex_column_div av-zero-column-padding   avia-builder-el-36  el_after_av_two_third  el_before_av_hr\" style='border-radius:0px; '>\n<div  style='height:50px' class='hr hr-invisible   avia-builder-el-37  el_before_av_image  avia-builder-el-first'><span class='hr-inner' ><span class='hr-inner-style'><\/span><\/span><\/div>\n<div  class='avia-image-container  av-styling-    avia-builder-el-38  el_after_av_hr  el_before_av_hr  avia-align-center'  itemprop=\"image\" itemscope=\"itemscope\" itemtype=\"https:\/\/schema.org\/ImageObject\"  >\n<div class='avia-image-container-inner'>\n<div class='avia-image-overlay-wrap'><img decoding=\"async\" width=\"300\" height=\"152\" class='wp-image-294917 avia-img-lazy-loading-not-294917 avia_image' src=\"https:\/\/www.procarton.com\/wp-content\/uploads\/2024\/05\/MM-WP-LOGO-300x152.png\" alt='' title='MM WP LOGO'  itemprop=\"thumbnailUrl\" srcset=\"https:\/\/www.procarton.com\/wp-content\/uploads\/2024\/05\/MM-WP-LOGO-300x152.png 300w, https:\/\/www.procarton.com\/wp-content\/uploads\/2024\/05\/MM-WP-LOGO-1030x523.png 1030w, https:\/\/www.procarton.com\/wp-content\/uploads\/2024\/05\/MM-WP-LOGO-768x390.png 768w, https:\/\/www.procarton.com\/wp-content\/uploads\/2024\/05\/MM-WP-LOGO-1536x779.png 1536w, https:\/\/www.procarton.com\/wp-content\/uploads\/2024\/05\/MM-WP-LOGO-2048x1039.png 2048w, https:\/\/www.procarton.com\/wp-content\/uploads\/2024\/05\/MM-WP-LOGO-18x9.png 18w, https:\/\/www.procarton.com\/wp-content\/uploads\/2024\/05\/MM-WP-LOGO-1500x761.png 1500w, https:\/\/www.procarton.com\/wp-content\/uploads\/2024\/05\/MM-WP-LOGO-705x358.png 705w\" sizes=\"(max-width: 300px) 100vw, 300px\" \/><\/div>\n<\/div>\n<\/div>\n<div  style='height:75px' class='hr hr-invisible   avia-builder-el-39  el_after_av_image  avia-builder-el-last'><span class='hr-inner' ><span class='hr-inner-style'><\/span><\/span><\/div>\n<\/div>\n<div   class='hr hr-default   avia-builder-el-40  el_after_av_one_third  el_before_av_two_third'><span class='hr-inner' ><span class='hr-inner-style'><\/span><\/span><\/div>\n<div class=\"av-animated-generic top-to-bottom flex_column av_two_third  flex_column_div av-zero-column-padding first  avia-builder-el-41  el_after_av_hr  el_before_av_one_third\" style='border-radius:0px; '>\n<div  style='padding-bottom:10px; ' class='av-special-heading av-special-heading-h3    avia-builder-el-42  el_before_av_hr  avia-builder-el-first'>\n<h3 class='av-special-heading-tag'  itemprop=\"headline\"  >Student Awards Sponsor<\/h3>\n<div class='special-heading-border'>\n<div class='special-heading-inner-border' ><\/div>\n<\/div>\n<\/div>\n<div  style='height:75px' class='hr hr-invisible   avia-builder-el-43  el_after_av_heading  el_before_av_textblock'><span class='hr-inner' ><span class='hr-inner-style'><\/span><\/span><\/div>\n<section class=\"av_textblock_section\"  itemscope=\"itemscope\" itemtype=\"https:\/\/schema.org\/CreativeWork\" >\n<div class='avia_textblock'   itemprop=\"text\" >\n<p><span data-contrast=\"auto\">Die RDM-Gruppe ist einer der f\u00fchrenden europ\u00e4ischen Hersteller von Verpackungskarton. Die Gruppe hat sich der Herstellung und Produktion von Karton f\u00fcr Verpackungsl\u00f6sungen aus Recyclingfasern verschrieben. Alle Produkte werden aus erneuerbaren Materialien hergestellt und sind so konzipiert, dass sie vollst\u00e4ndig recycelbar sind und eine Kreislaufwirtschaft unterst\u00fctzen.<\/span><span data-ccp-props=\"{}\">\u00a0<\/span><\/p>\n<p><span data-contrast=\"auto\">Die Hauptgesch\u00e4ftsbereiche sind White-Lined Chipboard (WLC) und Solid Board: WLC wird \u00fcberwiegend f\u00fcr eine breite Palette von Endanwendungen wie Lebensmittelverpackungen, Reinigungsmittel, K\u00f6rperpflegeprodukte und Haushaltsger\u00e4te verwendet. Vollpappe in hohen Grammaturen und Dicken eignet sich gut f\u00fcr Luxusverpackungen, Puzzles, Spiele, Displays und den Verlagsmarkt.\u00a0<\/span><span data-ccp-props=\"{}\">\u00a0<\/span><\/p>\n<p><span data-contrast=\"auto\">F\u00fcr die RDM Group ist Nachhaltigkeit ein zentraler Wert, auf dem ihr Gesch\u00e4ftsmodell aufbaut, und spiegelt ein tiefes Engagement f\u00fcr Umweltverantwortung und Innovation bei umweltfreundlichen Verpackungen wider.<\/span><span data-ccp-props=\"{}\">\u00a0<\/span><\/p>\n<p>Weitere Informationen finden Sie im Internet: <a href=\"https:\/\/rdmgroup.com\/\">rdmgroup.com<\/a><\/p>\n<\/div>\n<\/section>\n<\/div>\n<div class=\"av-animated-generic top-to-bottom flex_column av_one_third  flex_column_div av-zero-column-padding   avia-builder-el-45  el_after_av_two_third  el_before_av_hr\" style='border-radius:0px; '>\n<div  style='height:50px' class='hr hr-invisible   avia-builder-el-46  el_before_av_image  avia-builder-el-first'><span class='hr-inner' ><span class='hr-inner-style'><\/span><\/span><\/div>\n<div  class='avia-image-container  av-styling-    avia-builder-el-47  el_after_av_hr  el_before_av_hr  avia-align-center'  itemprop=\"image\" itemscope=\"itemscope\" itemtype=\"https:\/\/schema.org\/ImageObject\"  >\n<div class='avia-image-container-inner'>\n<div class='avia-image-overlay-wrap'><img decoding=\"async\" width=\"300\" height=\"300\" class='wp-image-305179 avia-img-lazy-loading-not-305179 avia_image' src=\"https:\/\/www.procarton.com\/wp-content\/uploads\/2025\/07\/Pro-Carton-Award-sponsor-logos-02-300x300.jpg\" alt='' title='Pro Carton Award-Sponsor-Logos-02'  itemprop=\"thumbnailUrl\" srcset=\"https:\/\/www.procarton.com\/wp-content\/uploads\/2025\/07\/Pro-Carton-Award-sponsor-logos-02-300x300.jpg 300w, https:\/\/www.procarton.com\/wp-content\/uploads\/2025\/07\/Pro-Carton-Award-sponsor-logos-02-80x80.jpg 80w, https:\/\/www.procarton.com\/wp-content\/uploads\/2025\/07\/Pro-Carton-Award-sponsor-logos-02-12x12.jpg 12w, https:\/\/www.procarton.com\/wp-content\/uploads\/2025\/07\/Pro-Carton-Award-sponsor-logos-02-36x36.jpg 36w, https:\/\/www.procarton.com\/wp-content\/uploads\/2025\/07\/Pro-Carton-Award-sponsor-logos-02-180x180.jpg 180w, https:\/\/www.procarton.com\/wp-content\/uploads\/2025\/07\/Pro-Carton-Award-sponsor-logos-02.jpg 417w\" sizes=\"(max-width: 300px) 100vw, 300px\" \/><\/div>\n<\/div>\n<\/div>\n<div  style='height:75px' class='hr hr-invisible   avia-builder-el-48  el_after_av_image  el_before_av_video'><span class='hr-inner' ><span class='hr-inner-style'><\/span><\/span><\/div>\n<div  class='avia-video avia-video-16-9 avia-video-html5'   itemprop=\"video\" itemtype=\"https:\/\/schema.org\/VideoObject\"  data-original_url='https:\/\/www.procarton.com\/wp-content\/uploads\/2025\/07\/RDM_PE_Coated_carrousel.mp4' ><video class='avia_video'    preload=\"auto\"  controls id='player_304998_223205542_196567414'><source src=\"https:\/\/www.procarton.com\/wp-content\/uploads\/2025\/07\/RDM_PE_Coated_carrousel.mp4\" type=\"video\/mp4\" \/><\/video><\/div>\n<\/div>\n<div   class='hr hr-default   avia-builder-el-50  el_after_av_one_third  el_before_av_heading'><span class='hr-inner' ><span class='hr-inner-style'><\/span><\/span><\/div>\n<div  style='padding-bottom:10px; ' class='av-special-heading av-special-heading-h3    avia-builder-el-51  el_after_av_hr  el_before_av_textblock'>\n<h3 class='av-special-heading-tag'  itemprop=\"headline\"  >Material Sponsors<\/h3>\n<div class='special-heading-border'>\n<div class='special-heading-inner-border' ><\/div>\n<\/div>\n<\/div>\n<section class=\"av_textblock_section\"  itemscope=\"itemscope\" itemtype=\"https:\/\/schema.org\/CreativeWork\" >\n<div class='avia_textblock'   itemprop=\"text\" >\n<p>Pro Carton m\u00f6chte sich bedanken bei <a href=\"https:\/\/mm.group\/\">MM-Gruppe<\/a>, <a href=\"https:\/\/www.metsagroup.com\/metsaboard\/\">Metsa-Vorstand<\/a> und <a href=\"https:\/\/rdmgroup.com\/\">RDM-Gruppe<\/a> f\u00fcr die Bereitstellung von Karton f\u00fcr alle Sch\u00fcler, die am diesj\u00e4hrigen Pro Carton Young Designers Award teilgenommen haben. Ohne diese Unternehmen w\u00e4re der Wettbewerb nicht m\u00f6glich.<\/p>\n<\/div>\n<\/section>\n<div  style='height:30px' class='hr hr-invisible   avia-builder-el-53  el_after_av_textblock  el_before_av_layout_row  avia-builder-el-last'><span class='hr-inner' ><span class='hr-inner-style'><\/span><\/span><\/div>\n<\/div>\n<\/div>\n<\/div>\n<p><!-- close content main div --><\/div>\n<\/div>\n<div id='av-layout-grid-1'  class='av-layout-grid-container entry-content-wrapper main_color av-flex-cells     avia-builder-el-54  el_after_av_hr  el_before_av_layout_row  submenu-not-first container_wrap fullsize' style=' '  >\n<div class=\"flex_cell no_margin av_one_third  avia-builder-el-55  el_before_av_cell_one_third  avia-builder-el-first\"  style='height:50px; min-height:50px;vertical-align:middle; padding:30px; ' >\n<div class='flex_cell_inner' >\n<div  class='avia-image-container  av-styling-    avia-builder-el-56  avia-builder-el-no-sibling  avia-align-center'  itemprop=\"image\" itemscope=\"itemscope\" itemtype=\"https:\/\/schema.org\/ImageObject\"  >\n<div class='avia-image-container-inner'>\n<div class='avia-image-overlay-wrap'><img decoding=\"async\" width=\"300\" height=\"300\" class='wp-image-305178 avia-img-lazy-loading-not-305178 avia_image' src=\"https:\/\/www.procarton.com\/wp-content\/uploads\/2025\/07\/Pro-Carton-Award-sponsor-logos-01-300x300.jpg\" alt='' title='Pro Carton Award-Sponsoren-Logos-01'  itemprop=\"thumbnailUrl\" srcset=\"https:\/\/www.procarton.com\/wp-content\/uploads\/2025\/07\/Pro-Carton-Award-sponsor-logos-01-300x300.jpg 300w, https:\/\/www.procarton.com\/wp-content\/uploads\/2025\/07\/Pro-Carton-Award-sponsor-logos-01-80x80.jpg 80w, https:\/\/www.procarton.com\/wp-content\/uploads\/2025\/07\/Pro-Carton-Award-sponsor-logos-01-12x12.jpg 12w, https:\/\/www.procarton.com\/wp-content\/uploads\/2025\/07\/Pro-Carton-Award-sponsor-logos-01-36x36.jpg 36w, https:\/\/www.procarton.com\/wp-content\/uploads\/2025\/07\/Pro-Carton-Award-sponsor-logos-01-180x180.jpg 180w, https:\/\/www.procarton.com\/wp-content\/uploads\/2025\/07\/Pro-Carton-Award-sponsor-logos-01.jpg 417w\" sizes=\"(max-width: 300px) 100vw, 300px\" \/><\/div>\n<\/div>\n<\/div>\n<\/div>\n<\/div>\n<div class=\"flex_cell no_margin av_one_third  avia-builder-el-57  el_after_av_cell_one_third  el_before_av_cell_one_third\"  style='height:50px; min-height:50px;vertical-align:middle; padding:30px; ' >\n<div class='flex_cell_inner' >\n<div  class='avia-image-container  av-styling-    avia-builder-el-58  avia-builder-el-no-sibling  avia-align-center'  itemprop=\"image\" itemscope=\"itemscope\" itemtype=\"https:\/\/schema.org\/ImageObject\"  >\n<div class='avia-image-container-inner'>\n<div class='avia-image-overlay-wrap'><img decoding=\"async\" width=\"300\" height=\"300\" class='wp-image-305179 avia-img-lazy-loading-not-305179 avia_image' src=\"https:\/\/www.procarton.com\/wp-content\/uploads\/2025\/07\/Pro-Carton-Award-sponsor-logos-02-300x300.jpg\" alt='' title='Pro Carton Award-Sponsor-Logos-02'  itemprop=\"thumbnailUrl\" srcset=\"https:\/\/www.procarton.com\/wp-content\/uploads\/2025\/07\/Pro-Carton-Award-sponsor-logos-02-300x300.jpg 300w, https:\/\/www.procarton.com\/wp-content\/uploads\/2025\/07\/Pro-Carton-Award-sponsor-logos-02-80x80.jpg 80w, https:\/\/www.procarton.com\/wp-content\/uploads\/2025\/07\/Pro-Carton-Award-sponsor-logos-02-12x12.jpg 12w, https:\/\/www.procarton.com\/wp-content\/uploads\/2025\/07\/Pro-Carton-Award-sponsor-logos-02-36x36.jpg 36w, https:\/\/www.procarton.com\/wp-content\/uploads\/2025\/07\/Pro-Carton-Award-sponsor-logos-02-180x180.jpg 180w, https:\/\/www.procarton.com\/wp-content\/uploads\/2025\/07\/Pro-Carton-Award-sponsor-logos-02.jpg 417w\" sizes=\"(max-width: 300px) 100vw, 300px\" \/><\/div>\n<\/div>\n<\/div>\n<\/div>\n<\/div>\n<div class=\"flex_cell no_margin av_one_third  avia-builder-el-59  el_after_av_cell_one_third  avia-builder-el-last\"  style='height:50px; min-height:50px;vertical-align:middle; padding:30px; ' >\n<div class='flex_cell_inner' >\n<div  class='avia-image-container  av-styling-    avia-builder-el-60  avia-builder-el-no-sibling  avia-align-center'  itemprop=\"image\" itemscope=\"itemscope\" itemtype=\"https:\/\/schema.org\/ImageObject\"  >\n<div class='avia-image-container-inner'>\n<div class='avia-image-overlay-wrap'><img decoding=\"async\" width=\"300\" height=\"300\" class='wp-image-305180 avia-img-lazy-loading-not-305180 avia_image' src=\"https:\/\/www.procarton.com\/wp-content\/uploads\/2025\/07\/Pro-Carton-Award-sponsor-logos-03-300x300.jpg\" alt='' title='Pro Carton Award-Sponsor-Logos-03'  itemprop=\"thumbnailUrl\" srcset=\"https:\/\/www.procarton.com\/wp-content\/uploads\/2025\/07\/Pro-Carton-Award-sponsor-logos-03-300x300.jpg 300w, https:\/\/www.procarton.com\/wp-content\/uploads\/2025\/07\/Pro-Carton-Award-sponsor-logos-03-80x80.jpg 80w, https:\/\/www.procarton.com\/wp-content\/uploads\/2025\/07\/Pro-Carton-Award-sponsor-logos-03-12x12.jpg 12w, https:\/\/www.procarton.com\/wp-content\/uploads\/2025\/07\/Pro-Carton-Award-sponsor-logos-03-36x36.jpg 36w, https:\/\/www.procarton.com\/wp-content\/uploads\/2025\/07\/Pro-Carton-Award-sponsor-logos-03-180x180.jpg 180w, https:\/\/www.procarton.com\/wp-content\/uploads\/2025\/07\/Pro-Carton-Award-sponsor-logos-03.jpg 417w\" sizes=\"(max-width: 300px) 100vw, 300px\" \/><\/div>\n<\/div>\n<\/div>\n<\/div>\n<\/div>\n<\/div>\n<div id='av-layout-grid-2'  class='av-layout-grid-container entry-content-wrapper main_color av-flex-cells     avia-builder-el-61  el_after_av_layout_row  avia-builder-el-last  submenu-not-first container_wrap fullsize' style=' '  >\n<div class=\"flex_cell no_margin av_one_third  avia-builder-el-62  el_before_av_cell_one_third  avia-builder-el-first\"  style='height:50px; min-height:50px;vertical-align:middle; padding:30px; ' >\n<div class='flex_cell_inner' >\n<div  class='avia-image-container  av-styling-    avia-builder-el-63  avia-builder-el-no-sibling  avia-align-center'  itemprop=\"image\" itemscope=\"itemscope\" itemtype=\"https:\/\/schema.org\/ImageObject\"  >\n<div class='avia-image-container-inner'>\n<div class='avia-image-overlay-wrap'><img decoding=\"async\" width=\"300\" height=\"300\" class='wp-image-305270 avia-img-lazy-loading-not-305270 avia_image' src=\"https:\/\/www.procarton.com\/wp-content\/uploads\/2025\/07\/Pro-Carton-Award-sponsor-logos-2-01-300x300.jpg\" alt='' title='Pro Carton Award-Sponsorenlogos 2-01'  itemprop=\"thumbnailUrl\" srcset=\"https:\/\/www.procarton.com\/wp-content\/uploads\/2025\/07\/Pro-Carton-Award-sponsor-logos-2-01-300x300.jpg 300w, https:\/\/www.procarton.com\/wp-content\/uploads\/2025\/07\/Pro-Carton-Award-sponsor-logos-2-01-80x80.jpg 80w, https:\/\/www.procarton.com\/wp-content\/uploads\/2025\/07\/Pro-Carton-Award-sponsor-logos-2-01-12x12.jpg 12w, https:\/\/www.procarton.com\/wp-content\/uploads\/2025\/07\/Pro-Carton-Award-sponsor-logos-2-01-36x36.jpg 36w, https:\/\/www.procarton.com\/wp-content\/uploads\/2025\/07\/Pro-Carton-Award-sponsor-logos-2-01-180x180.jpg 180w, https:\/\/www.procarton.com\/wp-content\/uploads\/2025\/07\/Pro-Carton-Award-sponsor-logos-2-01.jpg 417w\" sizes=\"(max-width: 300px) 100vw, 300px\" \/><\/div>\n<\/div>\n<\/div>\n<\/div>\n<\/div>\n<div class=\"flex_cell no_margin av_one_third  avia-builder-el-64  el_after_av_cell_one_third  el_before_av_cell_one_third\"  style='height:50px; min-height:50px;vertical-align:middle; padding:30px; ' >\n<div class='flex_cell_inner' >\n<div  class='avia-image-container  av-styling-    avia-builder-el-65  avia-builder-el-no-sibling  avia-align-center'  itemprop=\"image\" itemscope=\"itemscope\" itemtype=\"https:\/\/schema.org\/ImageObject\"  >\n<div class='avia-image-container-inner'>\n<div class='avia-image-overlay-wrap'><img decoding=\"async\" width=\"300\" height=\"300\" class='wp-image-305272 avia-img-lazy-loading-not-305272 avia_image' src=\"https:\/\/www.procarton.com\/wp-content\/uploads\/2025\/07\/Pro-Carton-Award-sponsor-logos-2-02-1-300x300.jpg\" alt='' title='Pro Carton Award-Sponsorenlogos 2-02'  itemprop=\"thumbnailUrl\" srcset=\"https:\/\/www.procarton.com\/wp-content\/uploads\/2025\/07\/Pro-Carton-Award-sponsor-logos-2-02-1-300x300.jpg 300w, https:\/\/www.procarton.com\/wp-content\/uploads\/2025\/07\/Pro-Carton-Award-sponsor-logos-2-02-1-80x80.jpg 80w, https:\/\/www.procarton.com\/wp-content\/uploads\/2025\/07\/Pro-Carton-Award-sponsor-logos-2-02-1-12x12.jpg 12w, https:\/\/www.procarton.com\/wp-content\/uploads\/2025\/07\/Pro-Carton-Award-sponsor-logos-2-02-1-36x36.jpg 36w, https:\/\/www.procarton.com\/wp-content\/uploads\/2025\/07\/Pro-Carton-Award-sponsor-logos-2-02-1-180x180.jpg 180w, https:\/\/www.procarton.com\/wp-content\/uploads\/2025\/07\/Pro-Carton-Award-sponsor-logos-2-02-1.jpg 417w\" sizes=\"(max-width: 300px) 100vw, 300px\" \/><\/div>\n<\/div>\n<\/div>\n<\/div>\n<\/div>\n<div class=\"flex_cell no_margin av_one_third  avia-builder-el-66  el_after_av_cell_one_third  avia-builder-el-last\"  style='height:50px; min-height:50px;vertical-align:middle; padding:30px; ' >\n<div class='flex_cell_inner' ><\/div>\n<\/div>\n<\/div>","protected":false},"excerpt":{"rendered":"<p>Einzelheiten zu den European Carton Excellence Award 2024-Juroren, die die Schachtel des Jahres und die Shortlist-Einreichungen f\u00fcr die Publikumsabstimmung ausw\u00e4hlen<\/p>","protected":false},"author":5773,"featured_media":299812,"parent":300259,"menu_order":9,"comment_status":"closed","ping_status":"closed","template":"templates\/award_details_page.php","meta":{"inline_featured_image":false,"footnotes":""},"class_list":["post-304998","page","type-page","status-publish","has-post-thumbnail","hentry"],"yoast_head":"<!-- This site is optimized with the Yoast SEO plugin v27.5 - https:\/\/yoast.com\/product\/yoast-seo-wordpress\/ -->\n<title>Sponsors 2025 - Pro Carton<\/title>\n<meta name=\"description\" content=\"Details of the European Carton Excellence Award 2024 Judges who choose the Carton of the Year and Shortlist Entries for the Public Vote\" \/>\n<meta name=\"robots\" content=\"index, follow, max-snippet:-1, max-image-preview:large, max-video-preview:-1\" \/>\n<link rel=\"canonical\" href=\"https:\/\/www.procarton.com\/de\/awards\/pro-carton-young-designers-award\/2025-2\/sponsors-2025\/\" \/>\n<meta property=\"og:locale\" content=\"de_DE\" \/>\n<meta property=\"og:type\" content=\"article\" \/>\n<meta property=\"og:title\" content=\"Sponsors 2025 - Pro Carton\" \/>\n<meta property=\"og:description\" content=\"Details of the European Carton Excellence Award 2024 Judges who choose the Carton of the Year and Shortlist Entries for the Public Vote\" \/>\n<meta property=\"og:url\" content=\"https:\/\/www.procarton.com\/de\/awards\/pro-carton-young-designers-award\/2025-2\/sponsors-2025\/\" \/>\n<meta property=\"og:site_name\" content=\"Pro Carton\" \/>\n<meta property=\"article:publisher\" content=\"https:\/\/www.facebook.com\/procartondesignaward\/\" \/>\n<meta property=\"article:modified_time\" content=\"2025-08-12T11:11:39+00:00\" \/>\n<meta property=\"og:image\" content=\"https:\/\/www.procarton.com\/wp-content\/uploads\/2024\/10\/ecma_gala_19-09-2024_rk_44-1-1030x685.jpg\" \/>\n\t<meta property=\"og:image:width\" content=\"1030\" \/>\n\t<meta property=\"og:image:height\" content=\"685\" \/>\n\t<meta property=\"og:image:type\" content=\"image\/jpeg\" \/>\n<meta name=\"twitter:card\" content=\"summary_large_image\" \/>\n<meta name=\"twitter:site\" content=\"@pro_carton\" \/>\n<meta name=\"twitter:label1\" content=\"Gesch\u00e4tzte Lesezeit\" \/>\n\t<meta name=\"twitter:data1\" content=\"13\u00a0Minuten\" \/>\n<script type=\"application\/ld+json\" class=\"yoast-schema-graph\">{\"@context\":\"https:\\\/\\\/schema.org\",\"@graph\":[{\"@type\":\"WebPage\",\"@id\":\"https:\\\/\\\/www.procarton.com\\\/awards\\\/pro-carton-young-designers-award\\\/2025-2\\\/sponsors-2025\\\/\",\"url\":\"https:\\\/\\\/www.procarton.com\\\/awards\\\/pro-carton-young-designers-award\\\/2025-2\\\/sponsors-2025\\\/\",\"name\":\"Sponsors 2025 - Pro Carton\",\"isPartOf\":{\"@id\":\"https:\\\/\\\/www.procarton.com\\\/es\\\/#website\"},\"primaryImageOfPage\":{\"@id\":\"https:\\\/\\\/www.procarton.com\\\/awards\\\/pro-carton-young-designers-award\\\/2025-2\\\/sponsors-2025\\\/#primaryimage\"},\"image\":{\"@id\":\"https:\\\/\\\/www.procarton.com\\\/awards\\\/pro-carton-young-designers-award\\\/2025-2\\\/sponsors-2025\\\/#primaryimage\"},\"thumbnailUrl\":\"https:\\\/\\\/www.procarton.com\\\/wp-content\\\/uploads\\\/2024\\\/10\\\/ecma_gala_19-09-2024_rk_44-1.jpg\",\"datePublished\":\"2025-07-17T10:27:43+00:00\",\"dateModified\":\"2025-08-12T11:11:39+00:00\",\"description\":\"Details of the European Carton Excellence Award 2024 Judges who choose the Carton of the Year and Shortlist Entries for the Public Vote\",\"breadcrumb\":{\"@id\":\"https:\\\/\\\/www.procarton.com\\\/awards\\\/pro-carton-young-designers-award\\\/2025-2\\\/sponsors-2025\\\/#breadcrumb\"},\"inLanguage\":\"de\",\"potentialAction\":[{\"@type\":\"ReadAction\",\"target\":[\"https:\\\/\\\/www.procarton.com\\\/awards\\\/pro-carton-young-designers-award\\\/2025-2\\\/sponsors-2025\\\/\"]}]},{\"@type\":\"ImageObject\",\"inLanguage\":\"de\",\"@id\":\"https:\\\/\\\/www.procarton.com\\\/awards\\\/pro-carton-young-designers-award\\\/2025-2\\\/sponsors-2025\\\/#primaryimage\",\"url\":\"https:\\\/\\\/www.procarton.com\\\/wp-content\\\/uploads\\\/2024\\\/10\\\/ecma_gala_19-09-2024_rk_44-1.jpg\",\"contentUrl\":\"https:\\\/\\\/www.procarton.com\\\/wp-content\\\/uploads\\\/2024\\\/10\\\/ecma_gala_19-09-2024_rk_44-1.jpg\",\"width\":2048,\"height\":1363,\"caption\":\"WWW.RADOSLAWKAZMIERCZAK.COM\"},{\"@type\":\"BreadcrumbList\",\"@id\":\"https:\\\/\\\/www.procarton.com\\\/awards\\\/pro-carton-young-designers-award\\\/2025-2\\\/sponsors-2025\\\/#breadcrumb\",\"itemListElement\":[{\"@type\":\"ListItem\",\"position\":1,\"name\":\"Home\",\"item\":\"https:\\\/\\\/www.procarton.com\\\/\"},{\"@type\":\"ListItem\",\"position\":2,\"name\":\"Awards\",\"item\":\"https:\\\/\\\/www.procarton.com\\\/awards\\\/\"},{\"@type\":\"ListItem\",\"position\":3,\"name\":\"Pro Carton Young Designers Award\",\"item\":\"https:\\\/\\\/www.procarton.com\\\/awards\\\/pro-carton-young-designers-award\\\/\"},{\"@type\":\"ListItem\",\"position\":4,\"name\":\"2025\",\"item\":\"https:\\\/\\\/www.procarton.com\\\/awards\\\/pro-carton-young-designers-award\\\/2025-2\\\/\"},{\"@type\":\"ListItem\",\"position\":5,\"name\":\"Sponsors 2025\"}]},{\"@type\":\"WebSite\",\"@id\":\"https:\\\/\\\/www.procarton.com\\\/es\\\/#website\",\"url\":\"https:\\\/\\\/www.procarton.com\\\/es\\\/\",\"name\":\"Pro Carton\",\"description\":\"\",\"publisher\":{\"@id\":\"https:\\\/\\\/www.procarton.com\\\/es\\\/#organization\"},\"potentialAction\":[{\"@type\":\"SearchAction\",\"target\":{\"@type\":\"EntryPoint\",\"urlTemplate\":\"https:\\\/\\\/www.procarton.com\\\/es\\\/?s={search_term_string}\"},\"query-input\":{\"@type\":\"PropertyValueSpecification\",\"valueRequired\":true,\"valueName\":\"search_term_string\"}}],\"inLanguage\":\"de\"},{\"@type\":\"Organization\",\"@id\":\"https:\\\/\\\/www.procarton.com\\\/es\\\/#organization\",\"name\":\"ProCarton\",\"url\":\"https:\\\/\\\/www.procarton.com\\\/es\\\/\",\"logo\":{\"@type\":\"ImageObject\",\"inLanguage\":\"de\",\"@id\":\"https:\\\/\\\/www.procarton.com\\\/es\\\/#\\\/schema\\\/logo\\\/image\\\/\",\"url\":\"https:\\\/\\\/www.procarton.com\\\/wp-content\\\/uploads\\\/2022\\\/06\\\/logo-mit-slogan.jpg\",\"contentUrl\":\"https:\\\/\\\/www.procarton.com\\\/wp-content\\\/uploads\\\/2022\\\/06\\\/logo-mit-slogan.jpg\",\"width\":422,\"height\":519,\"caption\":\"ProCarton\"},\"image\":{\"@id\":\"https:\\\/\\\/www.procarton.com\\\/es\\\/#\\\/schema\\\/logo\\\/image\\\/\"},\"sameAs\":[\"https:\\\/\\\/www.facebook.com\\\/procartondesignaward\\\/\",\"https:\\\/\\\/x.com\\\/pro_carton\"]}]}<\/script>\n<!-- \/ Yoast SEO plugin. -->","yoast_head_json":{"title":"F\u00f6rderer 2025 - Pro Carton","description":"Einzelheiten zu den European Carton Excellence Award 2024-Juroren, die die Schachtel des Jahres und die Shortlist-Einreichungen f\u00fcr die Publikumsabstimmung ausw\u00e4hlen","robots":{"index":"index","follow":"follow","max-snippet":"max-snippet:-1","max-image-preview":"max-image-preview:large","max-video-preview":"max-video-preview:-1"},"canonical":"https:\/\/www.procarton.com\/de\/awards\/pro-carton-young-designers-award\/2025-2\/sponsors-2025\/","og_locale":"de_DE","og_type":"article","og_title":"Sponsors 2025 - Pro Carton","og_description":"Details of the European Carton Excellence Award 2024 Judges who choose the Carton of the Year and Shortlist Entries for the Public Vote","og_url":"https:\/\/www.procarton.com\/de\/awards\/pro-carton-young-designers-award\/2025-2\/sponsors-2025\/","og_site_name":"Pro Carton","article_publisher":"https:\/\/www.facebook.com\/procartondesignaward\/","article_modified_time":"2025-08-12T11:11:39+00:00","og_image":[{"width":1030,"height":685,"url":"https:\/\/www.procarton.com\/wp-content\/uploads\/2024\/10\/ecma_gala_19-09-2024_rk_44-1-1030x685.jpg","type":"image\/jpeg"}],"twitter_card":"summary_large_image","twitter_site":"@pro_carton","twitter_misc":{"Gesch\u00e4tzte Lesezeit":"13\u00a0Minuten"},"schema":{"@context":"https:\/\/schema.org","@graph":[{"@type":"WebPage","@id":"https:\/\/www.procarton.com\/awards\/pro-carton-young-designers-award\/2025-2\/sponsors-2025\/","url":"https:\/\/www.procarton.com\/awards\/pro-carton-young-designers-award\/2025-2\/sponsors-2025\/","name":"F\u00f6rderer 2025 - Pro Carton","isPartOf":{"@id":"https:\/\/www.procarton.com\/es\/#website"},"primaryImageOfPage":{"@id":"https:\/\/www.procarton.com\/awards\/pro-carton-young-designers-award\/2025-2\/sponsors-2025\/#primaryimage"},"image":{"@id":"https:\/\/www.procarton.com\/awards\/pro-carton-young-designers-award\/2025-2\/sponsors-2025\/#primaryimage"},"thumbnailUrl":"https:\/\/www.procarton.com\/wp-content\/uploads\/2024\/10\/ecma_gala_19-09-2024_rk_44-1.jpg","datePublished":"2025-07-17T10:27:43+00:00","dateModified":"2025-08-12T11:11:39+00:00","description":"Einzelheiten zu den European Carton Excellence Award 2024-Juroren, die die Schachtel des Jahres und die Shortlist-Einreichungen f\u00fcr die Publikumsabstimmung ausw\u00e4hlen","breadcrumb":{"@id":"https:\/\/www.procarton.com\/awards\/pro-carton-young-designers-award\/2025-2\/sponsors-2025\/#breadcrumb"},"inLanguage":"de","potentialAction":[{"@type":"ReadAction","target":["https:\/\/www.procarton.com\/awards\/pro-carton-young-designers-award\/2025-2\/sponsors-2025\/"]}]},{"@type":"ImageObject","inLanguage":"de","@id":"https:\/\/www.procarton.com\/awards\/pro-carton-young-designers-award\/2025-2\/sponsors-2025\/#primaryimage","url":"https:\/\/www.procarton.com\/wp-content\/uploads\/2024\/10\/ecma_gala_19-09-2024_rk_44-1.jpg","contentUrl":"https:\/\/www.procarton.com\/wp-content\/uploads\/2024\/10\/ecma_gala_19-09-2024_rk_44-1.jpg","width":2048,"height":1363,"caption":"WWW.RADOSLAWKAZMIERCZAK.COM"},{"@type":"BreadcrumbList","@id":"https:\/\/www.procarton.com\/awards\/pro-carton-young-designers-award\/2025-2\/sponsors-2025\/#breadcrumb","itemListElement":[{"@type":"ListItem","position":1,"name":"Home","item":"https:\/\/www.procarton.com\/"},{"@type":"ListItem","position":2,"name":"Awards","item":"https:\/\/www.procarton.com\/awards\/"},{"@type":"ListItem","position":3,"name":"Pro Carton Young Designers Award","item":"https:\/\/www.procarton.com\/awards\/pro-carton-young-designers-award\/"},{"@type":"ListItem","position":4,"name":"2025","item":"https:\/\/www.procarton.com\/awards\/pro-carton-young-designers-award\/2025-2\/"},{"@type":"ListItem","position":5,"name":"Sponsors 2025"}]},{"@type":"WebSite","@id":"https:\/\/www.procarton.com\/es\/#website","url":"https:\/\/www.procarton.com\/es\/","name":"Pro Carton","description":"","publisher":{"@id":"https:\/\/www.procarton.com\/es\/#organization"},"potentialAction":[{"@type":"SearchAction","target":{"@type":"EntryPoint","urlTemplate":"https:\/\/www.procarton.com\/es\/?s={search_term_string}"},"query-input":{"@type":"PropertyValueSpecification","valueRequired":true,"valueName":"search_term_string"}}],"inLanguage":"de"},{"@type":"Organization","@id":"https:\/\/www.procarton.com\/es\/#organization","name":"ProCarton","url":"https:\/\/www.procarton.com\/es\/","logo":{"@type":"ImageObject","inLanguage":"de","@id":"https:\/\/www.procarton.com\/es\/#\/schema\/logo\/image\/","url":"https:\/\/www.procarton.com\/wp-content\/uploads\/2022\/06\/logo-mit-slogan.jpg","contentUrl":"https:\/\/www.procarton.com\/wp-content\/uploads\/2022\/06\/logo-mit-slogan.jpg","width":422,"height":519,"caption":"ProCarton"},"image":{"@id":"https:\/\/www.procarton.com\/es\/#\/schema\/logo\/image\/"},"sameAs":["https:\/\/www.facebook.com\/procartondesignaward\/","https:\/\/x.com\/pro_carton"]}]}},"_links":{"self":[{"href":"https:\/\/www.procarton.com\/de\/wp-json\/wp\/v2\/pages\/304998","targetHints":{"allow":["GET"]}}],"collection":[{"href":"https:\/\/www.procarton.com\/de\/wp-json\/wp\/v2\/pages"}],"about":[{"href":"https:\/\/www.procarton.com\/de\/wp-json\/wp\/v2\/types\/page"}],"author":[{"embeddable":true,"href":"https:\/\/www.procarton.com\/de\/wp-json\/wp\/v2\/users\/5773"}],"replies":[{"embeddable":true,"href":"https:\/\/www.procarton.com\/de\/wp-json\/wp\/v2\/comments?post=304998"}],"version-history":[{"count":25,"href":"https:\/\/www.procarton.com\/de\/wp-json\/wp\/v2\/pages\/304998\/revisions"}],"predecessor-version":[{"id":308009,"href":"https:\/\/www.procarton.com\/de\/wp-json\/wp\/v2\/pages\/304998\/revisions\/308009"}],"up":[{"embeddable":true,"href":"https:\/\/www.procarton.com\/de\/wp-json\/wp\/v2\/pages\/300259"}],"wp:featuredmedia":[{"embeddable":true,"href":"https:\/\/www.procarton.com\/de\/wp-json\/wp\/v2\/media\/299812"}],"wp:attachment":[{"href":"https:\/\/www.procarton.com\/de\/wp-json\/wp\/v2\/media?parent=304998"}],"curies":[{"name":"wp","href":"https:\/\/api.w.org\/{rel}","templated":true}]}}