{"id":258275,"date":"2021-03-12T10:33:59","date_gmt":"2021-03-12T10:33:59","guid":{"rendered":"https:\/\/www.procarton.com\/awards\/european-carton-excellence-award\/2015\/"},"modified":"2022-03-31T22:55:41","modified_gmt":"2022-03-31T21:55:41","slug":"2015-2","status":"publish","type":"page","link":"https:\/\/www.procarton.com\/de\/awards\/european-carton-excellence-award\/2015-2\/","title":{"rendered":"2015"},"content":{"rendered":"<div class=\"av-animated-generic top-to-bottom flex_column av_two_third  flex_column_div av-zero-column-padding first  avia-builder-el-0  el_before_av_one_third  avia-builder-el-first\" style='border-radius:0px; '><section class=\"av_textblock_section\"  itemscope=\"itemscope\" itemtype=\"https:\/\/schema.org\/CreativeWork\" ><div class='avia_textblock'   itemprop=\"text\" ><h3 class=\"wp-block-heading\">Einf\u00fchrung<\/h3>\n<p>\u00dcber einhundert Einreichungen von herausragender Qualit\u00e4t kennzeichneten die diesj\u00e4hrige Pro Carton ECMA Award. Der Fokus lag auf der einzigartigen Nachhaltigkeit von Karton: Zahlreiche innovative Konzepte besch\u00e4ftigten sich mit der Frage, wie Karton andere Materialien ersetzen kann, um nachhaltigere Verpackungsl\u00f6sungen f\u00fcr die Zukunft zu finden.<\/p>\n<p>Die eingereichten Kartons \u00fcberzeugten durch ihren ganzheitlichen Ansatz in Design und Marketing. Besonders beeindruckt war die Jury von den Neuentwicklungen im strukturellen Design, die neue Anwendungsbereiche und Marktsegmente erschlie\u00dfen. Immer mehr Verpackungen widmen sich auch dem interaktiven Handling!<\/p>\n<p>Die au\u00dfergew\u00f6hnliche Qualit\u00e4t der Bewerbungen machte der Jury die Entscheidung schwer. Wie immer wurden bei den Entscheidungen die verschiedenen Aspekte der Packaging Supply Chain ber\u00fccksichtigt: Satkar Gidda (Vorsitzender der Jury) war zusammen mit Susanne Lippitsch f\u00fcr Design und Marketing zust\u00e4ndig, Stan Akkermans (Mars) und Wilfried Duivenvoorden (Unilever) f\u00fcr die Marken, Lotte Krekels (Carrefour) f\u00fcr die Perspektiven des Einzelhandels und Peter Klein Sprokkelhorst beriet die Jury hinsichtlich der technischen Finessen der eingereichten Konzepte. Ihnen allen gilt unser gro\u00dfer Dank f\u00fcr ihren hervorragenden Beitrag!<\/p>\n<p>Ein umfangreiches PR- und Marketingpaket von Pro Carton wird wieder daf\u00fcr sorgen, dass die Fachmedien in ganz Europa und dar\u00fcber hinaus \u00fcber die Preistr\u00e4ger und Finalisten berichten. Das Award-Logo sowie Fotos und Texte stehen allen Preistr\u00e4gern und Finalisten f\u00fcr ihr eigenes Marketing zur Verf\u00fcgung. Die umfangreiche Brosch\u00fcre bietet Erfolgsgeschichten und zus\u00e4tzliche Informationen \u00fcber die Preistr\u00e4ger und Finalisten. Die preisgekr\u00f6nten Verpackungen sind wieder auf zahlreichen nationalen und internationalen Veranstaltungen in ganz Europa zu sehen und zu erleben.<\/p>\n<p>Am 10. September 2015 wurden die Preise in feierlichem Rahmen im Rahmen des ECMA-Kongresses in Bukarest verliehen. Wir m\u00f6chten uns bei allen Teilnehmern bedanken und hoffen, Sie bei der n\u00e4chsten Pro Carton ECMA Award wiederzusehen. Der Wettbewerb 2016 wird im Februar er\u00f6ffnet, der Einsendeschluss ist der 19. Mai. Im Vordergrund steht der Nachweis, dass Verpackungen aus Karton die besten L\u00f6sungen f\u00fcr die Zukunft bieten.<\/p>\n<p><em>Roland Rex, Pr\u00e4sident Pro Carton - Andreas Blaschke, Pr\u00e4sident ECMA<\/em><\/p>\n<\/div><\/section><\/div>\r\n<div class=\"av-animated-generic top-to-bottom flex_column av_one_third  flex_column_div av-zero-column-padding   avia-builder-el-2  el_after_av_two_third  avia-builder-el-last\" style='border-radius:0px; '><p><div  class='avia-image-container  av-styling-no-styling    avia-builder-el-3  el_before_av_hr  avia-builder-el-first  avia-align-center'  itemprop=\"image\" itemscope=\"itemscope\" itemtype=\"https:\/\/schema.org\/ImageObject\"  ><div class='avia-image-container-inner'><div class='avia-image-overlay-wrap'><img decoding=\"async\" width=\"111\" height=\"300\" class='wp-image-276485 avia-img-lazy-loading-not-276485 avia_image' src=\"https:\/\/www.procarton.com\/wp-content\/uploads\/2022\/03\/rr_ab_web-111x300.jpeg\" alt='' title='rr_ab_web'  itemprop=\"thumbnailUrl\" srcset=\"https:\/\/www.procarton.com\/wp-content\/uploads\/2022\/03\/rr_ab_web-111x300.jpeg 111w, https:\/\/www.procarton.com\/wp-content\/uploads\/2022\/03\/rr_ab_web-4x12.jpeg 4w, https:\/\/www.procarton.com\/wp-content\/uploads\/2022\/03\/rr_ab_web.jpeg 180w\" sizes=\"(max-width: 111px) 100vw, 111px\" \/><\/div><\/div><\/div><br \/>\n<div   class='hr hr-default   avia-builder-el-4  el_after_av_image  el_before_av_image'><span class='hr-inner' ><span class='hr-inner-style'><\/span><\/span><\/div><br \/>\n<div  class='avia-image-container  av-styling-no-styling    avia-builder-el-5  el_after_av_hr  el_before_av_button  avia-align-center'  itemprop=\"image\" itemscope=\"itemscope\" itemtype=\"https:\/\/schema.org\/ImageObject\"  ><div class='avia-image-container-inner'><div class='avia-image-overlay-wrap'><a href=\"https:\/\/www.procarton.com\/de\/publication\/pro-carton-ecma-award-2015\/\" class='avia_image' ><img decoding=\"async\" width=\"212\" height=\"300\" class='wp-image-256593 avia-img-lazy-loading-not-256593 avia_image' src=\"https:\/\/www.procarton.com\/wp-content\/uploads\/2021\/02\/Pro-Carton-ECMA-Award-2015-cover-212x300.jpg\" alt='' title='Pro Carton ECMA Award Broschu re 2015.qxp'  itemprop=\"thumbnailUrl\" srcset=\"https:\/\/www.procarton.com\/wp-content\/uploads\/2021\/02\/Pro-Carton-ECMA-Award-2015-cover-212x300.jpg 212w, https:\/\/www.procarton.com\/wp-content\/uploads\/2021\/02\/Pro-Carton-ECMA-Award-2015-cover-8x12.jpg 8w, https:\/\/www.procarton.com\/wp-content\/uploads\/2021\/02\/Pro-Carton-ECMA-Award-2015-cover-498x705.jpg 498w, https:\/\/www.procarton.com\/wp-content\/uploads\/2021\/02\/Pro-Carton-ECMA-Award-2015-cover.jpg 595w\" sizes=\"(max-width: 212px) 100vw, 212px\" \/><\/a><\/div><\/div><\/div><br \/>\n<div  class='avia-button-wrap avia-button-center  avia-builder-el-6  el_after_av_image  avia-builder-el-last' ><a href='https:\/\/www.procarton.com\/de\/publication\/pro-carton-ecma-award-2015\/'  class='avia-button av-icon-on-hover avia-color-theme-color   avia-icon_select-yes-left-icon avia-size-small avia-position-center'   ><span class='avia_button_icon avia_button_icon_left' aria-hidden='true' data-av_icon='\ue800' data-av_iconfont='entypo-fontello'><\/span><span class='avia_iconbox_title' >Brosch\u00fcre zur Auszeichnung herunterladen<\/span><\/a><\/div><\/p><\/div>","protected":false},"excerpt":{"rendered":"","protected":false},"author":1,"featured_media":258567,"parent":243707,"menu_order":12,"comment_status":"closed","ping_status":"closed","template":"templates\/award_details_page.php","meta":{"inline_featured_image":false,"footnotes":""},"class_list":["post-258275","page","type-page","status-publish","has-post-thumbnail","hentry"],"yoast_head":"<!-- This site is optimized with the Yoast SEO plugin v27.4 - https:\/\/yoast.com\/product\/yoast-seo-wordpress\/ -->\n<title>2015 - Pro Carton<\/title>\n<meta name=\"robots\" content=\"index, follow, max-snippet:-1, max-image-preview:large, max-video-preview:-1\" \/>\n<link rel=\"canonical\" href=\"https:\/\/www.procarton.com\/de\/awards\/european-carton-excellence-award\/2015-2\/\" \/>\n<meta property=\"og:locale\" content=\"de_DE\" \/>\n<meta property=\"og:type\" content=\"article\" \/>\n<meta property=\"og:title\" content=\"2015 - Pro Carton\" \/>\n<meta property=\"og:url\" content=\"https:\/\/www.procarton.com\/de\/awards\/european-carton-excellence-award\/2015-2\/\" \/>\n<meta property=\"og:site_name\" content=\"Pro Carton\" \/>\n<meta property=\"article:publisher\" content=\"https:\/\/www.facebook.com\/procartondesignaward\/\" \/>\n<meta property=\"article:modified_time\" content=\"2022-03-31T21:55:41+00:00\" \/>\n<meta property=\"og:image\" content=\"https:\/\/www.procarton.com\/wp-content\/uploads\/2021\/03\/award_general_2015.jpeg\" \/>\n\t<meta property=\"og:image:width\" content=\"940\" \/>\n\t<meta property=\"og:image:height\" content=\"338\" \/>\n\t<meta property=\"og:image:type\" content=\"image\/jpeg\" \/>\n<meta name=\"twitter:card\" content=\"summary_large_image\" \/>\n<meta name=\"twitter:site\" content=\"@pro_carton\" \/>\n<meta name=\"twitter:label1\" content=\"Gesch\u00e4tzte Lesezeit\" \/>\n\t<meta name=\"twitter:data1\" content=\"2\u00a0Minuten\" \/>\n<script type=\"application\/ld+json\" class=\"yoast-schema-graph\">{\"@context\":\"https:\\\/\\\/schema.org\",\"@graph\":[{\"@type\":\"WebPage\",\"@id\":\"https:\\\/\\\/www.procarton.com\\\/es\\\/awards\\\/european-carton-excellence-award\\\/2015-2\\\/\",\"url\":\"https:\\\/\\\/www.procarton.com\\\/es\\\/awards\\\/european-carton-excellence-award\\\/2015-2\\\/\",\"name\":\"2015 - Pro Carton\",\"isPartOf\":{\"@id\":\"https:\\\/\\\/www.procarton.com\\\/es\\\/#website\"},\"primaryImageOfPage\":{\"@id\":\"https:\\\/\\\/www.procarton.com\\\/es\\\/awards\\\/european-carton-excellence-award\\\/2015-2\\\/#primaryimage\"},\"image\":{\"@id\":\"https:\\\/\\\/www.procarton.com\\\/es\\\/awards\\\/european-carton-excellence-award\\\/2015-2\\\/#primaryimage\"},\"thumbnailUrl\":\"https:\\\/\\\/www.procarton.com\\\/wp-content\\\/uploads\\\/2021\\\/03\\\/award_general_2015.jpeg\",\"datePublished\":\"2021-03-12T10:33:59+00:00\",\"dateModified\":\"2022-03-31T21:55:41+00:00\",\"breadcrumb\":{\"@id\":\"https:\\\/\\\/www.procarton.com\\\/es\\\/awards\\\/european-carton-excellence-award\\\/2015-2\\\/#breadcrumb\"},\"inLanguage\":\"de\",\"potentialAction\":[{\"@type\":\"ReadAction\",\"target\":[\"https:\\\/\\\/www.procarton.com\\\/es\\\/awards\\\/european-carton-excellence-award\\\/2015-2\\\/\"]}]},{\"@type\":\"ImageObject\",\"inLanguage\":\"de\",\"@id\":\"https:\\\/\\\/www.procarton.com\\\/es\\\/awards\\\/european-carton-excellence-award\\\/2015-2\\\/#primaryimage\",\"url\":\"https:\\\/\\\/www.procarton.com\\\/wp-content\\\/uploads\\\/2021\\\/03\\\/award_general_2015.jpeg\",\"contentUrl\":\"https:\\\/\\\/www.procarton.com\\\/wp-content\\\/uploads\\\/2021\\\/03\\\/award_general_2015.jpeg\",\"width\":940,\"height\":338},{\"@type\":\"BreadcrumbList\",\"@id\":\"https:\\\/\\\/www.procarton.com\\\/es\\\/awards\\\/european-carton-excellence-award\\\/2015-2\\\/#breadcrumb\",\"itemListElement\":[{\"@type\":\"ListItem\",\"position\":1,\"name\":\"Home\",\"item\":\"https:\\\/\\\/www.procarton.com\\\/\"},{\"@type\":\"ListItem\",\"position\":2,\"name\":\"Awards\",\"item\":\"https:\\\/\\\/www.procarton.com\\\/awards\\\/\"},{\"@type\":\"ListItem\",\"position\":3,\"name\":\"European Carton Excellence Award\",\"item\":\"https:\\\/\\\/www.procarton.com\\\/awards\\\/european-carton-excellence-award\\\/\"},{\"@type\":\"ListItem\",\"position\":4,\"name\":\"2015\"}]},{\"@type\":\"WebSite\",\"@id\":\"https:\\\/\\\/www.procarton.com\\\/es\\\/#website\",\"url\":\"https:\\\/\\\/www.procarton.com\\\/es\\\/\",\"name\":\"Pro Carton\",\"description\":\"\",\"publisher\":{\"@id\":\"https:\\\/\\\/www.procarton.com\\\/es\\\/#organization\"},\"potentialAction\":[{\"@type\":\"SearchAction\",\"target\":{\"@type\":\"EntryPoint\",\"urlTemplate\":\"https:\\\/\\\/www.procarton.com\\\/es\\\/?s={search_term_string}\"},\"query-input\":{\"@type\":\"PropertyValueSpecification\",\"valueRequired\":true,\"valueName\":\"search_term_string\"}}],\"inLanguage\":\"de\"},{\"@type\":\"Organization\",\"@id\":\"https:\\\/\\\/www.procarton.com\\\/es\\\/#organization\",\"name\":\"ProCarton\",\"url\":\"https:\\\/\\\/www.procarton.com\\\/es\\\/\",\"logo\":{\"@type\":\"ImageObject\",\"inLanguage\":\"de\",\"@id\":\"https:\\\/\\\/www.procarton.com\\\/es\\\/#\\\/schema\\\/logo\\\/image\\\/\",\"url\":\"https:\\\/\\\/www.procarton.com\\\/wp-content\\\/uploads\\\/2022\\\/06\\\/logo-mit-slogan.jpg\",\"contentUrl\":\"https:\\\/\\\/www.procarton.com\\\/wp-content\\\/uploads\\\/2022\\\/06\\\/logo-mit-slogan.jpg\",\"width\":422,\"height\":519,\"caption\":\"ProCarton\"},\"image\":{\"@id\":\"https:\\\/\\\/www.procarton.com\\\/es\\\/#\\\/schema\\\/logo\\\/image\\\/\"},\"sameAs\":[\"https:\\\/\\\/www.facebook.com\\\/procartondesignaward\\\/\",\"https:\\\/\\\/x.com\\\/pro_carton\"]}]}<\/script>\n<!-- \/ Yoast SEO plugin. -->","yoast_head_json":{"title":"2015 - Profi-Karton","robots":{"index":"index","follow":"follow","max-snippet":"max-snippet:-1","max-image-preview":"max-image-preview:large","max-video-preview":"max-video-preview:-1"},"canonical":"https:\/\/www.procarton.com\/de\/awards\/european-carton-excellence-award\/2015-2\/","og_locale":"de_DE","og_type":"article","og_title":"2015 - Pro Carton","og_url":"https:\/\/www.procarton.com\/de\/awards\/european-carton-excellence-award\/2015-2\/","og_site_name":"Pro Carton","article_publisher":"https:\/\/www.facebook.com\/procartondesignaward\/","article_modified_time":"2022-03-31T21:55:41+00:00","og_image":[{"width":940,"height":338,"url":"https:\/\/www.procarton.com\/wp-content\/uploads\/2021\/03\/award_general_2015.jpeg","type":"image\/jpeg"}],"twitter_card":"summary_large_image","twitter_site":"@pro_carton","twitter_misc":{"Gesch\u00e4tzte Lesezeit":"2\u00a0Minuten"},"schema":{"@context":"https:\/\/schema.org","@graph":[{"@type":"WebPage","@id":"https:\/\/www.procarton.com\/es\/awards\/european-carton-excellence-award\/2015-2\/","url":"https:\/\/www.procarton.com\/es\/awards\/european-carton-excellence-award\/2015-2\/","name":"2015 - Profi-Karton","isPartOf":{"@id":"https:\/\/www.procarton.com\/es\/#website"},"primaryImageOfPage":{"@id":"https:\/\/www.procarton.com\/es\/awards\/european-carton-excellence-award\/2015-2\/#primaryimage"},"image":{"@id":"https:\/\/www.procarton.com\/es\/awards\/european-carton-excellence-award\/2015-2\/#primaryimage"},"thumbnailUrl":"https:\/\/www.procarton.com\/wp-content\/uploads\/2021\/03\/award_general_2015.jpeg","datePublished":"2021-03-12T10:33:59+00:00","dateModified":"2022-03-31T21:55:41+00:00","breadcrumb":{"@id":"https:\/\/www.procarton.com\/es\/awards\/european-carton-excellence-award\/2015-2\/#breadcrumb"},"inLanguage":"de","potentialAction":[{"@type":"ReadAction","target":["https:\/\/www.procarton.com\/es\/awards\/european-carton-excellence-award\/2015-2\/"]}]},{"@type":"ImageObject","inLanguage":"de","@id":"https:\/\/www.procarton.com\/es\/awards\/european-carton-excellence-award\/2015-2\/#primaryimage","url":"https:\/\/www.procarton.com\/wp-content\/uploads\/2021\/03\/award_general_2015.jpeg","contentUrl":"https:\/\/www.procarton.com\/wp-content\/uploads\/2021\/03\/award_general_2015.jpeg","width":940,"height":338},{"@type":"BreadcrumbList","@id":"https:\/\/www.procarton.com\/es\/awards\/european-carton-excellence-award\/2015-2\/#breadcrumb","itemListElement":[{"@type":"ListItem","position":1,"name":"Home","item":"https:\/\/www.procarton.com\/"},{"@type":"ListItem","position":2,"name":"Awards","item":"https:\/\/www.procarton.com\/awards\/"},{"@type":"ListItem","position":3,"name":"European Carton Excellence Award","item":"https:\/\/www.procarton.com\/awards\/european-carton-excellence-award\/"},{"@type":"ListItem","position":4,"name":"2015"}]},{"@type":"WebSite","@id":"https:\/\/www.procarton.com\/es\/#website","url":"https:\/\/www.procarton.com\/es\/","name":"Pro Carton","description":"","publisher":{"@id":"https:\/\/www.procarton.com\/es\/#organization"},"potentialAction":[{"@type":"SearchAction","target":{"@type":"EntryPoint","urlTemplate":"https:\/\/www.procarton.com\/es\/?s={search_term_string}"},"query-input":{"@type":"PropertyValueSpecification","valueRequired":true,"valueName":"search_term_string"}}],"inLanguage":"de"},{"@type":"Organization","@id":"https:\/\/www.procarton.com\/es\/#organization","name":"ProCarton","url":"https:\/\/www.procarton.com\/es\/","logo":{"@type":"ImageObject","inLanguage":"de","@id":"https:\/\/www.procarton.com\/es\/#\/schema\/logo\/image\/","url":"https:\/\/www.procarton.com\/wp-content\/uploads\/2022\/06\/logo-mit-slogan.jpg","contentUrl":"https:\/\/www.procarton.com\/wp-content\/uploads\/2022\/06\/logo-mit-slogan.jpg","width":422,"height":519,"caption":"ProCarton"},"image":{"@id":"https:\/\/www.procarton.com\/es\/#\/schema\/logo\/image\/"},"sameAs":["https:\/\/www.facebook.com\/procartondesignaward\/","https:\/\/x.com\/pro_carton"]}]}},"_links":{"self":[{"href":"https:\/\/www.procarton.com\/de\/wp-json\/wp\/v2\/pages\/258275","targetHints":{"allow":["GET"]}}],"collection":[{"href":"https:\/\/www.procarton.com\/de\/wp-json\/wp\/v2\/pages"}],"about":[{"href":"https:\/\/www.procarton.com\/de\/wp-json\/wp\/v2\/types\/page"}],"author":[{"embeddable":true,"href":"https:\/\/www.procarton.com\/de\/wp-json\/wp\/v2\/users\/1"}],"replies":[{"embeddable":true,"href":"https:\/\/www.procarton.com\/de\/wp-json\/wp\/v2\/comments?post=258275"}],"version-history":[{"count":5,"href":"https:\/\/www.procarton.com\/de\/wp-json\/wp\/v2\/pages\/258275\/revisions"}],"predecessor-version":[{"id":276489,"href":"https:\/\/www.procarton.com\/de\/wp-json\/wp\/v2\/pages\/258275\/revisions\/276489"}],"up":[{"embeddable":true,"href":"https:\/\/www.procarton.com\/de\/wp-json\/wp\/v2\/pages\/243707"}],"wp:featuredmedia":[{"embeddable":true,"href":"https:\/\/www.procarton.com\/de\/wp-json\/wp\/v2\/media\/258567"}],"wp:attachment":[{"href":"https:\/\/www.procarton.com\/de\/wp-json\/wp\/v2\/media?parent=258275"}],"curies":[{"name":"wp","href":"https:\/\/api.w.org\/{rel}","templated":true}]}}